{"id":717,"date":"2024-08-23T20:47:43","date_gmt":"2024-08-24T01:47:43","guid":{"rendered":"https:\/\/www.cal.org.pe\/v1\/?page_id=717"},"modified":"2026-04-17T19:39:44","modified_gmt":"2026-04-18T00:39:44","slug":"comite-electoral","status":"publish","type":"page","link":"https:\/\/www.cal.org.pe\/v1\/comite-electoral\/","title":{"rendered":"Comit\u00e9 Electoral"},"content":{"rendered":"\n\n\n\n\n<h2>Comit\u00e9 Electoral<\/h2>\n\n<h5>\u00abElecciones Justas, futuro claro: tu voz, tu decisi\u00f3n\u00bb<\/h5>\n\n<p [object NamedNodeMap]><\/p>\n\n\n\n\n\n\n\n\n<h4>Introducci\u00f3n<\/h4>\n\n<p><p class=\"md:pt-0 dark:border-white\/20 md:border-transparent md:dark:border-transparent w-full\"><p class=\"text-base px-3 md:px-4 m-auto md:px-5\"><p class=\"mx-auto flex flex-1 gap-4 text-base md:gap-5 lg:gap-6 md:max-w-3xl\"><form class=\"w-full\" type=\"button\" aria-haspopup=\"dialog\" aria-expanded=\"false\" aria-controls=\"radix-:r1:\" data-state=\"closed\"><p class=\"relative flex h-full max-w-full flex-1 flex-col\"><p class=\"absolute bottom-full left-0 right-0 z-20\"><p class=\"relative h-full w-full\"><p class=\"flex flex-col gap-3.5 pb-3.5 pt-2\"><p class=\"text-token-text-primary border-token-border-light bg-token-main-surface-primary flex w-full items-start gap-3 rounded-2xl border text-sm bg-opacity-10 px-3 py-2.5 md:p-4\"><div class=\"grow pt-[2px] pl-1\"><\/div><\/p><\/p><\/p><\/p><\/p><\/form><\/p><\/p><\/p><\/p><div class=\"flex-1 overflow-hidden\"><div class=\"h-full\"><div class=\"react-scroll-to-bottom--css-klxpa-79elbk h-full\"><div class=\"react-scroll-to-bottom--css-klxpa-1n7m0yu\"><div class=\"flex flex-col text-sm\"><article class=\"w-full text-token-text-primary focus-visible:outline-2 focus-visible:outline-offset-[-4px]\" dir=\"auto\" data-testid=\"conversation-turn-3\" data-scroll-anchor=\"true\"><div class=\"text-base py-[18px] px-3 md:px-4 m-auto md:px-5\"><div class=\"mx-auto flex flex-1 gap-4 text-base md:gap-5 lg:gap-6 md:max-w-3xl\"><div class=\"group\/conversation-turn relative flex w-full min-w-0 flex-col agent-turn\"><div class=\"flex-col gap-1 md:gap-3\"><div class=\"flex max-w-full flex-col flex-grow\"><div data-message-author-role=\"assistant\" data-message-id=\"b1a3bea2-fe9e-40d3-b67d-26a2a1f93b07\" dir=\"auto\" class=\"min-h-[20px] text-message flex w-full flex-col items-end gap-2 break-words [.text-message+&amp;]:mt-5 overflow-x-auto whitespace-normal\"><div class=\"flex w-full flex-col gap-1 empty:hidden first:pt-[3px]\"><div class=\"markdown prose w-full break-words dark:prose-invert light\"><p style=\"text-align: justify;\">La Oficina de Comit\u00e9 Electoral del Colegio de Abogados de Lima se encarga de organizar y supervisar los procesos electorales internos del colegio. Su labor incluye la planificaci\u00f3n y ejecuci\u00f3n de las elecciones para elegir a los miembros de la junta directiva y otros cargos relevantes del colegio. Adem\u00e1s, asegura que el proceso se lleve a cabo de acuerdo con los estatutos y reglamentos del colegio, promoviendo la transparencia y equidad en las votaciones. Esto puede involucrar la gesti\u00f3n de la inscripci\u00f3n de candidatos, la supervisi\u00f3n de la votaci\u00f3n y el conteo de votos, as\u00ed como la resoluci\u00f3n de cualquier disputa electoral que pueda surgir.<\/p><\/div\n\n\n\n\n\n\n\n\n\n\n\n\n\n<p>comite_electoral@colegiodeabogadosdelima.pe<br><\/p>\n\n\n\n\n\n\n\n\n\n<p>710-6625<br><\/p>\n\n\n\n\n\n<h5 style=\"color: rgb(0, 71, 178);\">Elecciones 2026<\/h5>\n\n\n\n\n<h4>S\u00e1bado 14 de marzo de 2026<\/h4>\n\n<B>ACTA DE COMPUTO GENERAL<\/B>\nDistribuci\u00f3n de mesas\nDesignaci\u00f3n de los MIEMBROS DE MESA\nLista de Candidatos a Decano (a)\nLista de Candidatos a Junta de Vigilancia\nLista de Candidatos a Delegados\nFE DE ERRATAS\nReglamento de elecciones\nCronograma de elecciones\nMiembros de mesa\n\n\n\n\n\n\n\nReglamento de elecciones\n\n\nSolicitud de inscripci\u00f3n a Decano y Junta Directiva\nSolicitud de inscripci\u00f3n Delegado a la Asamblea\nSolicitud de inscripci\u00f3n a Junta de Vigilancia\n\n\nPlanillon para Decano y Junta Directiva\nPlanillon para Delegado ante la Asamblea\nPlanillon para Junta de Vigilancia\n\n\na) Consentimiento para tratamiento de datos\nb) Hoja de vida\nc) Declaraci\u00f3n Jurada de no tener parentesco con personal que labore en el CAL hasta el cuarto grado de consanguineidad y segundo de afinidad\nd) Declaraci\u00f3n Jurada de no tener vinculo laboral bajo ninguna ninguna modalidad de contrataci\u00f3n y\/o prestaci\u00f3n de servicios con el CALcon el CAL\ne) Declaraci\u00f3n Jurada de compromiso a conducirme con honor, buena conducta\nf) Declaraci\u00f3n Jurada de no registrar deuda con el CAL,  de naturaleza civil, electoral o de cualquier otra \u00edndole.\ng) Declaraci\u00f3n Jurada de no tener procesos judiciales, arbitral, contencioso-administrativo, constitucional en tr\u00e1mite, pendiente contra el CAL\nh) Declaraci\u00f3n Jurada de no ejercer ante organismos p\u00fablicos y privados durante el per\u00edodo de gesti\u00f3n actual sea retribuido o ad honorem\ni) Declaraci\u00f3n Jurada de veracidad de los documentos presentados para la postulaci\u00f3n\nj) Declaraci\u00f3n Jurada de no contar con antecedentes penales y judiciales\nk) Declaraci\u00f3n Jurada de no tener sanci\u00f3n disciplinaria firme\n\n\n\n\n\n\n\n\n\n\n\n\n<h4>Domingo 15 de febrero de 2026<\/h4>\n\n<b>ACTA N\u00b0 006-2026-PEJNE\/CE-CAL &#8211; Sesi\u00f3n extraordinaria del 04 de marzo de 2026<\/b>\nACTA N\u00b0 005-2026-PEJNE\/CE-CAL &#8211; Sesi\u00f3n extraordinaria del 25 de febrero de 2026\nACTA N\u00b0 004-2026-PEJNE\/CE-CAL &#8211; Sesi\u00f3n extraordinaria del 23 de febrero de 2026\nACTA N\u00b0 002-2026-PEJNE\/CE-CAL &#8211; Sesi\u00f3n extraordinaria del 17 de febrero de 2026\nACTA DE INSTALACI\u00d3N, DESARROLLO Y ESCRUTINIO DEL PROCESO ELECTORAL\nReglamento de elecciones\nCronograma de elecciones\nDesignaci\u00f3n de los MIEMBROS DE MESA\nLista de candidatos INSCRITOS PROVISIONALMENTE\nActa de suscripci\u00f3n del pacto \u00e9tico\nActa de sorteo de n\u00fameros de Candidatos\n\n\n\n\n\n\nDr. David Miguel Dumet Delfin\nDr. Willy Ram\u00edrez Ch\u00e1varry\nDr. Jaime Elider Ch\u00e1vez S\u00e1nchez\nDr. Pedro Antonio Mart\u00ednez Letona\nDr. Roque Augusto Bravo Basald\u00faa\nDr. Miguel David Jim\u00e9nez Torres\nDr. Juan Carlos Otoniel Pardo Reyes\nDr. Jorge Antonio J\u00e1uregui Mendieta\nDr. Gunther Hern\u00e1n Gonz\u00e1les Barr\u00f3n\nDr. Milton Erick Guzm\u00e1n Guti\u00e9rrez\nDra. Tammy Lorena Quintanilla Zapata\n\n\n\n\n\n\n\n\n\n\n\nReglamento de elecciones\n\n\nSolicitud de Inscripci\u00f3n\na) Consentimiento para tratamiento de datos\nb) Hoja de vida\nc) Declaraci\u00f3n Jurada de no tener parentesco con personal que labore en el CAL hasta el cuarto grado de consanguineidad y segundo de afinidad\nd) Declaraci\u00f3n Jurada de no tener vinculo laboral bajo ninguna ninguna modalidad de contrataci\u00f3n y\/o prestaci\u00f3n de servicios con el CALcon el CAL\ne) Declaraci\u00f3n Jurada de compromiso a conducirme con honor, buena conducta\nf) Declaraci\u00f3n Jurada de no registrar deuda con el CAL,  de naturaleza civil, electoral o de cualquier otra \u00edndole.\ng) Declaraci\u00f3n Jurada de no tener procesos judiciales, arbitral, contencioso-administrativo, constitucional en tr\u00e1mite, pendiente contra el CAL\nh) Declaraci\u00f3n Jurada de no ejercer cargo alguno en el CAL\ni) Declaraci\u00f3n Jurada de veracidad de los documentos presentados para la postulaci\u00f3n\nj) Declaraci\u00f3n Jurada de no contar con antecedentes penales y judiciales\nk) Declaraci\u00f3n Jurada de no tener sanci\u00f3n disciplinaria firme\n\n\n\n\n\n\n\n\n\n\n<h5 style=\"color:black\">Acervo documentario<\/h5>\n\n\n\n\n\n\n<div style=\"position: relative; width: 100%; max-width: 1000px; margin: 0 auto;\">\n  <!-- Contenido base que est\u00e1 debajo -->\n  \n\n<p align=\"center\">\n<ul>\n<li style=\"text-align: left;\"><span style=\"font-size: 12px;\"><span style=\"color: #000000;\"><a style=\"color: #000000;\" href=\"https:\/\/www.cal.org.pe\/v1\/wp-content\/uploads\/2022\/10\/DISPENSA-MIEMBRO-MESA-2022.pdf\" target=\"_blank\" rel=\"noopener\"><strong>RELACI\u00d3N DE ABOGADOS QUE PRESENTARON DISPENSAS (ADMITIDAS Y NO ADMITIDAS) DE LOS PROCESOS ELECTORALES 2022 (VER AQU\u00cd)<\/strong><\/a><\/span> &#8211; <span style=\"color: #000000;\">Cuando abra el archivo para busqueda presionar tecla Ctrl y tecla F al mismo tiempo, digitar el registro CAL.<\/span><br>\n<\/span><\/li>\n<\/ul>\n<\/p>\n\n<li><span style=\"font-size: 12px;\"><a href=\"https:\/\/www.cal.org.pe\/v1\/wp-content\/uploads\/2022\/05\/Resolucion-No.-20-2022-CAL-CE.pdf\" target=\"_blank\" rel=\"noopener\">Resoluci\u00f3n No. 20-2022-CAL CE<\/a><\/span><\/li>\n<li><a href=\"https:\/\/www.cal.org.pe\/v1\/wp-content\/uploads\/2022\/04\/Comunicado-No.-025-2022-CE-CAL.pdf\" target=\"_blank\" rel=\"noopener\">Comunicado No. 025-2022 CE CAL<\/a><\/li>\n<li><a href=\"https:\/\/www.cal.org.pe\/v1\/wp-content\/uploads\/2022\/03\/RESULTADO-ELECCIONES-DE-JUNTA-DIRECTIVA.pdf\" target=\"_blank\" rel=\"noopener\">RESULTADO ELECCIONES DE JUNTA DIRECTIVA<\/a><\/li>\n<li><a href=\"https:\/\/www.cal.org.pe\/v1\/wp-content\/uploads\/2022\/03\/ACTA-DE-PROCLAMACION-DECANO.pdf\" target=\"_blank\" rel=\"noopener\">ACTA DE PROCLAMACI\u00d3N DECANO<\/a><\/li>\n<li><a href=\"https:\/\/www.cal.org.pe\/v1\/comunicado-n022-2022-ce-cal\/\" target=\"_blank\" rel=\"noopener\">Comunicado N\u00b0022-2022-CE-CAL<\/a><\/li>\n<li><a href=\"https:\/\/www.cal.org.pe\/v1\/comunicado-no-021-2022-ce-cal\/\" target=\"_blank\" rel=\"noopener\">Comunicado N\u00ba 021-2022-CE CAL<\/a><\/li>\n<li><a href=\"https:\/\/www.cal.org.pe\/v1\/comunicado-no-020-2022-ce-cal\/\" target=\"_blank\" rel=\"noopener\">Comunicado N\u00ba 020-2022-CE CAL<\/a><\/li>\n<li><a href=\"https:\/\/www.cal.org.pe\/v1\/comunicado-no-019-2022-ce-cal\/\" target=\"_blank\" rel=\"noopener\">Comunicado N\u00ba 019-2022-CE CAL<\/a><\/li>\n<li><a href=\"https:\/\/www.cal.org.pe\/v1\/wp-content\/uploads\/2022\/03\/RESOLUCION-No-019-2022-CAL-CE-1.pdf\" target=\"_blank\" rel=\"noopener\">RESOLUCI\u00d3N N\u00b0019-2022-CAL-CE<\/a><\/li>\n<li><a href=\"https:\/\/www.cal.org.pe\/v1\/wp-content\/uploads\/2022\/03\/RESOLUCION-No-018-2022-CAL-CE.pdf\" target=\"_blank\" rel=\"noopener\">RESOLUCI\u00d3N N\u00ba 018-2022-CAL CE<\/a><\/li>\n<li><a href=\"https:\/\/www.cal.org.pe\/v1\/comunicado-n18-2022-ce-cal\/\" target=\"_blank\" rel=\"noopener\">COMUNICADO N\u00b018-2022-CE-CAL<\/a><\/li>\n<li><a href=\"https:\/\/www.cal.org.pe\/v1\/wp-content\/uploads\/2022\/03\/Resolucion-No-017-2022-CE-CAL.pdf\" target=\"_blank\" rel=\"noopener\">RESOLUCI\u00d3N N\u00b017-2022-CE-CAL<\/a><\/li>\n<li><a href=\"https:\/\/www.cal.org.pe\/v1\/comunicado-n17-2022-ce-cal\/\" target=\"_blank\" rel=\"noopener\">COMUNICADO N\u00b017-2022-CE-CAL<\/a><\/li>\n<li><a href=\"https:\/\/www.cal.org.pe\/v1\/wp-content\/uploads\/2022\/03\/RESOLUCION-N152022-CE-CAL.pdf\" target=\"_blank\" rel=\"noopener\">RESOLUCI\u00d3N N\u00b015-2022-CE-CAL<\/a><\/li>\n<li style=\"text-align: left;\"><a href=\"https:\/\/www.cal.org.pe\/v1\/comunicado-n16-2022-ce-cal\/\" target=\"_blank\" rel=\"noopener\">COMUNICADO N\u00b016-2022-CE-CAL<\/a><\/li>\n<li><a href=\"https:\/\/www.cal.org.pe\/v1\/comunicado-n15-2022-ce-cal\/\" target=\"_blank\" rel=\"noopener\">COMUNICADO N\u00b015-2022-CE-CAL<\/a><\/li>\n<li><a href=\"https:\/\/www.cal.org.pe\/v1\/wp-content\/uploads\/2022\/03\/Resolucion-No-14-2022-CAL-CE.pdf\" target=\"_blank\" rel=\"noopener\">RESOLUCI\u00d3N N 14-2022-CE-CAL<\/a><\/li>\n<li><a href=\"https:\/\/www.cal.org.pe\/v1\/comunicado-n14-2022-ce-cal\/\" target=\"_blank\" rel=\"noopener\">COMUNICADO N\u00b014-2022-CE-CAL<\/a><\/li>\n<li><a href=\"https:\/\/www.cal.org.pe\/v1\/comunicado-n13-2022-ce-cal\/\" target=\"_blank\" rel=\"noopener\">COMUNICADO N\u00b013-2022-CE-CAL<\/a><\/li>\n<li><a href=\"https:\/\/www.cal.org.pe\/v1\/wp-content\/uploads\/2022\/03\/Resolucion-No-12-2022-CAL-CE.pdf\" target=\"_blank\" rel=\"noopener\">Resoluci\u00f3n N\u00ba 12-2022-CAL-CE<\/a><\/li>\n<li><a href=\"https:\/\/www.cal.org.pe\/v1\/comunicado-n011-2022-ce-cal\/\" target=\"_blank\" rel=\"noopener\">COMUNICADO N\u00b011-2022-CE-CAL<\/a><\/li>\n<li><a href=\"https:\/\/www.cal.org.pe\/v1\/wp-content\/uploads\/2022\/03\/CANDIDATOS-A-DELEGADOS-Y-MESAS-DE-SUFRAGIO-COMPLETAS.pdf\" target=\"_blank\" rel=\"noopener\">CANDIDATOS A DELEGADOS<\/a><\/li>\n<li><a href=\"https:\/\/www.cal.org.pe\/v1\/wp-content\/uploads\/2022\/03\/Acta-de-Proclamacion-miembro-del-JNE.pdf\" target=\"_blank\" rel=\"noopener\">Acta de Proclamaci\u00f3n miembro del JNE<\/a><\/li>\n<li><a href=\"https:\/\/www.cal.org.pe\/v1\/wp-content\/uploads\/2022\/02\/Hojas-d-Vida-Postulantes-a-Decanato.pdf\" target=\"_blank\" rel=\"noopener\">Hojas de Vida Postulantes a Decanato<\/a><\/li>\n<li><a href=\"https:\/\/www.cal.org.pe\/v1\/wp-content\/uploads\/2022\/02\/Hojas-de-Vida-Postulantes-a-Junta-de-Vigilancia.pdf\" target=\"_blank\" rel=\"noopener\">Hojas de Vida Postulantes a Junta de Vigilancia<\/a><\/li>\n<li><a href=\"https:\/\/www.cal.org.pe\/v1\/comunicado-n010-2022-ce-cal\/\" target=\"_blank\" rel=\"noopener\">COMUNICADO N\u00b0010-2022-CE-CAL<\/a><\/li>\n<li><a href=\"https:\/\/www.cal.org.pe\/v1\/wp-content\/uploads\/2022\/02\/Resolucion-No-011-2022-CALCE.pdf\" target=\"_blank\" rel=\"noopener\">RESOLUCI\u00d3N N\u00b0011-2022-CE\/CAL<\/a><\/li>\n<li><a href=\"https:\/\/www.cal.org.pe\/v1\/wp-content\/uploads\/2022\/02\/Mesas-de-sufragio.pdf\" target=\"_blank\" rel=\"noopener\">MESAS DE SUFRAGIO 27 FEBRERO 2022<\/a><\/li>\n<li><a href=\"https:\/\/www.cal.org.pe\/v1\/plano-de-distribucion-para-elecciones-representante-del-jne-27-febrero\/\" target=\"_blank\" rel=\"noopener\">PLANO DISTRIBUCI\u00d3N ELECCI\u00d3N REPRESENTANTE JNE<\/a><\/li>\n<li><a href=\"https:\/\/www.cal.org.pe\/v1\/wp-content\/uploads\/2022\/02\/COMUNICAD-No-09.pdf\" target=\"_blank\" rel=\"noopener\">COMUNICADO N\u00b009-2022-CE-CAL<\/a><\/li>\n<li><a href=\"https:\/\/www.cal.org.pe\/v1\/wp-content\/uploads\/2022\/02\/COMUNICADO-No-08.pdf\" target=\"_blank\" rel=\"noopener\">COMUNICADO N\u00b008-2022-CE-CAL<\/a><\/li>\n<li><a href=\"https:\/\/www.cal.org.pe\/v1\/wp-content\/uploads\/2022\/02\/Comunicad-No-07-2022-CE-CAL.pdf\" target=\"_blank\" rel=\"noopener\">COMUNICADO N\u00b007-2022-CE.-CAL<\/a><\/li>\n<li><a href=\"https:\/\/www.cal.org.pe\/v1\/wp-content\/uploads\/2022\/02\/Relacion-de-Candidatos-JVigilancia-y-Delegados-Ubicacion-en-cedula.pdf\" target=\"_blank\" rel=\"noopener\">RELACI\u00d3N DE CANDIDATOS ELECCI\u00d3N 05 MARZO 2022<\/a><\/li>\n<li><a href=\"https:\/\/www.cal.org.pe\/v1\/wp-content\/uploads\/2022\/02\/Resolucion-No-10-2022-CAL-CE.pdf\" target=\"_blank\" rel=\"noopener\">RESOLUCI\u00d3N N\u00b0010-2022-CAL-CE<\/a><\/li>\n<li><a href=\"https:\/\/www.cal.org.pe\/v1\/wp-content\/uploads\/2022\/02\/Documentos-postulantes.pdf\" target=\"_blank\" rel=\"noopener\">HOJA DE VIDA DE LOS CANDIDATOS AL JNE<\/a><\/li>\n<li><a href=\"https:\/\/www.cal.org.pe\/v1\/comunicado-n06-ce-cal\/\" target=\"_blank\" rel=\"noopener\">COMUNICADO N\u00b006-CE-CAL FECHA SORTEO DE CANDIDATOS JUNTA DIRECTIVA Y ESTAMENTOS<\/a><\/li>\n<li><a href=\"https:\/\/www.cal.org.pe\/v1\/wp-content\/uploads\/2022\/02\/Acta-de-Numeros-de-candidaturas-1.pdf\" target=\"_blank\" rel=\"noopener\">ACTA DE N\u00daMEROS DE CANDIDATOS AL JNE<\/a><\/li>\n<li><a href=\"https:\/\/www.cal.org.pe\/v1\/wp-content\/uploads\/2022\/02\/RELACION-NOMINAL-CAND.-DECANO-Y-SU-JUNTA-DIRECTIVA.pdf\" target=\"_blank\" rel=\"noopener\">RELACI\u00d3N DE POSTULANTES A JUNTA DIRECTIVA<\/a><\/li>\n<li><a href=\"https:\/\/www.cal.org.pe\/v1\/wp-content\/uploads\/2022\/02\/VOTO-EN-DISCORDIA-2.pdf\" target=\"_blank\" rel=\"noopener\">VOTO EN DISCORDIA<\/a><\/li>\n<li><a href=\"https:\/\/www.cal.org.pe\/v1\/wp-content\/uploads\/2022\/02\/RESOLUCION-N09-2022-CE-CAL.pdf\" target=\"_blank\" rel=\"noopener\">RESOLUCI\u00d3N N\u00b009-2022-CE-CAL<\/a><\/li>\n<li><a href=\"https:\/\/www.cal.org.pe\/v1\/wp-content\/uploads\/2022\/02\/Miembros-de-Mesa-para-Junta-Directiva-JV-Delegados.pdf\" target=\"_blank\" rel=\"noopener\">RELACI\u00d3N MIEMBROS DE MESA ELECCI\u00d3N JUNTA DIRECTIVA, JUNTA DE VIGILANCIA Y DELEGADOS<\/a><\/li>\n<li><a href=\"https:\/\/www.cal.org.pe\/v1\/wp-content\/uploads\/2022\/02\/Resolucion-No-08-2022-CE-CAL.pdf\" target=\"_blank\" rel=\"noopener\">Resoluci\u00f3n N\u00b008-2022-CE-CAL<\/a><\/li>\n<li><a href=\"https:\/\/www.cal.org.pe\/v1\/wp-content\/uploads\/2022\/02\/Resolucion-No-06-2022-CE-CAL.pdf\" target=\"_blank\" rel=\"noopener\">Resoluci\u00f3n N\u00ba 06-2022-CE-CAL<\/a><\/li>\n<li><a href=\"https:\/\/www.cal.org.pe\/v1\/wp-content\/uploads\/2022\/02\/Resolucion-No-05-2022-CE-CAL.pdf\" target=\"_blank\" rel=\"noopener\">Resoluci\u00f3n N\u00ba 05-2022-CE-CAL<\/a><\/li>\n<li><a href=\"https:\/\/www.cal.org.pe\/v1\/wp-content\/uploads\/2022\/02\/Miembros-de-Mesa.pdf\" target=\"_blank\" rel=\"noopener\">RELACI\u00d3N DE MIEMBROS DE MESA PARA ELECCI\u00d3N DE MIEMBRO DEL CAL ANTE EL JNE<\/a><\/li>\n<li><a href=\"https:\/\/www.cal.org.pe\/v1\/wp-content\/uploads\/2022\/02\/RESOLUCION-No-04-CAL-CE.pdf\" target=\"_blank\" rel=\"noopener\">RESOLUCI\u00d3N N\u00b004-CE-CAL<\/a><\/li>\n<li><a href=\"https:\/\/www.cal.org.pe\/v1\/wp-content\/uploads\/2022\/02\/CROQUIS-SAN-MARCOS.jpg\" target=\"_blank\" rel=\"noopener\">CROQUIS UNIVERSIDAD NACIONAL MAYOR DE SAN MARCOS<\/a><\/li>\n<li><a href=\"https:\/\/www.cal.org.pe\/v1\/cronograma-de-elecciones-2022-2023\/\" target=\"_blank\" rel=\"noopener\">CRONOGRAMA ELECCIONES 2022 &#8211; 2023<\/a><\/li>\n<li><a href=\"https:\/\/www.cal.org.pe\/v1\/comunicado-n05-2022-ce-cal\/\" target=\"_blank\" rel=\"noopener\">COMUNICADO N\u00b005-2022-CE-CAL<\/a><\/li>\n<li><a href=\"https:\/\/www.cal.org.pe\/v1\/wp-content\/uploads\/2022\/02\/RESOLUCION-CE-003-2022.pdf\" target=\"_blank\" rel=\"noopener\">RESOLUCI\u00d3N N\u00b003-2022-CE-CAL<\/a><\/li>\n<li><a href=\"https:\/\/www.cal.org.pe\/v1\/comunicado-n04-ce-cal\/\" target=\"_blank\" rel=\"noopener\">COMUNICADO N\u00b004-2022-CE-CAL<\/a><\/li>\n<li><a href=\"https:\/\/www.cal.org.pe\/v1\/wp-content\/uploads\/2022\/02\/RESOLUCION-02-2022-CE-CAL.pdf\" target=\"_blank\" rel=\"noopener\">RESOLUCI\u00d3N N\u00b002-2022-CE-CAL<\/a><\/li>\n<li><a href=\"https:\/\/www.cal.org.pe\/v1\/comunicado-n03-2022-ce-cal\/\" target=\"_blank\" rel=\"noopener\">COMUNICADO N\u00b003-CE-CAL<\/a><\/li>\n<li><a href=\"https:\/\/www.cal.org.pe\/v1\/wp-content\/uploads\/2022\/02\/Convocatoria.pdf\" target=\"_blank\" rel=\"noopener\">CONVOCATORIA ELECCIONES 2022-2023<\/a><\/li>\n<li><a href=\"https:\/\/www.cal.org.pe\/v1\/wp-content\/uploads\/2022\/02\/Cronograma.pdf\" target=\"_blank\" rel=\"noopener\">CRONOGRAMA<\/a><\/li>\n<li><a href=\"https:\/\/www.cal.org.pe\/v1\/wp-content\/uploads\/2022\/02\/Reglamento.pdf\" target=\"_blank\" rel=\"noopener\">REGLAMENTO<\/a><\/li>\n<br>\n<p><strong>FORMATOS<\/strong><\/p>\n\n<li><a href=\"https:\/\/www.cal.org.pe\/v1\/wp-content\/uploads\/2022\/02\/A.-Hoja-de-vida.pdf\" target=\"_blank\" rel=\"noopener\">Hoja de vida<\/a><\/li>\n<li><a href=\"https:\/\/www.cal.org.pe\/v1\/wp-content\/uploads\/2022\/02\/Aceptacion_de_Cargo.pdf\" target=\"_blank\" rel=\"noopener\">Aceptaci\u00f3n_de_Cargo<\/a><\/li>\n<li><a href=\"https:\/\/www.cal.org.pe\/v1\/wp-content\/uploads\/2022\/02\/B.-Declaracion-jurada-de-no-estar-sancionado-por-medida-disciplinaria.pdf\" target=\"_blank\" rel=\"noopener\">Declaraci\u00f3n jurada de no estar sancionado por medida disciplinaria<\/a><\/li>\n<li><a href=\"https:\/\/www.cal.org.pe\/v1\/wp-content\/uploads\/2022\/02\/C.-Declaracion-jurada-de-no-parentesco-con-personal-del-CAL.pdf\" target=\"_blank\" rel=\"noopener\">Declaraci\u00f3n jurada de no parentesco con personal del CAL<\/a><\/li>\n<li><a href=\"https:\/\/www.cal.org.pe\/v1\/wp-content\/uploads\/2022\/02\/Compromiso_Irrenunciabilidad.pdf\" target=\"_blank\" rel=\"noopener\">Compromiso Irrenunciabilidad<\/a><\/li>\n<li><a href=\"https:\/\/www.cal.org.pe\/v1\/wp-content\/uploads\/2022\/02\/D.-Declaracion-juraba-de-no-tener-vinculo-laboral-alguno-con-el-CAL.pdf\" target=\"_blank\" rel=\"noopener\">Declaraci\u00f3n juraba de no tener vinculo laboral alguno con el CAL<\/a><\/li>\n<li><a href=\"https:\/\/www.cal.org.pe\/v1\/wp-content\/uploads\/2022\/02\/E.-Declaracion-jurada-de-antecedentes-penales-policiales-y-judiciales.pdf\" target=\"_blank\" rel=\"noopener\">Declaraci\u00f3n jurada de antecedentes penales, policiales y judiciales<\/a><\/li>\n<li><a href=\"https:\/\/www.cal.org.pe\/v1\/wp-content\/uploads\/2022\/02\/Formato_Solicitud_Inscripcion_Delegados.pdf\" target=\"_blank\" rel=\"noopener\">Formato_Solicitud_Inscripci\u00f3n_Delegados<\/a><\/li>\n<li><a href=\"https:\/\/www.cal.org.pe\/v1\/wp-content\/uploads\/2022\/02\/Formato_Solicitud_Inscripcion_JNE.pdf\" target=\"_blank\" rel=\"noopener\">Formato_Solicitud_Inscripci\u00f3n_JNE<\/a><\/li>\n<li><a href=\"https:\/\/www.cal.org.pe\/v1\/wp-content\/uploads\/2022\/02\/Formato_Solicitud_Inscripcion_Junta_de_Vigilancia.pdf\" target=\"_blank\" rel=\"noopener\">Formato_Solicitud_Inscripci\u00f3n_Junta_de_Vigilancia<\/a><\/li>\n<li><a href=\"https:\/\/www.cal.org.pe\/v1\/wp-content\/uploads\/2022\/02\/Formato_Solicitud_Inscripcion_Junta_Directiva.pdf\" target=\"_blank\" rel=\"noopener\">Formato_Solicitud_Inscripci\u00f3n_Junta_Directiva<\/a><\/li>\n<li><a href=\"https:\/\/www.cal.org.pe\/v1\/wp-content\/uploads\/2022\/02\/Planillones_para_Delegado.pdf\" target=\"_blank\" rel=\"noopener\">Planillones_para_Delegado<\/a><\/li>\n<li><a href=\"https:\/\/www.cal.org.pe\/v1\/wp-content\/uploads\/2022\/02\/Planillones_para_Junta_de_Vigilancia.pdf\" target=\"_blank\" rel=\"noopener\">Planillones_para_Junta_de_Vigilancia<\/a><\/li>\n<li><a href=\"https:\/\/www.cal.org.pe\/v1\/wp-content\/uploads\/2022\/02\/Planillones_para_Junta_Directiva.pdf\" target=\"_blank\" rel=\"noopener\">Planillones_para_Junta_Directiva<\/a><\/li>\n\n<li><a href=\"https:\/\/www.cal.org.pe\/v1\/wp-content\/uploads\/2022\/01\/RESOLUCION-001-2022-CE-CAL.pdf\" target=\"_blank\" rel=\"noopener\">RESOLUCI\u00d3N 001-2022-CE CAL<\/a><\/li>\n<li><a href=\"https:\/\/www.cal.org.pe\/v1\/wp-content\/uploads\/2022\/01\/INFORME-LEGAL-001-2022-PCE-Analisis-de-Empresas-consultadas-del-Voto-Electronico.pdf\" target=\"_blank\" rel=\"noopener\">INFORME LEGAL 001-2022-PCE An\u00e1lisis de Empresas consultadas del Voto Electr\u00f3nico<\/a><\/li>\n<li><a href=\"https:\/\/www.cal.org.pe\/v1\/wp-content\/uploads\/2022\/01\/VOTO-EN-DISCORDIA-1.pdf\" target=\"_blank\" rel=\"noopener\">VOTO EN DISCORDIA<\/a><\/li>\n<li><a href=\"https:\/\/www.cal.org.pe\/v1\/wp-content\/uploads\/2022\/01\/ACTA-DE-INSTALACION-1.jpeg\" target=\"_blank\" rel=\"noopener\">ACTA DE INSTALACI\u00d3N DE COMIT\u00c9 ELECTORAL<\/a><\/li>\n<li><a href=\"https:\/\/www.cal.org.pe\/v1\/wp-content\/uploads\/2022\/01\/COMUNICADO-02-2022-CE-CAL-724x1024.jpg\" target=\"_blank\" rel=\"noopener\">COMUNICADO N\u00b002-2022-CE-CAL<\/a><\/li>\n<li><a href=\"https:\/\/www.cal.org.pe\/v1\/wp-content\/uploads\/2022\/01\/COMUNICADO-01-2022-CE-CAL-724x1024.jpg\" target=\"_blank\" rel=\"noopener\">COMUNICADO N\u00b001-2022-CE-CAL<\/a><\/li><li><br><\/li>\n\n<p><strong>2021<\/strong><\/p>\n\n\n\n<\/div>\n<div style=\"position: relative; width: 100%; max-width: 1000px; margin: 0 auto;\">\n\n<li><strong><\/strong><a href=\"https:\/\/www.cal.org.pe\/v1\/wp-content\/uploads\/2021\/08\/CARTA-207-2021-NESTOR-WALQUI-HINOJOSA-PUBLICACION-DEL-COMUNICADO-13-fusionado_2_Page_2.jpg\" target=\"_blank\" rel=\"noopener\" style=\"background-color: rgb(255, 255, 255); font-family: Montserrat;\">COMUNICADO N\u00b0013-CE-CAL<\/a><\/li>\n<li><a href=\"https:\/\/www.cal.org.pe\/v1\/wp-content\/uploads\/2021\/08\/RESOLUCION-008-2021-CAMBIO-DE-MODALIDAD-DE-VOTO-VENP-A-VOTO-PRESENCIAL.docx.pdf\" target=\"_blank\" rel=\"noopener\">RESOLUCI\u00d3N N\u00b0008-2021-CE-CAL<\/a><\/li>\n<li><a href=\"https:\/\/www.cal.org.pe\/v1\/wp-content\/uploads\/2021\/07\/CARTA-200-2021-NESTOR-WALQUI-HINOJOSA-PUBLICACION-DEL-COMUNICADO-12-fusionado_Page_2-1086x1536.jpg\" target=\"_blank\" rel=\"noopener\">COMUNICADO N\u00b0012-CE-CAL<\/a><\/li>\n<li><a href=\"https:\/\/www.cal.org.pe\/v1\/wp-content\/uploads\/2021\/07\/CARTA-198-2021-NESTOR-WALQUI-HINOJOSA-PUBLICACION-DEL-COMUNICADO-11-fusionado_Page_2-1086x1536.jpg\" target=\"_blank\" rel=\"noopener\">COMUNICADO N\u00b0011-CE-CAL<\/a><\/li>\n<li><a href=\"https:\/\/www.cal.org.pe\/v1\/wp-content\/uploads\/2021\/07\/COMUNICADO-No.-101.pdf\" target=\"_blank\" rel=\"noopener\">COMUNICADO N\u00b0010-CE-CAL<\/a><\/li>\n<li><a href=\"https:\/\/www.cal.org.pe\/v1\/wp-content\/uploads\/2021\/06\/CARTA-178-2021-NESTOR-WALQUI-HINOJOSA-PUBLICACION-DEL-COMUNICADO-9-fusionado-1.pdf\" target=\"_blank\" rel=\"noopener\">CARTA N\u00b0178- COMUNICADO 09<\/a><\/li>\n<li><a href=\"https:\/\/www.cal.org.pe\/v1\/wp-content\/uploads\/2021\/06\/CARTA-177-2021-NESTOR-WALQUI-HINOJOSA-PUBLICACION-DE-CARTA-175-2021-Y-OFICIO-009-CE-CAL-V2-fusionado.pdf\" target=\"_blank\" rel=\"noopener\">CARTA-177-2021<\/a><\/li>\n<li><a href=\"https:\/\/www.cal.org.pe\/v1\/wp-content\/uploads\/2021\/06\/CARTA-176-2021-NESTOR-WALQUI-HINOJOSA-LA-RESOLUCION-Na-07-MODIFICACION-DEL-REGLAMENTO-fusionado.pdf\" target=\"_blank\" rel=\"noopener\">CARTA-176-2021<\/a><\/li>\n<li><a href=\"https:\/\/www.cal.org.pe\/v1\/wp-content\/uploads\/2021\/04\/CARTA-157-2021-NESTOR-WALQUI-HINOJOSA-OBSERVACIONES-DE-ONPE-CARTA-000123-2021-GIEE-ONPE.pdf\" target=\"_blank\" rel=\"noopener\">CARTA 157 2021 OBSERVACIONES DE ONPE CARTA N\u00b0000123-2021-GIEE-ONPE<\/a><\/li>\n<li><a href=\"https:\/\/www.cal.org.pe\/v1\/wp-content\/uploads\/2021\/03\/LISTADEFINITIVADELOSCANDIDATOSYLAFIRMADELPACTOETICO17.03.2021.pdf\" target=\"_blank\" rel=\"noopener\">LISTA DEFINITIVA DE LOS CANDIDATOS Y LA FIRMA DEL PACTO \u00c9TICO<\/a><\/li>\n<li><a href=\"https:\/\/www.cal.org.pe\/v1\/wp-content\/uploads\/2021\/09\/RESOLUCION-007-2021-MODIFICACION-DEL-REGLAMENTO-V3-1.pdf\" target=\"_blank\" rel=\"noopener\">RESOLUCION 007-2021 -MODIFICACION DEL REGLAMENTO<\/a><\/li>\n<li><a href=\"https:\/\/www.cal.org.pe\/v1\/wp-content\/uploads\/2021\/03\/6.RESOLUCION06-2021-SUSPENSIONDESORTEODENUMERACIONMODIFICAVFNAL.pdf\" target=\"_blank\" rel=\"noopener\">RESOLUCI\u00d3N N\u00b006-2021 SUSPENSION DE SORTEO DE NUMERACI\u00d3N<\/a><\/li>\n<li><a href=\"https:\/\/www.cal.org.pe\/v1\/wp-content\/uploads\/2021\/02\/COMUNICADOSOBRELAONPENo.06..pdf\" target=\"_blank\" rel=\"noopener\">Comunicado N\u00b0006-CE-CAL<\/a><\/li>\n<li><a href=\"https:\/\/www.cal.org.pe\/v1\/wp-content\/uploads\/2021\/02\/LISTADEFINITIVADELOSCANDIDATOSYLAFIRMADELPACTOETICO18.02.2021.pdf\" target=\"_blank\" rel=\"noopener\">Lista Definitiva de Candidatos a Miembro del CAL ante el JNE<\/a><\/li>\n<li><a href=\"https:\/\/www.cal.org.pe\/v1\/wp-content\/uploads\/2021\/02\/RESOLUCION04-2021V17.02.03V2.pdf\" target=\"_blank\" rel=\"noopener\">Resoluci\u00f3n N\u00b0004-2021-CE-CAL\/PE<\/a><\/li>\n<li><a href=\"https:\/\/www.cal.org.pe\/v1\/wp-content\/uploads\/2021\/02\/PUBLICACION-DEL-COMUNICA-DEL-COMITE-ELECTORAL-N\u00b0-05_compressed1.pdf\" target=\"_blank\" rel=\"noopener\">Comunicado N\u00b0005-CE-CAL<\/a><\/li>\n<li><a href=\"https:\/\/www.cal.org.pe\/v1\/wp-content\/uploads\/2021\/02\/Resolucioinna-03.pdf\" target=\"_blank\" rel=\"noopener\">Resoluci\u00f3n N\u00b0003-2021-CAL-CEL\/PE &#8211; sobre su posible inscripci\u00f3n como candidata a Miembro del Jurado Nacional de Elecciones \u2013 JNEAbogada LOURDES CH\u00c1VEZ DUE\u00d1AS<\/a><\/li>\n<li><a href=\"https:\/\/www.cal.org.pe\/v1\/wp-content\/uploads\/2021\/02\/RespuestadelcomiteIelectoralalatacha.pdf\" target=\"_blank\" rel=\"noopener\">Resoluci\u00f3n N\u00b0002-2021-CAL-CEL\/PE &#8211; sobre la Tacha interpuesta por el Abogado JUAN EDUARDO PE\u00d1A FIGUEROA<\/a><\/li>\n<li><a href=\"https:\/\/www.cal.org.pe\/v1\/relacion-de-candidatos-provisionalmente-como-miembro-del-jne\/\" target=\"_blank\" rel=\"noopener\">Relaci\u00f3n Preliminar de Candidatos al JNE<\/a><\/li>\n<li><a href=\"https:\/\/www.cal.org.pe\/v1\/resolucion-01-2021-del-comite-electoral\/\" target=\"_blank\" rel=\"noopener\">Resoluci\u00f3n N\u00b001-2021-CE-CAL<\/a><\/li>\n<li><a href=\"https:\/\/www.cal.org.pe\/v1\/wp-content\/uploads\/2020\/06\/Carta-N\u00b0-082-2020-CE-CAL-SECRETARIO-GENERAL.pdf\" target=\"_blank\" rel=\"noopener\">Carta N\u00b0 082 &#8211; 2020 &#8211; CE &#8211; CAL &#8211; SECRETARIO GENERAL<\/a><\/li>\n<li><a href=\"https:\/\/www.cal.org.pe\/v1\/wp-content\/uploads\/2020\/06\/Carta-N\u00b0-083-2020-CE-CAL-DIRECTOR-DE-ECONOMIA.pdf\" target=\"_blank\" rel=\"noopener\">Carta N\u00b0 083 &#8211; 2020 &#8211; CE &#8211; CAL &#8211; DIRECTOR DE ECONOM\u00cdA<\/a><\/li>\n<li><a href=\"https:\/\/www.cal.org.pe\/v1\/wp-content\/uploads\/2020\/06\/Carta-N\u00b0-084-2020-CE-CAL-DECANA1.pdf\" target=\"_blank\" rel=\"noopener\">Carta N\u00b0 084 &#8211; 2020 &#8211; CE &#8211; CAL &#8211; DECANA<\/a><\/li>\n<li><a href=\"https:\/\/www.cal.org.pe\/v1\/wp-content\/uploads\/2020\/06\/RESOLUCION-030-2020-CAL-CEL-PE.pdf\" target=\"_blank\" rel=\"noopener\">Resoluci\u00f3n N\u00b0030-2020-CAL-CEL-PE<\/a><\/li>\n<li><a href=\"https:\/\/www.cal.org.pe\/v1\/wp-content\/uploads\/2020\/06\/CARTA-NOTARIAL-Y-OTROS.pdf\" target=\"_blank\" rel=\"noopener\">Carta Notarial<\/a><\/li>\n<li>\n<p class=\"entry-title\"><a href=\"https:\/\/www.cal.org.pe\/v1\/resolucion-s-n-2020-cel-pe\/\" target=\"_blank\" rel=\"noopener\">Resoluci\u00f3n S\/N-2020-CEL\/PE<\/a><\/p>\n<\/li>\n<li>\n<p class=\"entry-title\"><a href=\"https:\/\/www.cal.org.pe\/v1\/carta-no-011-2020-cel-cal\/\" target=\"_blank\" rel=\"noopener\">CARTA N\u00ba 011-2020-CEL-CAL<\/a><\/p>\n<\/li>\n<li><a href=\"https:\/\/www.cal.org.pe\/v1\/wp-content\/uploads\/2020\/02\/COMUNICADO_012_2020_CAL_CE.pdf\" target=\"_blank\" rel=\"noopener noreferrer\">COMUNICADO 012-2020 &#8211; CONVOCA A ELECCIONES A JUNTA DIRECTIVA Y DELEGADOS ANTE LA ASAMBLEA&nbsp;<\/a><\/li>\n<li><a href=\"https:\/\/www.cal.org.pe\/v1\/wp-content\/uploads\/2020\/02\/COMUNICADO_N011_2020_CE_CAL_1000.jpg\">COMUNICADO 011-2020 &#8211; CONVOCA A REUNION DE CANDIDATOS<\/a><\/li>\n<li><a href=\"https:\/\/www.cal.org.pe\/v1\/wp-content\/uploads\/2020\/01\/comunicado-n10-2020.jpg\">COMUNICADO 010-2020 &#8211; SUSPENSI\u00d3N DE PROCESO ELECTORAL SE\u00d1ALADO PARA EL D\u00cdA 01 DE FEBRERO DE 2020<\/a><\/li>\n<li><a href=\"https:\/\/www.cal.org.pe\/v1\/wp-content\/uploads\/2020\/01\/COMUNICADO_009_2020_CAL_CE.pdf\" target=\"_blank\" rel=\"noopener noreferrer\">COMUNICADO 009-2020 &#8211; El Comit\u00e9 Electoral Convoca a Candidatos a Delegados el D\u00eda S\u00e1bado 18 de Enero a las 10:00 horas (10:00 am).<\/a><\/li>\n<li><a href=\"https:\/\/www.cal.org.pe\/v1\/wp-content\/uploads\/2020\/01\/COMUNICADO_008_2020_CAL_CE.pdf\" target=\"_blank\" rel=\"noopener noreferrer\">COMUNICADO 008-2020 &#8211; El Comit\u00e9 Electoral Convoca a Candidatos a Junta Directiva y Junta de Vigilancia para el D\u00eda Viernes 17 de Enero a las 19:00 horas (7:00 pm).<\/a><\/li>\n<li><a href=\"https:\/\/www.cal.org.pe\/v1\/wp-content\/uploads\/2020\/01\/COMUNICADO_007_2020_CAL_CE.pdf\" target=\"_blank\" rel=\"noopener noreferrer\">COMUNICADO 007-2020 &#8211; El Comit\u00e9 Electoral Comunica la Reprogramaci\u00f3n de la Fecha de Elecci\u00f3n para el d\u00eda 01 de Febrero de 2020.<\/a><\/li>\n<li><a href=\"https:\/\/www.cal.org.pe\/v1\/wp-content\/uploads\/2020\/01\/COMUNICADO_006_2020_CAL_CE.pdf\" target=\"_blank\" rel=\"noopener noreferrer\">COMUNICADO 006-2020 &#8211; El Comit\u00e9 Electoral Informa que para cualquier Consulta puede Comunicarse a los siguientes Tel\u00e9fonos y Correos&nbsp;<\/a><\/li>\n<\/ul>\n\n<\/div>\n<h5 style=\"color:black;\">Elecciones 2019<\/h5>\n<div style=\"position: relative; width: 100%; max-width: 1000px; margin: 0 auto;\">\n\n\n<li><a href=\"https:\/\/www.cal.org.pe\/v1\/wp-content\/uploads\/2019\/12\/ACTA_INSTALACION_COMITE_ELECTORAL.pdf\" target=\"_blank\" rel=\"noopener noreferrer\">Acta de Instalaci\u00f3n del Comit\u00e9 electoral del CAL se\u00f1alado el d\u00eda 06 de diciembre de 2019<\/a><\/li>\n<li><a href=\"https:\/\/www.cal.org.pe\/v1\/wp-content\/uploads\/2019\/12\/Acta-de-Proclamacion-del-Comite-Electoral.pdf\" target=\"_blank\" rel=\"noopener noreferrer\">Acta de Proclamaci\u00f3n del Comit\u00e9 Electoral &#8211; Periodo 2020 &#8211; 2021 del Colegio de Abogados de Lima<\/a><\/li>\n<li><a href=\"https:\/\/www.cal.org.pe\/v1\/wp-content\/uploads\/2019\/12\/Resultados_delegados_ante_la_asmablea.pdf\" target=\"_blank\" rel=\"noopener noreferrer\">Resultados de Delegados Electos Ante la Asamblea<\/a><\/li>\n<li><a href=\"https:\/\/www.cal.org.pe\/v1\/wp-content\/uploads\/2019\/12\/comunicado-CE-diario.pdf\">COMUNICADO &#8211; SUSPENSI\u00d3N DE CRONOGRAMA ELECTORAL 2019<\/a><\/li>\n<li><a href=\"https:\/\/www.cal.org.pe\/v1\/wp-content\/uploads\/2019\/12\/38-2019.pdf\">COMUNICADO 38-2019 &#8211; FE DE ERRATAS<\/a><\/li>\n<li><a href=\"https:\/\/www.cal.org.pe\/v1\/wp-content\/uploads\/2019\/12\/37-2019.pdf\">COMUNICADO 37-2019 &#8211; MULTA A OMISOS<\/a><\/li>\n<li><a href=\"https:\/\/www.cal.org.pe\/v1\/wp-content\/uploads\/2019\/11\/COMUNICADO_32_2019_CAL_CE.pdf\" target=\"_blank\" rel=\"noopener noreferrer\">COMUNICADO 32-2019-CAL\/CE &#8211; Informa que el d\u00eda 30 de Noviembre se Habilitara Caja en el Colegio Guadalupe<\/a><\/li>\n<li><a href=\"https:\/\/www.cal.org.pe\/v1\/wp-content\/uploads\/2019\/11\/COMUNICADO-31-2019-CAL-CE.pdf\">COMUNICADO 31-2019-CAL\/CE &#8211; SE CONVOCA A PERSONEROS A ESTAR PRESENTES EN CONTEO DE VOTOS<\/a><\/li>\n<li><a href=\"https:\/\/www.cal.org.pe\/v1\/wp-content\/uploads\/2019\/11\/COMUNICADO-30-2019-CAL-CE.pdf\">COMUNICADO 30-2019-CAL\/CE &#8211; CANCELACION DE REUNION DE PERSONEROS<\/a><\/li>\n<li><a href=\"https:\/\/www.cal.org.pe\/v1\/wp-content\/uploads\/2019\/11\/COMUNICADO_29_2019_CAL_CE.pdf\" target=\"_blank\" rel=\"noopener noreferrer\">COMUNICADO 29-2019-CAL\/CE &#8211; Comunicado a los miembros de Mesa Titulares y Suplentes<\/a><\/li>\n<li><a href=\"https:\/\/www.cal.org.pe\/v1\/wp-content\/uploads\/2019\/11\/COMUNICADO_28_2019_CAL_CE.pdf\" target=\"_blank\" rel=\"noopener noreferrer\">COMUNICADO 28-2019-CAL\/CE &#8211; Inscripci\u00f3n de Miembros de Mesa<\/a><\/li>\n<li><a href=\"https:\/\/www.cal.org.pe\/v1\/wp-content\/uploads\/2019\/11\/COMUNICADO_027_2019_CAL_CE.pdf\" target=\"_blank\" rel=\"noopener noreferrer\">COMUNICADO 27-2019-CAL\/CE &#8211; Relaci\u00f3n de Candidatos y Mesas de Sufragio.<\/a><\/li>\n<li><a href=\"https:\/\/www.cal.org.pe\/v1\/wp-content\/uploads\/2019\/11\/COMUNICADO-026-2019-CE-CAL.pdf\" target=\"_blank\" rel=\"noopener noreferrer\">COMUNICADO 26-2019-CAL\/CE &#8211; Comunican que Elecciones sera el d\u00eda 30 de noviembre<\/a><\/li>\n<li><a href=\"https:\/\/www.cal.org.pe\/v1\/wp-content\/uploads\/2019\/11\/COMUNICADO-025-2019-CE-CAL.pdf\" target=\"_blank\" rel=\"noopener noreferrer\">COMUNICADO 25-2019-CAL\/CE &#8211; Relaci\u00f3n a Candidatos a Delegados con la indicaci\u00f3n de numero de Mesas<\/a><\/li>\n<li><a href=\"https:\/\/www.cal.org.pe\/v1\/wp-content\/uploads\/2019\/11\/COMUNICADO-23-2019.pdf\">COMUNICADO 23-2019-CAL\/CE &#8211; Ley N\u00b029733-Ley de Protecci\u00f3n de Datos<\/a><\/li>\n<li><a href=\"https:\/\/www.cal.org.pe\/v1\/wp-content\/uploads\/2019\/11\/COMUNICADO-22-2019.pdf\">COMUNICADO 22-2019-CAL\/CE &#8211; Capacitaci\u00f3n a miembros de mesa<\/a><\/li>\n<li><a href=\"https:\/\/www.cal.org.pe\/v1\/wp-content\/uploads\/2019\/11\/COMUNICADO-21-2019.pdf\">COMUNICADO 21-2019-CAL\/CE &#8211; Exposici\u00f3n de Plan de Trabajo de los Candidatos a Junta Directiva y Junta de Vigilancia<\/a><\/li>\n<li><a href=\"https:\/\/www.cal.org.pe\/v1\/wp-content\/uploads\/2019\/11\/COMUNICADO-20-2019.pdf\">COMUNICADO 20-2019-CAL\/CE &#8211; Pago de Cuotas Ordinarias<\/a><\/li>\n<li><a href=\"https:\/\/www.cal.org.pe\/v1\/wp-content\/uploads\/2019\/11\/COMUNICADO_N_19_2019_CAL_CE.pdf\" target=\"_blank\" rel=\"noopener noreferrer\">COMUNICADO 019-2019-CE\/CAL &#8211; Responsabilidad de los Candidatos por Propaganda Electoral<\/a><\/li>\n<li><a href=\"https:\/\/www.cal.org.pe\/v1\/wp-content\/uploads\/2019\/11\/COMUNICADO_N_18_2019_CAL_CE.pdf\" target=\"_blank\" rel=\"noopener noreferrer\">COMUNICADO 018-2019-CE\/CAL &#8211; Sorteo de N\u00fameros de Candidatos<\/a><\/li>\n<li><a href=\"https:\/\/www.cal.org.pe\/v1\/wp-content\/uploads\/2019\/11\/COMUNICADO_N_17_2019_CAL_CE.pdf\" target=\"_blank\" rel=\"noopener noreferrer\">COMUNICADO 017-2019-CE\/CAL &#8211; Sorteo de Miembros de Mesa<\/a><\/li>\n<li><a href=\"https:\/\/www.cal.org.pe\/v1\/wp-content\/uploads\/2019\/11\/comunicado_16_2019_cal_ce.pdf\" target=\"_blank\" rel=\"noopener noreferrer\">COMUNICADO 016-2019-CE\/CAL &#8211; Comit\u00e9 Electoral Informa que no tiene Tachas Pendientes<\/a><\/li>\n<li><a href=\"https:\/\/www.cal.org.pe\/v1\/wp-content\/uploads\/2019\/11\/comunicado-15-2019.pdf\" target=\"_blank\" rel=\"noopener noreferrer\">COMUNICADO 015-2019-CE\/CAL &#8211; Resoluci\u00f3n de Tachas Formuladas a Pre-Candidatos<\/a><\/li>\n<li><a href=\"https:\/\/www.cal.org.pe\/v1\/wp-content\/uploads\/2019\/11\/comunicado-n-14-2019-ce-cal.pdf\" target=\"_blank\" rel=\"noopener noreferrer\">COMUNICADO 014-2019-CE\/CAL &#8211; Tachas a Pre-Candidaturas<\/a><\/li>\n<li><a href=\"https:\/\/www.cal.org.pe\/v1\/wp-content\/uploads\/2019\/11\/comunicado-n-13-2019-ce-cal.pdf\" target=\"_blank\" rel=\"noopener noreferrer\">COMUNICADO 013-2019-CE\/CAL &#8211; Formulaci\u00f3n de Tachas<\/a><\/li>\n<li><a href=\"https:\/\/www.cal.org.pe\/v1\/wp-content\/uploads\/2019\/11\/comunicado-11-2019-ce.pdf\" target=\"_blank\" rel=\"noopener noreferrer\">COMUNICADO 011-2019-CE\/CAL &#8211; Acuerdo Tomados en Asamblea General Ordinaria del CAL<\/a><\/li>\n<li><a href=\"https:\/\/www.cal.org.pe\/v1\/wp-content\/uploads\/2019\/10\/COMUNICADO-10-2019-CE-CAL.pdf\" target=\"_blank\" rel=\"noopener noreferrer\">COMUNICADO 010-2019-CE\/CAL &#8211; Sobre las Tachas<\/a><\/li>\n<li><a href=\"https:\/\/www.cal.org.pe\/v1\/wp-content\/uploads\/2019\/10\/COMUNICADO-09-2019-CE-CAL.pdf\" target=\"_blank\" rel=\"noopener noreferrer\">COMUNICADO 009-2019-CE\/CAL &#8211; Firma de Pacto \u00c9tico<\/a><\/li>\n<li><a href=\"https:\/\/www.cal.org.pe\/v1\/wp-content\/uploads\/2019\/10\/COMUNICADO-008-2019-CE-CAL.pdf\" target=\"_blank\" rel=\"noopener noreferrer\">COMUNICADO 008-2019-CE\/CAL &#8211; Sobre las Notificaciones de las Observaciones<\/a><\/li>\n<li><a href=\"https:\/\/www.cal.org.pe\/v1\/wp-content\/uploads\/2019\/10\/comunicado-007-2019.pdf\" target=\"_blank\" rel=\"noopener noreferrer\">COMUNICADO 007-2019-CE\/CAL &#8211; Presentaci\u00f3n de la Solicitud de Inscripci\u00f3n<\/a><\/li>\n<li><a href=\"https:\/\/www.cal.org.pe\/v1\/wp-content\/uploads\/2019\/10\/COMUNICADO-006-2019-CE-CAL.pdf\" target=\"_blank\" rel=\"noopener noreferrer\">COMUNICADO 006-2019-CE\/CAL &#8211; Multa por Acto de Manifestaci\u00f3n<\/a><\/li>\n<li><a href=\"https:\/\/www.cal.org.pe\/v1\/wp-content\/uploads\/2019\/10\/COMUNICADO-005-2019-CE-CAL.pdf\" target=\"_blank\" rel=\"noopener noreferrer\">COMUNICADO 005-2019-CE\/CAL &#8211; Sobre la Presentaci\u00f3n de la Solicitud de Inscripci\u00f3n<\/a><\/li>\n<li><a href=\"https:\/\/www.cal.org.pe\/v1\/wp-content\/uploads\/2019\/10\/COMUNICADO-004-2019-CE.pdf\" target=\"_blank\" rel=\"noopener noreferrer\">COMUNICADO 004-2019-CE\/CAL &#8211; Adquisici\u00f3n de hasta 2 Kit Electoral<\/a><\/li>\n<li><a href=\"https:\/\/www.cal.org.pe\/v1\/wp-content\/uploads\/2019\/09\/COMUNICADO-003-2019-CE.pdf\" target=\"_blank\" rel=\"noopener noreferrer\">COMUNICADO 003-2019-CE\/CAL &#8211; Entrega del Kit Electoral<\/a><\/li>\n<li><a href=\"https:\/\/www.cal.org.pe\/v1\/wp-content\/uploads\/2019\/09\/COMUNICADO-002-2019-CE.pdf\" target=\"_blank\" rel=\"noopener noreferrer\">COMUNICADO 002-2019-CE\/CAL &#8211; Respaldo de 1300 Firmas de abogados Activos para Inscripci\u00f3n de Lista a JD<\/a><\/li>\n<li><a href=\"https:\/\/www.cal.org.pe\/v1\/wp-content\/uploads\/2014\/08\/COMUNICADO-001-2019-CE-CAL.pdf\" target=\"_blank\" rel=\"noopener noreferrer\">COMUNICADO 001-2019-CE\/CAL&nbsp;&#8211;&nbsp;Aprobaci\u00f3n de Voto Presencial<\/a><\/li>\n<\/ul>\n\n\n<\/div>\n\n  <!-- Imagen superpuesta -->\n \n<\/div>\n<h5 style=\"color:black;\">Resoluciones<\/h5>\n<div style=\"position: relative; width: 100%; max-width: 1000px; margin: 0 auto;\">\n\n\n\n<li><a href=\"https:\/\/www.cal.org.pe\/v1\/wp-content\/uploads\/2020\/02\/RESOLUCION_ELECTORAL_027_20_CAL_CE.pdf\" target=\"_blank\" rel=\"noopener noreferrer\">RESOLUCI\u00d3N ELECTORAL N\u00ba 27 (Elecciones para el d\u00eda 22 de febrero de 2020)<\/a><\/li>\n<li><a href=\"https:\/\/www.cal.org.pe\/v1\/wp-content\/uploads\/2019\/12\/RESOLUCION_ELECTORAL_N_025_2019_CAL_CE.pdf\" target=\"_blank\" rel=\"noopener noreferrer\">RESOLUCI\u00d3N ELECTORAL N\u00ba 25 (Nulidad del Proceso Electoral del 30 de Noviembre de 2019)<\/a><\/li>\n<li><a href=\"https:\/\/www.cal.org.pe\/v1\/wp-content\/uploads\/2019\/12\/RESOLUCION_ELECTORAL_N_024_2019_CAL_CE.pdf\" target=\"_blank\" rel=\"noopener noreferrer\">RESOLUCI\u00d3N ELECTORAL N\u00ba 24 (Modificaci\u00f3n de P\u00e1rrafos Art. 38 y 76)<\/a><\/li>\n<li><a href=\"https:\/\/www.cal.org.pe\/v1\/wp-content\/uploads\/2019\/12\/RESOLUCION_ELECTORAL_N_023_2019_CAL_CE.pdf\" target=\"_blank\" rel=\"noopener noreferrer\">RESOLUCI\u00d3N ELECTORAL N\u00ba 23 (Modificaci\u00f3n de P\u00e1rrafo Articulo 76)<\/a><\/li>\n<li><a href=\"https:\/\/www.cal.org.pe\/v1\/wp-content\/uploads\/2019\/11\/RESOLUCION-ELECTORAL-N22-2019-CAL-CE.pdf\" target=\"_blank\" rel=\"noopener noreferrer\">RESOLUCI\u00d3N ELECTORAL N\u00ba 22 (Modificaci\u00f3n del Articulo 59 del Reglamento de Elecciones)<\/a><\/li>\n<li><a href=\"https:\/\/www.cal.org.pe\/v1\/wp-content\/uploads\/2019\/11\/RESOLUCION-ELECTORAL-N21-2019-CAL-CE.pdf\" target=\"_blank\" rel=\"noopener noreferrer\">RESOLUCI\u00d3N ELECTORAL N\u00ba 21 (Reincorporaci\u00f3n del Dr. Rufino Alejandro Navarro Morales como vocal del Comit\u00e9 Electoral)<\/a><\/li>\n<li><a href=\"https:\/\/www.cal.org.pe\/v1\/wp-content\/uploads\/2019\/11\/resolucion-20-2019.pdf\">RESOLUCI\u00d3N ELECTORAL N\u00ba 20 (Dejar sin Efecto Resoluci\u00f3n Electoral N\u00b0 8)<\/a><\/li>\n<li><a href=\"https:\/\/www.cal.org.pe\/v1\/wp-content\/uploads\/2019\/11\/resolucion-19-2019.pdf\">RESOLUCI\u00d3N ELECTORAL N\u00ba 19 (Invalides de la Resoluci\u00f3n Electoral N\u00b0 14 e Incorporar a Walter Edison Ayala Gonzales como Candidato)&nbsp;<\/a><\/li>\n<li><a href=\"https:\/\/www.cal.org.pe\/v1\/wp-content\/uploads\/2019\/11\/RESOLUCION_ELECTORAL_N_018_2019_CAL_CE.pdf\" target=\"_blank\" rel=\"noopener noreferrer\">RESOLUCI\u00d3N ELECTORAL N\u00b0 18 (Declara Improcedente el Recurso de Apelaci\u00f3n Presentado por el Abogado Walter Edison Ayala Gonzales<\/a><\/li>\n<li><a href=\"https:\/\/www.cal.org.pe\/v1\/wp-content\/uploads\/2019\/11\/RESOLUCION_ELECTORAL_N_17_2019_CAL_CE.pdf\" target=\"_blank\" rel=\"noopener noreferrer\">RESOLUCI\u00d3N ELECTORAL N\u00b0 17 (Declarar Improcedente las Tachas Presentadas contra la Pre-Candidatura a Walter Edison Ayala Gonzales)<\/a><\/li>\n<li><a href=\"https:\/\/www.cal.org.pe\/v1\/wp-content\/uploads\/2019\/11\/resolucion-16-2019.pdf\">RESOLUCI\u00d3N ELECTORAL N\u00b0 16 (Declarar Infundada la Tacha presentada por el Abogado V\u00edctor Vera Benavides)<\/a><\/li>\n<li><a href=\"https:\/\/www.cal.org.pe\/v1\/wp-content\/uploads\/2019\/11\/resolucion-15-2019.pdf\">RESOLUCI\u00d3N ELECTORAL N\u00b0 15 (Declarar Infundada la Cuesti\u00f3n Previa presentada por el Abogado Walter Edison Ayala Gonzales)<\/a><\/li>\n<li><a href=\"https:\/\/www.cal.org.pe\/v1\/wp-content\/uploads\/2019\/11\/resolucion-14-2019.pdf\">RESOLUCI\u00d3N ELECTORAL N\u00b0 14 (Declarar Improcedente la Pre-Candidatura del Candidato Walter Edison Ayasla Gonzales)<\/a><\/li>\n<li><a href=\"https:\/\/www.cal.org.pe\/v1\/wp-content\/uploads\/2019\/11\/resolucion-13-2019-con-voto-singular.pdf\">RESOLUCI\u00d3N ELECTORAL N\u00b0 13 (Confirmar la Resoluci\u00f3n N\u00b0 8 que Declara Improcedente la Inscripci\u00f3n de la Candidata Greta Minaya)<\/a><\/li>\n<li><a href=\"https:\/\/www.cal.org.pe\/v1\/wp-content\/uploads\/2019\/11\/resolucion-12-2019.pdf\">RESOLUCI\u00d3N ELECTORAL N\u00b0 12 (Modificaci\u00f3n Parcial del Cronograma de Elecciones)<\/a><\/li>\n<li><a href=\"https:\/\/www.cal.org.pe\/v1\/wp-content\/uploads\/2019\/10\/resolucion-11.pdf\" target=\"_blank\" rel=\"noopener noreferrer\">RESOLUCI\u00d3N ELECTORAL N\u00b0 11 (Admisi\u00f3n a Tramite la Inscripci\u00f3n de Candidatos a Delegados)<\/a><\/li>\n<li><a href=\"https:\/\/www.cal.org.pe\/v1\/wp-content\/uploads\/2019\/10\/resolucion-10.pdf\" target=\"_blank\" rel=\"noopener noreferrer\">RESOLUCI\u00d3N ELECTORAL N\u00b0 10 (Admisi\u00f3n a Tramite la Inscripci\u00f3n de Candidatos a la Junta de Vigilancia)<\/a><\/li>\n<li><a href=\"https:\/\/www.cal.org.pe\/v1\/wp-content\/uploads\/2019\/10\/resolucion-9.pdf\" target=\"_blank\" rel=\"noopener noreferrer\">RESOLUCI\u00d3N ELECTORAL N\u00b0 9 (Admisi\u00f3n a Tramite la Inscripci\u00f3n de Candidatos a la Junta Directiva)<\/a><\/li>\n<li><a href=\"https:\/\/www.cal.org.pe\/v1\/wp-content\/uploads\/2019\/10\/resolucion-electoral-8.pdf\" target=\"_blank\" rel=\"noopener noreferrer\">RESOLUCI\u00d3N ELECTORAL N\u00b0 8 (Declara Improcedente la Solicitud de Inscripci\u00f3n presentada por la Abogada Minaya Calle Elba Greta)<\/a><\/li>\n<li><a href=\"https:\/\/www.cal.org.pe\/v1\/wp-content\/uploads\/2019\/10\/resolucion-6-A.pdf\" target=\"_blank\" rel=\"noopener noreferrer\">RESOLUCI\u00d3N ELECTORAL N\u00b0 6A (Aclarar la Irrenunciabilidad Se\u00f1alada en el Formato Aludido)<\/a><\/li>\n<li><a href=\"https:\/\/www.cal.org.pe\/v1\/wp-content\/uploads\/2019\/10\/resolucion-6.pdf\" target=\"_blank\" rel=\"noopener noreferrer\">RESOLUCI\u00d3N ELECTORAL N\u00b0 6 (Modificar el articulo N\u00b0 8 del Reglamento Electoral)<\/a><\/li>\n<li><a href=\"https:\/\/www.cal.org.pe\/v1\/wp-content\/uploads\/2019\/10\/resolucion-5.pdf\" target=\"_blank\" rel=\"noopener noreferrer\">RESOLUCI\u00d3N ELECTORAL N\u00b0 5 (Modificar el Articulo 59 y 60 del Reglamento Electoral)<\/a><\/li>\n<li><a href=\"https:\/\/www.cal.org.pe\/v1\/wp-content\/uploads\/2019\/10\/RESOLUCION-3.pdf\" target=\"_blank\" rel=\"noopener noreferrer\">RESOLUCI\u00d3N ELECTORAL N\u00b0 3 (declarar Inadmisible la solicitud de Inscripci\u00f3n de los Siguientes Candidatos)<\/a><\/li>\n<li><a href=\"https:\/\/www.cal.org.pe\/v1\/wp-content\/uploads\/2019\/10\/RESOLUCION-2.pdf\" target=\"_blank\" rel=\"noopener noreferrer\">RESOLUCI\u00d3N ELECTORAL N\u00b0 2 (Admitir a Tramite la Inscripci\u00f3n de los Candidatos a Junta de Vigilancia)<\/a><\/li>\n<li><a href=\"https:\/\/www.cal.org.pe\/v1\/wp-content\/uploads\/2019\/10\/RESOLUCION-1.pdf\" target=\"_blank\" rel=\"noopener noreferrer\">RESOLUCI\u00d3N ELECTORAL N\u00b0 1 (Admisi\u00f3n a Tramite las Listas de Candidatos y Declaraci\u00f3n de Inadmisibles las Solicitudes de Inscripci\u00f3n)<\/a><\/li>\n<li><a href=\"https:\/\/www.cal.org.pe\/v1\/wp-content\/uploads\/2019\/09\/convocatoria.pdf\" target=\"_blank\" rel=\"noopener noreferrer\">CONVOCATORIA<\/a><\/li>\n<li><a href=\"https:\/\/www.cal.org.pe\/v1\/wp-content\/uploads\/2019\/09\/reglamento.pdf\" target=\"_blank\" rel=\"noopener noreferrer\">REGLAMENTO DE ELECCIONES 2019<\/a><\/li>\n<li><a href=\"https:\/\/www.cal.org.pe\/v1\/wp-content\/uploads\/2019\/09\/FE-DE-ERRATAS-DEL-REGLAMENTO-DE-ELECCIONES-2019.pdf\" target=\"_blank\" rel=\"noopener noreferrer\">FE DE ERRATAS DEL REGLAMENTO DE ELECCIONES 2019<\/a><\/li>\n<li><a href=\"https:\/\/www.cal.org.pe\/v1\/formatos-de-postulacion-a-elecciones-generales-2020-2021-al-colegio-de-abogados-de-lima\/\" target=\"_blank\" rel=\"noopener noreferrer\">FORMATOS PARA POSTULANTES AL PROCESO ELECTORAL 2020 &#8211; 2021<\/a><\/li>\n<li><a href=\"https:\/\/www.cal.org.pe\/v1\/wp-content\/uploads\/2019\/11\/candidatos_a_delegados_ante_las_mesas_de_sufragio.pdf\" target=\"_blank\" rel=\"noopener noreferrer\">CANDIDATOS A DELEGADOS (AS) ANTE LAS MESAS DE SUFRAGIO<\/a><\/li>\n<li><a href=\"https:\/\/www.cal.org.pe\/v1\/wp-content\/uploads\/2019\/11\/RELACION-DE-CCANDIDATOS-A-DECANO.pdf\" target=\"_blank\" rel=\"noopener noreferrer\">RELACI\u00d3N DE CANDIDATOS A DECANO<\/a><\/li>\n\n\n<\/div>\n\n  <!-- Imagen superpuesta -->\n<\/div>\n<h5 style=\"color:black;\">Resoluci\u00f3n de candidatos inscritos provisionalmente a Decano y su Junta Directiva<\/h5>\n<div style=\"position: relative; width: 100%; max-width: 1000px; margin: 0 auto;\">\n  <!-- Contenido base que est\u00e1 debajo -->\n\n\n\n\n<li><a href=\"https:\/\/www.cal.org.pe\/v1\/wp-content\/uploads\/2019\/11\/junta-directiva-angelica-rosa-sayan-lopez.pdf\" target=\"_blank\" rel=\"noopener noreferrer\">Junta Directiva Angelica Rosa Say\u00e1n Lopez<\/a><\/li>\n<li><a href=\"https:\/\/www.cal.org.pe\/v1\/wp-content\/uploads\/2019\/11\/junta-directiva-carlos-alberto-alberto-manuel-perea-vasquez.pdf\" target=\"_blank\" rel=\"noopener noreferrer\">Junta Directiva Carlos Alberto Manuel Perea V\u00e1squez<\/a><\/li>\n<li><a href=\"https:\/\/www.cal.org.pe\/v1\/wp-content\/uploads\/2019\/11\/junta-directiva-cayo-cesar-galindo-sandoval.pdf\" target=\"_blank\" rel=\"noopener noreferrer\">Junta Directiva Cayo Cesar Galindo Sandoval<\/a><\/li>\n<li><a href=\"https:\/\/www.cal.org.pe\/v1\/wp-content\/uploads\/2019\/11\/junta-directiva-cesar-gilberto-castaneda-serrano.pdf\" target=\"_blank\" rel=\"noopener noreferrer\">Junta Directiva Cesar Gilberto Casta\u00f1eda Serrano<\/a><\/li>\n<li><a href=\"https:\/\/www.cal.org.pe\/v1\/wp-content\/uploads\/2019\/11\/junta-directiva-javier-villa-stein.pdf\" target=\"_blank\" rel=\"noopener noreferrer\">Junta Directiva Javier Villa Stein<\/a><\/li>\n<li><a href=\"https:\/\/www.cal.org.pe\/v1\/wp-content\/uploads\/2019\/11\/junta-directiva-manuel-francisco-jimenez-achutegui.pdf\" target=\"_blank\" rel=\"noopener noreferrer\">Junta Directiva Manuel Francisco Jimenez Achutegui<\/a><\/li>\n<li><a href=\"https:\/\/www.cal.org.pe\/v1\/wp-content\/uploads\/2019\/11\/junta-directiva-marco-tulio-gutierrez-martinez.pdf\" target=\"_blank\" rel=\"noopener noreferrer\">Junta Directiva Marco Tulio Guti\u00e9rrez Martinez<\/a><\/li>\n<li><a href=\"https:\/\/www.cal.org.pe\/v1\/wp-content\/uploads\/2019\/11\/junta-directiva-oscar-ramon-pena-gonzales.pdf\" target=\"_blank\" rel=\"noopener noreferrer\">Junta Directiva Oscar Ram\u00f3n Pe\u00f1a Gonzales<\/a><\/li>\n<li><a href=\"https:\/\/www.cal.org.pe\/v1\/wp-content\/uploads\/2019\/11\/junta-directiva-oswaldo-servan-cayetano.pdf\" target=\"_blank\" rel=\"noopener noreferrer\">Junta Directiva Oswaldo Servan Cayetano<\/a><\/li>\n<li><a href=\"https:\/\/www.cal.org.pe\/v1\/wp-content\/uploads\/2019\/11\/junta-directiva-patricia-edith-bonilla-ordu\u00f1a.pdf\" target=\"_blank\" rel=\"noopener noreferrer\">Junta Directiva Patricia Edith Bonilla Ordu\u00f1a<\/a><\/li>\n<li><a href=\"https:\/\/www.cal.org.pe\/v1\/wp-content\/uploads\/2019\/11\/junta-directiva-walter-edison-ayala-gonzales.pdf\" target=\"_blank\" rel=\"noopener noreferrer\">Junta Directiva Walter Edison Ayala Gonzales<\/a><\/li>\n<li><a href=\"https:\/\/www.cal.org.pe\/v1\/wp-content\/uploads\/2019\/11\/junta-directiva-william-ciro-contreras-chavez.pdf\" target=\"_blank\" rel=\"noopener noreferrer\">Junta Directiva William Ciro Contreras Ch\u00e1vez<\/a><\/li>\n<li><a href=\"https:\/\/www.cal.org.pe\/v1\/wp-content\/uploads\/2019\/11\/greta-minaya.pdf\" target=\"_blank\" rel=\"noopener noreferrer\">Junta Directiva Elva Greta Minaya Calle<\/a><\/li>\n<\/ul>\n\n\n<\/div>\n\n \n<\/div>\n<h5 style=\"color:black;\">Gestiones anteriores, comunicados y resoluciones<\/h5>\n<div style=\"position: relative; width: 100%; max-width: 1000px; margin: 0 auto;\">\n\n\n\n<li><a href=\"https:\/\/www.cal.org.pe\/v1\/comite-electoral-2018\/\" target=\"_blank\" rel=\"noopener noreferrer\">COMIT\u00c9 ELECTORAL 2018<\/a><\/li>\n<li><a href=\"https:\/\/www.cal.org.pe\/v1\/comite-electoral-2017\/\" target=\"_blank\" rel=\"noopener noreferrer\">COMIT\u00c9 ELECTORAL 2017<\/a><\/li>\n<li><a href=\"https:\/\/www.cal.org.pe\/v1\/resoluciones-cecal-2016\/\" target=\"_blank\" rel=\"noopener noreferrer\">COMIT\u00c9 ELECTORAL 2016<\/a><\/li>\n<li><a href=\"https:\/\/www.cal.org.pe\/v1\/resoluciones-cecal-2015\/\" target=\"_blank\" rel=\"noopener noreferrer\">COMIT\u00c9 ELECTORAL 2015<\/a><\/li>\n\n\n<\/div>\n\n  <!-- Imagen superpuesta -->\n\n<\/div>\n\n\n\n\n\n\n<div style=\"position: relative; width: 100%; max-width: 1000px; margin: 0 auto;\">\n  <!-- Contenido base que est\u00e1 debajo -->\n  \n\n<p align=\"center\">\n<ul>\n<li style=\"text-align: left;\"><span style=\"font-size: 12px;\"><span style=\"color: #000000;\"><a style=\"color: #000000;\" href=\"https:\/\/www.cal.org.pe\/v1\/wp-content\/uploads\/2022\/10\/DISPENSA-MIEMBRO-MESA-2022.pdf\" target=\"_blank\" rel=\"noopener\"><strong>RELACI\u00d3N DE ABOGADOS QUE PRESENTARON DISPENSAS (ADMITIDAS Y NO ADMITIDAS) DE LOS PROCESOS ELECTORALES 2022 (VER AQU\u00cd)<\/strong><\/a><\/span> &#8211; <span style=\"color: #000000;\">Cuando abra el archivo para busqueda presionar tecla Ctrl y tecla F al mismo tiempo, digitar el registro CAL.<\/span><br>\n<\/span><\/li>\n<\/ul>\n<\/p>\n\n<li><span style=\"font-size: 12px;\"><a href=\"https:\/\/www.cal.org.pe\/v1\/wp-content\/uploads\/2022\/05\/Resolucion-No.-20-2022-CAL-CE.pdf\" target=\"_blank\" rel=\"noopener\">Resoluci\u00f3n No. 20-2022-CAL CE<\/a><\/span><\/li>\n<li><a href=\"https:\/\/www.cal.org.pe\/v1\/wp-content\/uploads\/2022\/04\/Comunicado-No.-025-2022-CE-CAL.pdf\" target=\"_blank\" rel=\"noopener\">Comunicado No. 025-2022 CE CAL<\/a><\/li>\n<li><a href=\"https:\/\/www.cal.org.pe\/v1\/wp-content\/uploads\/2022\/03\/RESULTADO-ELECCIONES-DE-JUNTA-DIRECTIVA.pdf\" target=\"_blank\" rel=\"noopener\">RESULTADO ELECCIONES DE JUNTA DIRECTIVA<\/a><\/li>\n<li><a href=\"https:\/\/www.cal.org.pe\/v1\/wp-content\/uploads\/2022\/03\/ACTA-DE-PROCLAMACION-DECANO.pdf\" target=\"_blank\" rel=\"noopener\">ACTA DE PROCLAMACI\u00d3N DECANO<\/a><\/li>\n<li><a href=\"https:\/\/www.cal.org.pe\/v1\/comunicado-n022-2022-ce-cal\/\" target=\"_blank\" rel=\"noopener\">Comunicado N\u00b0022-2022-CE-CAL<\/a><\/li>\n<li><a href=\"https:\/\/www.cal.org.pe\/v1\/comunicado-no-021-2022-ce-cal\/\" target=\"_blank\" rel=\"noopener\">Comunicado N\u00ba 021-2022-CE CAL<\/a><\/li>\n<li><a href=\"https:\/\/www.cal.org.pe\/v1\/comunicado-no-020-2022-ce-cal\/\" target=\"_blank\" rel=\"noopener\">Comunicado N\u00ba 020-2022-CE CAL<\/a><\/li>\n<li><a href=\"https:\/\/www.cal.org.pe\/v1\/comunicado-no-019-2022-ce-cal\/\" target=\"_blank\" rel=\"noopener\">Comunicado N\u00ba 019-2022-CE CAL<\/a><\/li>\n<li><a href=\"https:\/\/www.cal.org.pe\/v1\/wp-content\/uploads\/2022\/03\/RESOLUCION-No-019-2022-CAL-CE-1.pdf\" target=\"_blank\" rel=\"noopener\">RESOLUCI\u00d3N N\u00b0019-2022-CAL-CE<\/a><\/li>\n<li><a href=\"https:\/\/www.cal.org.pe\/v1\/wp-content\/uploads\/2022\/03\/RESOLUCION-No-018-2022-CAL-CE.pdf\" target=\"_blank\" rel=\"noopener\">RESOLUCI\u00d3N N\u00ba 018-2022-CAL CE<\/a><\/li>\n<li><a href=\"https:\/\/www.cal.org.pe\/v1\/comunicado-n18-2022-ce-cal\/\" target=\"_blank\" rel=\"noopener\">COMUNICADO N\u00b018-2022-CE-CAL<\/a><\/li>\n<li><a href=\"https:\/\/www.cal.org.pe\/v1\/wp-content\/uploads\/2022\/03\/Resolucion-No-017-2022-CE-CAL.pdf\" target=\"_blank\" rel=\"noopener\">RESOLUCI\u00d3N N\u00b017-2022-CE-CAL<\/a><\/li>\n<li><a href=\"https:\/\/www.cal.org.pe\/v1\/comunicado-n17-2022-ce-cal\/\" target=\"_blank\" rel=\"noopener\">COMUNICADO N\u00b017-2022-CE-CAL<\/a><\/li>\n<li><a href=\"https:\/\/www.cal.org.pe\/v1\/wp-content\/uploads\/2022\/03\/RESOLUCION-N152022-CE-CAL.pdf\" target=\"_blank\" rel=\"noopener\">RESOLUCI\u00d3N N\u00b015-2022-CE-CAL<\/a><\/li>\n<li style=\"text-align: left;\"><a href=\"https:\/\/www.cal.org.pe\/v1\/comunicado-n16-2022-ce-cal\/\" target=\"_blank\" rel=\"noopener\">COMUNICADO N\u00b016-2022-CE-CAL<\/a><\/li>\n<li><a href=\"https:\/\/www.cal.org.pe\/v1\/comunicado-n15-2022-ce-cal\/\" target=\"_blank\" rel=\"noopener\">COMUNICADO N\u00b015-2022-CE-CAL<\/a><\/li>\n<li><a href=\"https:\/\/www.cal.org.pe\/v1\/wp-content\/uploads\/2022\/03\/Resolucion-No-14-2022-CAL-CE.pdf\" target=\"_blank\" rel=\"noopener\">RESOLUCI\u00d3N N 14-2022-CE-CAL<\/a><\/li>\n<li><a href=\"https:\/\/www.cal.org.pe\/v1\/comunicado-n14-2022-ce-cal\/\" target=\"_blank\" rel=\"noopener\">COMUNICADO N\u00b014-2022-CE-CAL<\/a><\/li>\n<li><a href=\"https:\/\/www.cal.org.pe\/v1\/comunicado-n13-2022-ce-cal\/\" target=\"_blank\" rel=\"noopener\">COMUNICADO N\u00b013-2022-CE-CAL<\/a><\/li>\n<li><a href=\"https:\/\/www.cal.org.pe\/v1\/wp-content\/uploads\/2022\/03\/Resolucion-No-12-2022-CAL-CE.pdf\" target=\"_blank\" rel=\"noopener\">Resoluci\u00f3n N\u00ba 12-2022-CAL-CE<\/a><\/li>\n<li><a href=\"https:\/\/www.cal.org.pe\/v1\/comunicado-n011-2022-ce-cal\/\" target=\"_blank\" rel=\"noopener\">COMUNICADO N\u00b011-2022-CE-CAL<\/a><\/li>\n<li><a href=\"https:\/\/www.cal.org.pe\/v1\/wp-content\/uploads\/2022\/03\/CANDIDATOS-A-DELEGADOS-Y-MESAS-DE-SUFRAGIO-COMPLETAS.pdf\" target=\"_blank\" rel=\"noopener\">CANDIDATOS A DELEGADOS<\/a><\/li>\n<li><a href=\"https:\/\/www.cal.org.pe\/v1\/wp-content\/uploads\/2022\/03\/Acta-de-Proclamacion-miembro-del-JNE.pdf\" target=\"_blank\" rel=\"noopener\">Acta de Proclamaci\u00f3n miembro del JNE<\/a><\/li>\n<li><a href=\"https:\/\/www.cal.org.pe\/v1\/wp-content\/uploads\/2022\/02\/Hojas-d-Vida-Postulantes-a-Decanato.pdf\" target=\"_blank\" rel=\"noopener\">Hojas de Vida Postulantes a Decanato<\/a><\/li>\n<li><a href=\"https:\/\/www.cal.org.pe\/v1\/wp-content\/uploads\/2022\/02\/Hojas-de-Vida-Postulantes-a-Junta-de-Vigilancia.pdf\" target=\"_blank\" rel=\"noopener\">Hojas de Vida Postulantes a Junta de Vigilancia<\/a><\/li>\n<li><a href=\"https:\/\/www.cal.org.pe\/v1\/comunicado-n010-2022-ce-cal\/\" target=\"_blank\" rel=\"noopener\">COMUNICADO N\u00b0010-2022-CE-CAL<\/a><\/li>\n<li><a href=\"https:\/\/www.cal.org.pe\/v1\/wp-content\/uploads\/2022\/02\/Resolucion-No-011-2022-CALCE.pdf\" target=\"_blank\" rel=\"noopener\">RESOLUCI\u00d3N N\u00b0011-2022-CE\/CAL<\/a><\/li>\n<li><a href=\"https:\/\/www.cal.org.pe\/v1\/wp-content\/uploads\/2022\/02\/Mesas-de-sufragio.pdf\" target=\"_blank\" rel=\"noopener\">MESAS DE SUFRAGIO 27 FEBRERO 2022<\/a><\/li>\n<li><a href=\"https:\/\/www.cal.org.pe\/v1\/plano-de-distribucion-para-elecciones-representante-del-jne-27-febrero\/\" target=\"_blank\" rel=\"noopener\">PLANO DISTRIBUCI\u00d3N ELECCI\u00d3N REPRESENTANTE JNE<\/a><\/li>\n<li><a href=\"https:\/\/www.cal.org.pe\/v1\/wp-content\/uploads\/2022\/02\/COMUNICAD-No-09.pdf\" target=\"_blank\" rel=\"noopener\">COMUNICADO N\u00b009-2022-CE-CAL<\/a><\/li>\n<li><a href=\"https:\/\/www.cal.org.pe\/v1\/wp-content\/uploads\/2022\/02\/COMUNICADO-No-08.pdf\" target=\"_blank\" rel=\"noopener\">COMUNICADO N\u00b008-2022-CE-CAL<\/a><\/li>\n<li><a href=\"https:\/\/www.cal.org.pe\/v1\/wp-content\/uploads\/2022\/02\/Comunicad-No-07-2022-CE-CAL.pdf\" target=\"_blank\" rel=\"noopener\">COMUNICADO N\u00b007-2022-CE.-CAL<\/a><\/li>\n<li><a href=\"https:\/\/www.cal.org.pe\/v1\/wp-content\/uploads\/2022\/02\/Relacion-de-Candidatos-JVigilancia-y-Delegados-Ubicacion-en-cedula.pdf\" target=\"_blank\" rel=\"noopener\">RELACI\u00d3N DE CANDIDATOS ELECCI\u00d3N 05 MARZO 2022<\/a><\/li>\n<li><a href=\"https:\/\/www.cal.org.pe\/v1\/wp-content\/uploads\/2022\/02\/Resolucion-No-10-2022-CAL-CE.pdf\" target=\"_blank\" rel=\"noopener\">RESOLUCI\u00d3N N\u00b0010-2022-CAL-CE<\/a><\/li>\n<li><a href=\"https:\/\/www.cal.org.pe\/v1\/wp-content\/uploads\/2022\/02\/Documentos-postulantes.pdf\" target=\"_blank\" rel=\"noopener\">HOJA DE VIDA DE LOS CANDIDATOS AL JNE<\/a><\/li>\n<li><a href=\"https:\/\/www.cal.org.pe\/v1\/comunicado-n06-ce-cal\/\" target=\"_blank\" rel=\"noopener\">COMUNICADO N\u00b006-CE-CAL FECHA SORTEO DE CANDIDATOS JUNTA DIRECTIVA Y ESTAMENTOS<\/a><\/li>\n<li><a href=\"https:\/\/www.cal.org.pe\/v1\/wp-content\/uploads\/2022\/02\/Acta-de-Numeros-de-candidaturas-1.pdf\" target=\"_blank\" rel=\"noopener\">ACTA DE N\u00daMEROS DE CANDIDATOS AL JNE<\/a><\/li>\n<li><a href=\"https:\/\/www.cal.org.pe\/v1\/wp-content\/uploads\/2022\/02\/RELACION-NOMINAL-CAND.-DECANO-Y-SU-JUNTA-DIRECTIVA.pdf\" target=\"_blank\" rel=\"noopener\">RELACI\u00d3N DE POSTULANTES A JUNTA DIRECTIVA<\/a><\/li>\n<li><a href=\"https:\/\/www.cal.org.pe\/v1\/wp-content\/uploads\/2022\/02\/VOTO-EN-DISCORDIA-2.pdf\" target=\"_blank\" rel=\"noopener\">VOTO EN DISCORDIA<\/a><\/li>\n<li><a href=\"https:\/\/www.cal.org.pe\/v1\/wp-content\/uploads\/2022\/02\/RESOLUCION-N09-2022-CE-CAL.pdf\" target=\"_blank\" rel=\"noopener\">RESOLUCI\u00d3N N\u00b009-2022-CE-CAL<\/a><\/li>\n<li><a href=\"https:\/\/www.cal.org.pe\/v1\/wp-content\/uploads\/2022\/02\/Miembros-de-Mesa-para-Junta-Directiva-JV-Delegados.pdf\" target=\"_blank\" rel=\"noopener\">RELACI\u00d3N MIEMBROS DE MESA ELECCI\u00d3N JUNTA DIRECTIVA, JUNTA DE VIGILANCIA Y DELEGADOS<\/a><\/li>\n<li><a href=\"https:\/\/www.cal.org.pe\/v1\/wp-content\/uploads\/2022\/02\/Resolucion-No-08-2022-CE-CAL.pdf\" target=\"_blank\" rel=\"noopener\">Resoluci\u00f3n N\u00b008-2022-CE-CAL<\/a><\/li>\n<li><a href=\"https:\/\/www.cal.org.pe\/v1\/wp-content\/uploads\/2022\/02\/Resolucion-No-06-2022-CE-CAL.pdf\" target=\"_blank\" rel=\"noopener\">Resoluci\u00f3n N\u00ba 06-2022-CE-CAL<\/a><\/li>\n<li><a href=\"https:\/\/www.cal.org.pe\/v1\/wp-content\/uploads\/2022\/02\/Resolucion-No-05-2022-CE-CAL.pdf\" target=\"_blank\" rel=\"noopener\">Resoluci\u00f3n N\u00ba 05-2022-CE-CAL<\/a><\/li>\n<li><a href=\"https:\/\/www.cal.org.pe\/v1\/wp-content\/uploads\/2022\/02\/Miembros-de-Mesa.pdf\" target=\"_blank\" rel=\"noopener\">RELACI\u00d3N DE MIEMBROS DE MESA PARA ELECCI\u00d3N DE MIEMBRO DEL CAL ANTE EL JNE<\/a><\/li>\n<li><a href=\"https:\/\/www.cal.org.pe\/v1\/wp-content\/uploads\/2022\/02\/RESOLUCION-No-04-CAL-CE.pdf\" target=\"_blank\" rel=\"noopener\">RESOLUCI\u00d3N N\u00b004-CE-CAL<\/a><\/li>\n<li><a href=\"https:\/\/www.cal.org.pe\/v1\/wp-content\/uploads\/2022\/02\/CROQUIS-SAN-MARCOS.jpg\" target=\"_blank\" rel=\"noopener\">CROQUIS UNIVERSIDAD NACIONAL MAYOR DE SAN MARCOS<\/a><\/li>\n<li><a href=\"https:\/\/www.cal.org.pe\/v1\/cronograma-de-elecciones-2022-2023\/\" target=\"_blank\" rel=\"noopener\">CRONOGRAMA ELECCIONES 2022 &#8211; 2023<\/a><\/li>\n<li><a href=\"https:\/\/www.cal.org.pe\/v1\/comunicado-n05-2022-ce-cal\/\" target=\"_blank\" rel=\"noopener\">COMUNICADO N\u00b005-2022-CE-CAL<\/a><\/li>\n<li><a href=\"https:\/\/www.cal.org.pe\/v1\/wp-content\/uploads\/2022\/02\/RESOLUCION-CE-003-2022.pdf\" target=\"_blank\" rel=\"noopener\">RESOLUCI\u00d3N N\u00b003-2022-CE-CAL<\/a><\/li>\n<li><a href=\"https:\/\/www.cal.org.pe\/v1\/comunicado-n04-ce-cal\/\" target=\"_blank\" rel=\"noopener\">COMUNICADO N\u00b004-2022-CE-CAL<\/a><\/li>\n<li><a href=\"https:\/\/www.cal.org.pe\/v1\/wp-content\/uploads\/2022\/02\/RESOLUCION-02-2022-CE-CAL.pdf\" target=\"_blank\" rel=\"noopener\">RESOLUCI\u00d3N N\u00b002-2022-CE-CAL<\/a><\/li>\n<li><a href=\"https:\/\/www.cal.org.pe\/v1\/comunicado-n03-2022-ce-cal\/\" target=\"_blank\" rel=\"noopener\">COMUNICADO N\u00b003-CE-CAL<\/a><\/li>\n<li><a href=\"https:\/\/www.cal.org.pe\/v1\/wp-content\/uploads\/2022\/02\/Convocatoria.pdf\" target=\"_blank\" rel=\"noopener\">CONVOCATORIA ELECCIONES 2022-2023<\/a><\/li>\n<li><a href=\"https:\/\/www.cal.org.pe\/v1\/wp-content\/uploads\/2022\/02\/Cronograma.pdf\" target=\"_blank\" rel=\"noopener\">CRONOGRAMA<\/a><\/li>\n<li><a href=\"https:\/\/www.cal.org.pe\/v1\/wp-content\/uploads\/2022\/02\/Reglamento.pdf\" target=\"_blank\" rel=\"noopener\">REGLAMENTO<\/a><\/li>\n<br>\n<p><strong>FORMATOS<\/strong><\/p>\n\n<li><a href=\"https:\/\/www.cal.org.pe\/v1\/wp-content\/uploads\/2022\/02\/A.-Hoja-de-vida.pdf\" target=\"_blank\" rel=\"noopener\">Hoja de vida<\/a><\/li>\n<li><a href=\"https:\/\/www.cal.org.pe\/v1\/wp-content\/uploads\/2022\/02\/Aceptacion_de_Cargo.pdf\" target=\"_blank\" rel=\"noopener\">Aceptaci\u00f3n_de_Cargo<\/a><\/li>\n<li><a href=\"https:\/\/www.cal.org.pe\/v1\/wp-content\/uploads\/2022\/02\/B.-Declaracion-jurada-de-no-estar-sancionado-por-medida-disciplinaria.pdf\" target=\"_blank\" rel=\"noopener\">Declaraci\u00f3n jurada de no estar sancionado por medida disciplinaria<\/a><\/li>\n<li><a href=\"https:\/\/www.cal.org.pe\/v1\/wp-content\/uploads\/2022\/02\/C.-Declaracion-jurada-de-no-parentesco-con-personal-del-CAL.pdf\" target=\"_blank\" rel=\"noopener\">Declaraci\u00f3n jurada de no parentesco con personal del CAL<\/a><\/li>\n<li><a href=\"https:\/\/www.cal.org.pe\/v1\/wp-content\/uploads\/2022\/02\/Compromiso_Irrenunciabilidad.pdf\" target=\"_blank\" rel=\"noopener\">Compromiso Irrenunciabilidad<\/a><\/li>\n<li><a href=\"https:\/\/www.cal.org.pe\/v1\/wp-content\/uploads\/2022\/02\/D.-Declaracion-juraba-de-no-tener-vinculo-laboral-alguno-con-el-CAL.pdf\" target=\"_blank\" rel=\"noopener\">Declaraci\u00f3n juraba de no tener vinculo laboral alguno con el CAL<\/a><\/li>\n<li><a href=\"https:\/\/www.cal.org.pe\/v1\/wp-content\/uploads\/2022\/02\/E.-Declaracion-jurada-de-antecedentes-penales-policiales-y-judiciales.pdf\" target=\"_blank\" rel=\"noopener\">Declaraci\u00f3n jurada de antecedentes penales, policiales y judiciales<\/a><\/li>\n<li><a href=\"https:\/\/www.cal.org.pe\/v1\/wp-content\/uploads\/2022\/02\/Formato_Solicitud_Inscripcion_Delegados.pdf\" target=\"_blank\" rel=\"noopener\">Formato_Solicitud_Inscripci\u00f3n_Delegados<\/a><\/li>\n<li><a href=\"https:\/\/www.cal.org.pe\/v1\/wp-content\/uploads\/2022\/02\/Formato_Solicitud_Inscripcion_JNE.pdf\" target=\"_blank\" rel=\"noopener\">Formato_Solicitud_Inscripci\u00f3n_JNE<\/a><\/li>\n<li><a href=\"https:\/\/www.cal.org.pe\/v1\/wp-content\/uploads\/2022\/02\/Formato_Solicitud_Inscripcion_Junta_de_Vigilancia.pdf\" target=\"_blank\" rel=\"noopener\">Formato_Solicitud_Inscripci\u00f3n_Junta_de_Vigilancia<\/a><\/li>\n<li><a href=\"https:\/\/www.cal.org.pe\/v1\/wp-content\/uploads\/2022\/02\/Formato_Solicitud_Inscripcion_Junta_Directiva.pdf\" target=\"_blank\" rel=\"noopener\">Formato_Solicitud_Inscripci\u00f3n_Junta_Directiva<\/a><\/li>\n<li><a href=\"https:\/\/www.cal.org.pe\/v1\/wp-content\/uploads\/2022\/02\/Planillones_para_Delegado.pdf\" target=\"_blank\" rel=\"noopener\">Planillones_para_Delegado<\/a><\/li>\n<li><a href=\"https:\/\/www.cal.org.pe\/v1\/wp-content\/uploads\/2022\/02\/Planillones_para_Junta_de_Vigilancia.pdf\" target=\"_blank\" rel=\"noopener\">Planillones_para_Junta_de_Vigilancia<\/a><\/li>\n<li><a href=\"https:\/\/www.cal.org.pe\/v1\/wp-content\/uploads\/2022\/02\/Planillones_para_Junta_Directiva.pdf\" target=\"_blank\" rel=\"noopener\">Planillones_para_Junta_Directiva<\/a><\/li>\n\n<li><a href=\"https:\/\/www.cal.org.pe\/v1\/wp-content\/uploads\/2022\/01\/RESOLUCION-001-2022-CE-CAL.pdf\" target=\"_blank\" rel=\"noopener\">RESOLUCI\u00d3N 001-2022-CE CAL<\/a><\/li>\n<li><a href=\"https:\/\/www.cal.org.pe\/v1\/wp-content\/uploads\/2022\/01\/INFORME-LEGAL-001-2022-PCE-Analisis-de-Empresas-consultadas-del-Voto-Electronico.pdf\" target=\"_blank\" rel=\"noopener\">INFORME LEGAL 001-2022-PCE An\u00e1lisis de Empresas consultadas del Voto Electr\u00f3nico<\/a><\/li>\n<li><a href=\"https:\/\/www.cal.org.pe\/v1\/wp-content\/uploads\/2022\/01\/VOTO-EN-DISCORDIA-1.pdf\" target=\"_blank\" rel=\"noopener\">VOTO EN DISCORDIA<\/a><\/li>\n<li><a href=\"https:\/\/www.cal.org.pe\/v1\/wp-content\/uploads\/2022\/01\/ACTA-DE-INSTALACION-1.jpeg\" target=\"_blank\" rel=\"noopener\">ACTA DE INSTALACI\u00d3N DE COMIT\u00c9 ELECTORAL<\/a><\/li>\n<li><a href=\"https:\/\/www.cal.org.pe\/v1\/wp-content\/uploads\/2022\/01\/COMUNICADO-02-2022-CE-CAL-724x1024.jpg\" target=\"_blank\" rel=\"noopener\">COMUNICADO N\u00b002-2022-CE-CAL<\/a><\/li>\n<li><a href=\"https:\/\/www.cal.org.pe\/v1\/wp-content\/uploads\/2022\/01\/COMUNICADO-01-2022-CE-CAL-724x1024.jpg\" target=\"_blank\" rel=\"noopener\">COMUNICADO N\u00b001-2022-CE-CAL<\/a><\/li><li><br><\/li>\n\n<p><strong>2021<\/strong><\/p>\n\n\n\n<\/div>\n<div style=\"position: relative; width: 100%; max-width: 1000px; margin: 0 auto;\">\n\n<li><strong><\/strong><a href=\"https:\/\/www.cal.org.pe\/v1\/wp-content\/uploads\/2021\/08\/CARTA-207-2021-NESTOR-WALQUI-HINOJOSA-PUBLICACION-DEL-COMUNICADO-13-fusionado_2_Page_2.jpg\" target=\"_blank\" rel=\"noopener\" style=\"background-color: rgb(255, 255, 255); font-family: Montserrat;\">COMUNICADO N\u00b0013-CE-CAL<\/a><\/li>\n<li><a href=\"https:\/\/www.cal.org.pe\/v1\/wp-content\/uploads\/2021\/08\/RESOLUCION-008-2021-CAMBIO-DE-MODALIDAD-DE-VOTO-VENP-A-VOTO-PRESENCIAL.docx.pdf\" target=\"_blank\" rel=\"noopener\">RESOLUCI\u00d3N N\u00b0008-2021-CE-CAL<\/a><\/li>\n<li><a href=\"https:\/\/www.cal.org.pe\/v1\/wp-content\/uploads\/2021\/07\/CARTA-200-2021-NESTOR-WALQUI-HINOJOSA-PUBLICACION-DEL-COMUNICADO-12-fusionado_Page_2-1086x1536.jpg\" target=\"_blank\" rel=\"noopener\">COMUNICADO N\u00b0012-CE-CAL<\/a><\/li>\n<li><a href=\"https:\/\/www.cal.org.pe\/v1\/wp-content\/uploads\/2021\/07\/CARTA-198-2021-NESTOR-WALQUI-HINOJOSA-PUBLICACION-DEL-COMUNICADO-11-fusionado_Page_2-1086x1536.jpg\" target=\"_blank\" rel=\"noopener\">COMUNICADO N\u00b0011-CE-CAL<\/a><\/li>\n<li><a href=\"https:\/\/www.cal.org.pe\/v1\/wp-content\/uploads\/2021\/07\/COMUNICADO-No.-101.pdf\" target=\"_blank\" rel=\"noopener\">COMUNICADO N\u00b0010-CE-CAL<\/a><\/li>\n<li><a href=\"https:\/\/www.cal.org.pe\/v1\/wp-content\/uploads\/2021\/06\/CARTA-178-2021-NESTOR-WALQUI-HINOJOSA-PUBLICACION-DEL-COMUNICADO-9-fusionado-1.pdf\" target=\"_blank\" rel=\"noopener\">CARTA N\u00b0178- COMUNICADO 09<\/a><\/li>\n<li><a href=\"https:\/\/www.cal.org.pe\/v1\/wp-content\/uploads\/2021\/06\/CARTA-177-2021-NESTOR-WALQUI-HINOJOSA-PUBLICACION-DE-CARTA-175-2021-Y-OFICIO-009-CE-CAL-V2-fusionado.pdf\" target=\"_blank\" rel=\"noopener\">CARTA-177-2021<\/a><\/li>\n<li><a href=\"https:\/\/www.cal.org.pe\/v1\/wp-content\/uploads\/2021\/06\/CARTA-176-2021-NESTOR-WALQUI-HINOJOSA-LA-RESOLUCION-Na-07-MODIFICACION-DEL-REGLAMENTO-fusionado.pdf\" target=\"_blank\" rel=\"noopener\">CARTA-176-2021<\/a><\/li>\n<li><a href=\"https:\/\/www.cal.org.pe\/v1\/wp-content\/uploads\/2021\/04\/CARTA-157-2021-NESTOR-WALQUI-HINOJOSA-OBSERVACIONES-DE-ONPE-CARTA-000123-2021-GIEE-ONPE.pdf\" target=\"_blank\" rel=\"noopener\">CARTA 157 2021 OBSERVACIONES DE ONPE CARTA N\u00b0000123-2021-GIEE-ONPE<\/a><\/li>\n<li><a href=\"https:\/\/www.cal.org.pe\/v1\/wp-content\/uploads\/2021\/03\/LISTADEFINITIVADELOSCANDIDATOSYLAFIRMADELPACTOETICO17.03.2021.pdf\" target=\"_blank\" rel=\"noopener\">LISTA DEFINITIVA DE LOS CANDIDATOS Y LA FIRMA DEL PACTO \u00c9TICO<\/a><\/li>\n<li><a href=\"https:\/\/www.cal.org.pe\/v1\/wp-content\/uploads\/2021\/09\/RESOLUCION-007-2021-MODIFICACION-DEL-REGLAMENTO-V3-1.pdf\" target=\"_blank\" rel=\"noopener\">RESOLUCION 007-2021 -MODIFICACION DEL REGLAMENTO<\/a><\/li>\n<li><a href=\"https:\/\/www.cal.org.pe\/v1\/wp-content\/uploads\/2021\/03\/6.RESOLUCION06-2021-SUSPENSIONDESORTEODENUMERACIONMODIFICAVFNAL.pdf\" target=\"_blank\" rel=\"noopener\">RESOLUCI\u00d3N N\u00b006-2021 SUSPENSION DE SORTEO DE NUMERACI\u00d3N<\/a><\/li>\n<li><a href=\"https:\/\/www.cal.org.pe\/v1\/wp-content\/uploads\/2021\/02\/COMUNICADOSOBRELAONPENo.06..pdf\" target=\"_blank\" rel=\"noopener\">Comunicado N\u00b0006-CE-CAL<\/a><\/li>\n<li><a href=\"https:\/\/www.cal.org.pe\/v1\/wp-content\/uploads\/2021\/02\/LISTADEFINITIVADELOSCANDIDATOSYLAFIRMADELPACTOETICO18.02.2021.pdf\" target=\"_blank\" rel=\"noopener\">Lista Definitiva de Candidatos a Miembro del CAL ante el JNE<\/a><\/li>\n<li><a href=\"https:\/\/www.cal.org.pe\/v1\/wp-content\/uploads\/2021\/02\/RESOLUCION04-2021V17.02.03V2.pdf\" target=\"_blank\" rel=\"noopener\">Resoluci\u00f3n N\u00b0004-2021-CE-CAL\/PE<\/a><\/li>\n<li><a href=\"https:\/\/www.cal.org.pe\/v1\/wp-content\/uploads\/2021\/02\/PUBLICACION-DEL-COMUNICA-DEL-COMITE-ELECTORAL-N\u00b0-05_compressed1.pdf\" target=\"_blank\" rel=\"noopener\">Comunicado N\u00b0005-CE-CAL<\/a><\/li>\n<li><a href=\"https:\/\/www.cal.org.pe\/v1\/wp-content\/uploads\/2021\/02\/Resolucioinna-03.pdf\" target=\"_blank\" rel=\"noopener\">Resoluci\u00f3n N\u00b0003-2021-CAL-CEL\/PE &#8211; sobre su posible inscripci\u00f3n como candidata a Miembro del Jurado Nacional de Elecciones \u2013 JNEAbogada LOURDES CH\u00c1VEZ DUE\u00d1AS<\/a><\/li>\n<li><a href=\"https:\/\/www.cal.org.pe\/v1\/wp-content\/uploads\/2021\/02\/RespuestadelcomiteIelectoralalatacha.pdf\" target=\"_blank\" rel=\"noopener\">Resoluci\u00f3n N\u00b0002-2021-CAL-CEL\/PE &#8211; sobre la Tacha interpuesta por el Abogado JUAN EDUARDO PE\u00d1A FIGUEROA<\/a><\/li>\n<li><a href=\"https:\/\/www.cal.org.pe\/v1\/relacion-de-candidatos-provisionalmente-como-miembro-del-jne\/\" target=\"_blank\" rel=\"noopener\">Relaci\u00f3n Preliminar de Candidatos al JNE<\/a><\/li>\n<li><a href=\"https:\/\/www.cal.org.pe\/v1\/resolucion-01-2021-del-comite-electoral\/\" target=\"_blank\" rel=\"noopener\">Resoluci\u00f3n N\u00b001-2021-CE-CAL<\/a><\/li>\n<li><a href=\"https:\/\/www.cal.org.pe\/v1\/wp-content\/uploads\/2020\/06\/Carta-N\u00b0-082-2020-CE-CAL-SECRETARIO-GENERAL.pdf\" target=\"_blank\" rel=\"noopener\">Carta N\u00b0 082 &#8211; 2020 &#8211; CE &#8211; CAL &#8211; SECRETARIO GENERAL<\/a><\/li>\n<li><a href=\"https:\/\/www.cal.org.pe\/v1\/wp-content\/uploads\/2020\/06\/Carta-N\u00b0-083-2020-CE-CAL-DIRECTOR-DE-ECONOMIA.pdf\" target=\"_blank\" rel=\"noopener\">Carta N\u00b0 083 &#8211; 2020 &#8211; CE &#8211; CAL &#8211; DIRECTOR DE ECONOM\u00cdA<\/a><\/li>\n<li><a href=\"https:\/\/www.cal.org.pe\/v1\/wp-content\/uploads\/2020\/06\/Carta-N\u00b0-084-2020-CE-CAL-DECANA1.pdf\" target=\"_blank\" rel=\"noopener\">Carta N\u00b0 084 &#8211; 2020 &#8211; CE &#8211; CAL &#8211; DECANA<\/a><\/li>\n<li><a href=\"https:\/\/www.cal.org.pe\/v1\/wp-content\/uploads\/2020\/06\/RESOLUCION-030-2020-CAL-CEL-PE.pdf\" target=\"_blank\" rel=\"noopener\">Resoluci\u00f3n N\u00b0030-2020-CAL-CEL-PE<\/a><\/li>\n<li><a href=\"https:\/\/www.cal.org.pe\/v1\/wp-content\/uploads\/2020\/06\/CARTA-NOTARIAL-Y-OTROS.pdf\" target=\"_blank\" rel=\"noopener\">Carta Notarial<\/a><\/li>\n<li>\n<p class=\"entry-title\"><a href=\"https:\/\/www.cal.org.pe\/v1\/resolucion-s-n-2020-cel-pe\/\" target=\"_blank\" rel=\"noopener\">Resoluci\u00f3n S\/N-2020-CEL\/PE<\/a><\/p>\n<\/li>\n<li>\n<p class=\"entry-title\"><a href=\"https:\/\/www.cal.org.pe\/v1\/carta-no-011-2020-cel-cal\/\" target=\"_blank\" rel=\"noopener\">CARTA N\u00ba 011-2020-CEL-CAL<\/a><\/p>\n<\/li>\n<li><a href=\"https:\/\/www.cal.org.pe\/v1\/wp-content\/uploads\/2020\/02\/COMUNICADO_012_2020_CAL_CE.pdf\" target=\"_blank\" rel=\"noopener noreferrer\">COMUNICADO 012-2020 &#8211; CONVOCA A ELECCIONES A JUNTA DIRECTIVA Y DELEGADOS ANTE LA ASAMBLEA&nbsp;<\/a><\/li>\n<li><a href=\"https:\/\/www.cal.org.pe\/v1\/wp-content\/uploads\/2020\/02\/COMUNICADO_N011_2020_CE_CAL_1000.jpg\">COMUNICADO 011-2020 &#8211; CONVOCA A REUNION DE CANDIDATOS<\/a><\/li>\n<li><a href=\"https:\/\/www.cal.org.pe\/v1\/wp-content\/uploads\/2020\/01\/comunicado-n10-2020.jpg\">COMUNICADO 010-2020 &#8211; SUSPENSI\u00d3N DE PROCESO ELECTORAL SE\u00d1ALADO PARA EL D\u00cdA 01 DE FEBRERO DE 2020<\/a><\/li>\n<li><a href=\"https:\/\/www.cal.org.pe\/v1\/wp-content\/uploads\/2020\/01\/COMUNICADO_009_2020_CAL_CE.pdf\" target=\"_blank\" rel=\"noopener noreferrer\">COMUNICADO 009-2020 &#8211; El Comit\u00e9 Electoral Convoca a Candidatos a Delegados el D\u00eda S\u00e1bado 18 de Enero a las 10:00 horas (10:00 am).<\/a><\/li>\n<li><a href=\"https:\/\/www.cal.org.pe\/v1\/wp-content\/uploads\/2020\/01\/COMUNICADO_008_2020_CAL_CE.pdf\" target=\"_blank\" rel=\"noopener noreferrer\">COMUNICADO 008-2020 &#8211; El Comit\u00e9 Electoral Convoca a Candidatos a Junta Directiva y Junta de Vigilancia para el D\u00eda Viernes 17 de Enero a las 19:00 horas (7:00 pm).<\/a><\/li>\n<li><a href=\"https:\/\/www.cal.org.pe\/v1\/wp-content\/uploads\/2020\/01\/COMUNICADO_007_2020_CAL_CE.pdf\" target=\"_blank\" rel=\"noopener noreferrer\">COMUNICADO 007-2020 &#8211; El Comit\u00e9 Electoral Comunica la Reprogramaci\u00f3n de la Fecha de Elecci\u00f3n para el d\u00eda 01 de Febrero de 2020.<\/a><\/li>\n<li><a href=\"https:\/\/www.cal.org.pe\/v1\/wp-content\/uploads\/2020\/01\/COMUNICADO_006_2020_CAL_CE.pdf\" target=\"_blank\" rel=\"noopener noreferrer\">COMUNICADO 006-2020 &#8211; El Comit\u00e9 Electoral Informa que para cualquier Consulta puede Comunicarse a los siguientes Tel\u00e9fonos y Correos&nbsp;<\/a><\/li>\n<\/ul>\n\n<\/div>\n<h5 style=\"color:black;\">Elecciones 2019<\/h5>\n<div style=\"position: relative; width: 100%; max-width: 1000px; margin: 0 auto;\">\n\n\n<li><a href=\"https:\/\/www.cal.org.pe\/v1\/wp-content\/uploads\/2019\/12\/ACTA_INSTALACION_COMITE_ELECTORAL.pdf\" target=\"_blank\" rel=\"noopener noreferrer\">Acta de Instalaci\u00f3n del Comit\u00e9 electoral del CAL se\u00f1alado el d\u00eda 06 de diciembre de 2019<\/a><\/li>\n<li><a href=\"https:\/\/www.cal.org.pe\/v1\/wp-content\/uploads\/2019\/12\/Acta-de-Proclamacion-del-Comite-Electoral.pdf\" target=\"_blank\" rel=\"noopener noreferrer\">Acta de Proclamaci\u00f3n del Comit\u00e9 Electoral &#8211; Periodo 2020 &#8211; 2021 del Colegio de Abogados de Lima<\/a><\/li>\n<li><a href=\"https:\/\/www.cal.org.pe\/v1\/wp-content\/uploads\/2019\/12\/Resultados_delegados_ante_la_asmablea.pdf\" target=\"_blank\" rel=\"noopener noreferrer\">Resultados de Delegados Electos Ante la Asamblea<\/a><\/li>\n<li><a href=\"https:\/\/www.cal.org.pe\/v1\/wp-content\/uploads\/2019\/12\/comunicado-CE-diario.pdf\">COMUNICADO &#8211; SUSPENSI\u00d3N DE CRONOGRAMA ELECTORAL 2019<\/a><\/li>\n<li><a href=\"https:\/\/www.cal.org.pe\/v1\/wp-content\/uploads\/2019\/12\/38-2019.pdf\">COMUNICADO 38-2019 &#8211; FE DE ERRATAS<\/a><\/li>\n<li><a href=\"https:\/\/www.cal.org.pe\/v1\/wp-content\/uploads\/2019\/12\/37-2019.pdf\">COMUNICADO 37-2019 &#8211; MULTA A OMISOS<\/a><\/li>\n<li><a href=\"https:\/\/www.cal.org.pe\/v1\/wp-content\/uploads\/2019\/11\/COMUNICADO_32_2019_CAL_CE.pdf\" target=\"_blank\" rel=\"noopener noreferrer\">COMUNICADO 32-2019-CAL\/CE &#8211; Informa que el d\u00eda 30 de Noviembre se Habilitara Caja en el Colegio Guadalupe<\/a><\/li>\n<li><a href=\"https:\/\/www.cal.org.pe\/v1\/wp-content\/uploads\/2019\/11\/COMUNICADO-31-2019-CAL-CE.pdf\">COMUNICADO 31-2019-CAL\/CE &#8211; SE CONVOCA A PERSONEROS A ESTAR PRESENTES EN CONTEO DE VOTOS<\/a><\/li>\n<li><a href=\"https:\/\/www.cal.org.pe\/v1\/wp-content\/uploads\/2019\/11\/COMUNICADO-30-2019-CAL-CE.pdf\">COMUNICADO 30-2019-CAL\/CE &#8211; CANCELACION DE REUNION DE PERSONEROS<\/a><\/li>\n<li><a href=\"https:\/\/www.cal.org.pe\/v1\/wp-content\/uploads\/2019\/11\/COMUNICADO_29_2019_CAL_CE.pdf\" target=\"_blank\" rel=\"noopener noreferrer\">COMUNICADO 29-2019-CAL\/CE &#8211; Comunicado a los miembros de Mesa Titulares y Suplentes<\/a><\/li>\n<li><a href=\"https:\/\/www.cal.org.pe\/v1\/wp-content\/uploads\/2019\/11\/COMUNICADO_28_2019_CAL_CE.pdf\" target=\"_blank\" rel=\"noopener noreferrer\">COMUNICADO 28-2019-CAL\/CE &#8211; Inscripci\u00f3n de Miembros de Mesa<\/a><\/li>\n<li><a href=\"https:\/\/www.cal.org.pe\/v1\/wp-content\/uploads\/2019\/11\/COMUNICADO_027_2019_CAL_CE.pdf\" target=\"_blank\" rel=\"noopener noreferrer\">COMUNICADO 27-2019-CAL\/CE &#8211; Relaci\u00f3n de Candidatos y Mesas de Sufragio.<\/a><\/li>\n<li><a href=\"https:\/\/www.cal.org.pe\/v1\/wp-content\/uploads\/2019\/11\/COMUNICADO-026-2019-CE-CAL.pdf\" target=\"_blank\" rel=\"noopener noreferrer\">COMUNICADO 26-2019-CAL\/CE &#8211; Comunican que Elecciones sera el d\u00eda 30 de noviembre<\/a><\/li>\n<li><a href=\"https:\/\/www.cal.org.pe\/v1\/wp-content\/uploads\/2019\/11\/COMUNICADO-025-2019-CE-CAL.pdf\" target=\"_blank\" rel=\"noopener noreferrer\">COMUNICADO 25-2019-CAL\/CE &#8211; Relaci\u00f3n a Candidatos a Delegados con la indicaci\u00f3n de numero de Mesas<\/a><\/li>\n<li><a href=\"https:\/\/www.cal.org.pe\/v1\/wp-content\/uploads\/2019\/11\/COMUNICADO-23-2019.pdf\">COMUNICADO 23-2019-CAL\/CE &#8211; Ley N\u00b029733-Ley de Protecci\u00f3n de Datos<\/a><\/li>\n<li><a href=\"https:\/\/www.cal.org.pe\/v1\/wp-content\/uploads\/2019\/11\/COMUNICADO-22-2019.pdf\">COMUNICADO 22-2019-CAL\/CE &#8211; Capacitaci\u00f3n a miembros de mesa<\/a><\/li>\n<li><a href=\"https:\/\/www.cal.org.pe\/v1\/wp-content\/uploads\/2019\/11\/COMUNICADO-21-2019.pdf\">COMUNICADO 21-2019-CAL\/CE &#8211; Exposici\u00f3n de Plan de Trabajo de los Candidatos a Junta Directiva y Junta de Vigilancia<\/a><\/li>\n<li><a href=\"https:\/\/www.cal.org.pe\/v1\/wp-content\/uploads\/2019\/11\/COMUNICADO-20-2019.pdf\">COMUNICADO 20-2019-CAL\/CE &#8211; Pago de Cuotas Ordinarias<\/a><\/li>\n<li><a href=\"https:\/\/www.cal.org.pe\/v1\/wp-content\/uploads\/2019\/11\/COMUNICADO_N_19_2019_CAL_CE.pdf\" target=\"_blank\" rel=\"noopener noreferrer\">COMUNICADO 019-2019-CE\/CAL &#8211; Responsabilidad de los Candidatos por Propaganda Electoral<\/a><\/li>\n<li><a href=\"https:\/\/www.cal.org.pe\/v1\/wp-content\/uploads\/2019\/11\/COMUNICADO_N_18_2019_CAL_CE.pdf\" target=\"_blank\" rel=\"noopener noreferrer\">COMUNICADO 018-2019-CE\/CAL &#8211; Sorteo de N\u00fameros de Candidatos<\/a><\/li>\n<li><a href=\"https:\/\/www.cal.org.pe\/v1\/wp-content\/uploads\/2019\/11\/COMUNICADO_N_17_2019_CAL_CE.pdf\" target=\"_blank\" rel=\"noopener noreferrer\">COMUNICADO 017-2019-CE\/CAL &#8211; Sorteo de Miembros de Mesa<\/a><\/li>\n<li><a href=\"https:\/\/www.cal.org.pe\/v1\/wp-content\/uploads\/2019\/11\/comunicado_16_2019_cal_ce.pdf\" target=\"_blank\" rel=\"noopener noreferrer\">COMUNICADO 016-2019-CE\/CAL &#8211; Comit\u00e9 Electoral Informa que no tiene Tachas Pendientes<\/a><\/li>\n<li><a href=\"https:\/\/www.cal.org.pe\/v1\/wp-content\/uploads\/2019\/11\/comunicado-15-2019.pdf\" target=\"_blank\" rel=\"noopener noreferrer\">COMUNICADO 015-2019-CE\/CAL &#8211; Resoluci\u00f3n de Tachas Formuladas a Pre-Candidatos<\/a><\/li>\n<li><a href=\"https:\/\/www.cal.org.pe\/v1\/wp-content\/uploads\/2019\/11\/comunicado-n-14-2019-ce-cal.pdf\" target=\"_blank\" rel=\"noopener noreferrer\">COMUNICADO 014-2019-CE\/CAL &#8211; Tachas a Pre-Candidaturas<\/a><\/li>\n<li><a href=\"https:\/\/www.cal.org.pe\/v1\/wp-content\/uploads\/2019\/11\/comunicado-n-13-2019-ce-cal.pdf\" target=\"_blank\" rel=\"noopener noreferrer\">COMUNICADO 013-2019-CE\/CAL &#8211; Formulaci\u00f3n de Tachas<\/a><\/li>\n<li><a href=\"https:\/\/www.cal.org.pe\/v1\/wp-content\/uploads\/2019\/11\/comunicado-11-2019-ce.pdf\" target=\"_blank\" rel=\"noopener noreferrer\">COMUNICADO 011-2019-CE\/CAL &#8211; Acuerdo Tomados en Asamblea General Ordinaria del CAL<\/a><\/li>\n<li><a href=\"https:\/\/www.cal.org.pe\/v1\/wp-content\/uploads\/2019\/10\/COMUNICADO-10-2019-CE-CAL.pdf\" target=\"_blank\" rel=\"noopener noreferrer\">COMUNICADO 010-2019-CE\/CAL &#8211; Sobre las Tachas<\/a><\/li>\n<li><a href=\"https:\/\/www.cal.org.pe\/v1\/wp-content\/uploads\/2019\/10\/COMUNICADO-09-2019-CE-CAL.pdf\" target=\"_blank\" rel=\"noopener noreferrer\">COMUNICADO 009-2019-CE\/CAL &#8211; Firma de Pacto \u00c9tico<\/a><\/li>\n<li><a href=\"https:\/\/www.cal.org.pe\/v1\/wp-content\/uploads\/2019\/10\/COMUNICADO-008-2019-CE-CAL.pdf\" target=\"_blank\" rel=\"noopener noreferrer\">COMUNICADO 008-2019-CE\/CAL &#8211; Sobre las Notificaciones de las Observaciones<\/a><\/li>\n<li><a href=\"https:\/\/www.cal.org.pe\/v1\/wp-content\/uploads\/2019\/10\/comunicado-007-2019.pdf\" target=\"_blank\" rel=\"noopener noreferrer\">COMUNICADO 007-2019-CE\/CAL &#8211; Presentaci\u00f3n de la Solicitud de Inscripci\u00f3n<\/a><\/li>\n<li><a href=\"https:\/\/www.cal.org.pe\/v1\/wp-content\/uploads\/2019\/10\/COMUNICADO-006-2019-CE-CAL.pdf\" target=\"_blank\" rel=\"noopener noreferrer\">COMUNICADO 006-2019-CE\/CAL &#8211; Multa por Acto de Manifestaci\u00f3n<\/a><\/li>\n<li><a href=\"https:\/\/www.cal.org.pe\/v1\/wp-content\/uploads\/2019\/10\/COMUNICADO-005-2019-CE-CAL.pdf\" target=\"_blank\" rel=\"noopener noreferrer\">COMUNICADO 005-2019-CE\/CAL &#8211; Sobre la Presentaci\u00f3n de la Solicitud de Inscripci\u00f3n<\/a><\/li>\n<li><a href=\"https:\/\/www.cal.org.pe\/v1\/wp-content\/uploads\/2019\/10\/COMUNICADO-004-2019-CE.pdf\" target=\"_blank\" rel=\"noopener noreferrer\">COMUNICADO 004-2019-CE\/CAL &#8211; Adquisici\u00f3n de hasta 2 Kit Electoral<\/a><\/li>\n<li><a href=\"https:\/\/www.cal.org.pe\/v1\/wp-content\/uploads\/2019\/09\/COMUNICADO-003-2019-CE.pdf\" target=\"_blank\" rel=\"noopener noreferrer\">COMUNICADO 003-2019-CE\/CAL &#8211; Entrega del Kit Electoral<\/a><\/li>\n<li><a href=\"https:\/\/www.cal.org.pe\/v1\/wp-content\/uploads\/2019\/09\/COMUNICADO-002-2019-CE.pdf\" target=\"_blank\" rel=\"noopener noreferrer\">COMUNICADO 002-2019-CE\/CAL &#8211; Respaldo de 1300 Firmas de abogados Activos para Inscripci\u00f3n de Lista a JD<\/a><\/li>\n<li><a href=\"https:\/\/www.cal.org.pe\/v1\/wp-content\/uploads\/2014\/08\/COMUNICADO-001-2019-CE-CAL.pdf\" target=\"_blank\" rel=\"noopener noreferrer\">COMUNICADO 001-2019-CE\/CAL&nbsp;&#8211;&nbsp;Aprobaci\u00f3n de Voto Presencial<\/a><\/li>\n<\/ul>\n\n\n<\/div>\n\n  <!-- Imagen superpuesta -->\n \n<\/div>\n<h5 style=\"color:black;\">Resoluciones<\/h5>\n<div style=\"position: relative; width: 100%; max-width: 1000px; margin: 0 auto;\">\n\n\n\n<li><a href=\"https:\/\/www.cal.org.pe\/v1\/wp-content\/uploads\/2020\/02\/RESOLUCION_ELECTORAL_027_20_CAL_CE.pdf\" target=\"_blank\" rel=\"noopener noreferrer\">RESOLUCI\u00d3N ELECTORAL N\u00ba 27 (Elecciones para el d\u00eda 22 de febrero de 2020)<\/a><\/li>\n<li><a href=\"https:\/\/www.cal.org.pe\/v1\/wp-content\/uploads\/2019\/12\/RESOLUCION_ELECTORAL_N_025_2019_CAL_CE.pdf\" target=\"_blank\" rel=\"noopener noreferrer\">RESOLUCI\u00d3N ELECTORAL N\u00ba 25 (Nulidad del Proceso Electoral del 30 de Noviembre de 2019)<\/a><\/li>\n<li><a href=\"https:\/\/www.cal.org.pe\/v1\/wp-content\/uploads\/2019\/12\/RESOLUCION_ELECTORAL_N_024_2019_CAL_CE.pdf\" target=\"_blank\" rel=\"noopener noreferrer\">RESOLUCI\u00d3N ELECTORAL N\u00ba 24 (Modificaci\u00f3n de P\u00e1rrafos Art. 38 y 76)<\/a><\/li>\n<li><a href=\"https:\/\/www.cal.org.pe\/v1\/wp-content\/uploads\/2019\/12\/RESOLUCION_ELECTORAL_N_023_2019_CAL_CE.pdf\" target=\"_blank\" rel=\"noopener noreferrer\">RESOLUCI\u00d3N ELECTORAL N\u00ba 23 (Modificaci\u00f3n de P\u00e1rrafo Articulo 76)<\/a><\/li>\n<li><a href=\"https:\/\/www.cal.org.pe\/v1\/wp-content\/uploads\/2019\/11\/RESOLUCION-ELECTORAL-N22-2019-CAL-CE.pdf\" target=\"_blank\" rel=\"noopener noreferrer\">RESOLUCI\u00d3N ELECTORAL N\u00ba 22 (Modificaci\u00f3n del Articulo 59 del Reglamento de Elecciones)<\/a><\/li>\n<li><a href=\"https:\/\/www.cal.org.pe\/v1\/wp-content\/uploads\/2019\/11\/RESOLUCION-ELECTORAL-N21-2019-CAL-CE.pdf\" target=\"_blank\" rel=\"noopener noreferrer\">RESOLUCI\u00d3N ELECTORAL N\u00ba 21 (Reincorporaci\u00f3n del Dr. Rufino Alejandro Navarro Morales como vocal del Comit\u00e9 Electoral)<\/a><\/li>\n<li><a href=\"https:\/\/www.cal.org.pe\/v1\/wp-content\/uploads\/2019\/11\/resolucion-20-2019.pdf\">RESOLUCI\u00d3N ELECTORAL N\u00ba 20 (Dejar sin Efecto Resoluci\u00f3n Electoral N\u00b0 8)<\/a><\/li>\n<li><a href=\"https:\/\/www.cal.org.pe\/v1\/wp-content\/uploads\/2019\/11\/resolucion-19-2019.pdf\">RESOLUCI\u00d3N ELECTORAL N\u00ba 19 (Invalides de la Resoluci\u00f3n Electoral N\u00b0 14 e Incorporar a Walter Edison Ayala Gonzales como Candidato)&nbsp;<\/a><\/li>\n<li><a href=\"https:\/\/www.cal.org.pe\/v1\/wp-content\/uploads\/2019\/11\/RESOLUCION_ELECTORAL_N_018_2019_CAL_CE.pdf\" target=\"_blank\" rel=\"noopener noreferrer\">RESOLUCI\u00d3N ELECTORAL N\u00b0 18 (Declara Improcedente el Recurso de Apelaci\u00f3n Presentado por el Abogado Walter Edison Ayala Gonzales<\/a><\/li>\n<li><a href=\"https:\/\/www.cal.org.pe\/v1\/wp-content\/uploads\/2019\/11\/RESOLUCION_ELECTORAL_N_17_2019_CAL_CE.pdf\" target=\"_blank\" rel=\"noopener noreferrer\">RESOLUCI\u00d3N ELECTORAL N\u00b0 17 (Declarar Improcedente las Tachas Presentadas contra la Pre-Candidatura a Walter Edison Ayala Gonzales)<\/a><\/li>\n<li><a href=\"https:\/\/www.cal.org.pe\/v1\/wp-content\/uploads\/2019\/11\/resolucion-16-2019.pdf\">RESOLUCI\u00d3N ELECTORAL N\u00b0 16 (Declarar Infundada la Tacha presentada por el Abogado V\u00edctor Vera Benavides)<\/a><\/li>\n<li><a href=\"https:\/\/www.cal.org.pe\/v1\/wp-content\/uploads\/2019\/11\/resolucion-15-2019.pdf\">RESOLUCI\u00d3N ELECTORAL N\u00b0 15 (Declarar Infundada la Cuesti\u00f3n Previa presentada por el Abogado Walter Edison Ayala Gonzales)<\/a><\/li>\n<li><a href=\"https:\/\/www.cal.org.pe\/v1\/wp-content\/uploads\/2019\/11\/resolucion-14-2019.pdf\">RESOLUCI\u00d3N ELECTORAL N\u00b0 14 (Declarar Improcedente la Pre-Candidatura del Candidato Walter Edison Ayasla Gonzales)<\/a><\/li>\n<li><a href=\"https:\/\/www.cal.org.pe\/v1\/wp-content\/uploads\/2019\/11\/resolucion-13-2019-con-voto-singular.pdf\">RESOLUCI\u00d3N ELECTORAL N\u00b0 13 (Confirmar la Resoluci\u00f3n N\u00b0 8 que Declara Improcedente la Inscripci\u00f3n de la Candidata Greta Minaya)<\/a><\/li>\n<li><a href=\"https:\/\/www.cal.org.pe\/v1\/wp-content\/uploads\/2019\/11\/resolucion-12-2019.pdf\">RESOLUCI\u00d3N ELECTORAL N\u00b0 12 (Modificaci\u00f3n Parcial del Cronograma de Elecciones)<\/a><\/li>\n<li><a href=\"https:\/\/www.cal.org.pe\/v1\/wp-content\/uploads\/2019\/10\/resolucion-11.pdf\" target=\"_blank\" rel=\"noopener noreferrer\">RESOLUCI\u00d3N ELECTORAL N\u00b0 11 (Admisi\u00f3n a Tramite la Inscripci\u00f3n de Candidatos a Delegados)<\/a><\/li>\n<li><a href=\"https:\/\/www.cal.org.pe\/v1\/wp-content\/uploads\/2019\/10\/resolucion-10.pdf\" target=\"_blank\" rel=\"noopener noreferrer\">RESOLUCI\u00d3N ELECTORAL N\u00b0 10 (Admisi\u00f3n a Tramite la Inscripci\u00f3n de Candidatos a la Junta de Vigilancia)<\/a><\/li>\n<li><a href=\"https:\/\/www.cal.org.pe\/v1\/wp-content\/uploads\/2019\/10\/resolucion-9.pdf\" target=\"_blank\" rel=\"noopener noreferrer\">RESOLUCI\u00d3N ELECTORAL N\u00b0 9 (Admisi\u00f3n a Tramite la Inscripci\u00f3n de Candidatos a la Junta Directiva)<\/a><\/li>\n<li><a href=\"https:\/\/www.cal.org.pe\/v1\/wp-content\/uploads\/2019\/10\/resolucion-electoral-8.pdf\" target=\"_blank\" rel=\"noopener noreferrer\">RESOLUCI\u00d3N ELECTORAL N\u00b0 8 (Declara Improcedente la Solicitud de Inscripci\u00f3n presentada por la Abogada Minaya Calle Elba Greta)<\/a><\/li>\n<li><a href=\"https:\/\/www.cal.org.pe\/v1\/wp-content\/uploads\/2019\/10\/resolucion-6-A.pdf\" target=\"_blank\" rel=\"noopener noreferrer\">RESOLUCI\u00d3N ELECTORAL N\u00b0 6A (Aclarar la Irrenunciabilidad Se\u00f1alada en el Formato Aludido)<\/a><\/li>\n<li><a href=\"https:\/\/www.cal.org.pe\/v1\/wp-content\/uploads\/2019\/10\/resolucion-6.pdf\" target=\"_blank\" rel=\"noopener noreferrer\">RESOLUCI\u00d3N ELECTORAL N\u00b0 6 (Modificar el articulo N\u00b0 8 del Reglamento Electoral)<\/a><\/li>\n<li><a href=\"https:\/\/www.cal.org.pe\/v1\/wp-content\/uploads\/2019\/10\/resolucion-5.pdf\" target=\"_blank\" rel=\"noopener noreferrer\">RESOLUCI\u00d3N ELECTORAL N\u00b0 5 (Modificar el Articulo 59 y 60 del Reglamento Electoral)<\/a><\/li>\n<li><a href=\"https:\/\/www.cal.org.pe\/v1\/wp-content\/uploads\/2019\/10\/RESOLUCION-3.pdf\" target=\"_blank\" rel=\"noopener noreferrer\">RESOLUCI\u00d3N ELECTORAL N\u00b0 3 (declarar Inadmisible la solicitud de Inscripci\u00f3n de los Siguientes Candidatos)<\/a><\/li>\n<li><a href=\"https:\/\/www.cal.org.pe\/v1\/wp-content\/uploads\/2019\/10\/RESOLUCION-2.pdf\" target=\"_blank\" rel=\"noopener noreferrer\">RESOLUCI\u00d3N ELECTORAL N\u00b0 2 (Admitir a Tramite la Inscripci\u00f3n de los Candidatos a Junta de Vigilancia)<\/a><\/li>\n<li><a href=\"https:\/\/www.cal.org.pe\/v1\/wp-content\/uploads\/2019\/10\/RESOLUCION-1.pdf\" target=\"_blank\" rel=\"noopener noreferrer\">RESOLUCI\u00d3N ELECTORAL N\u00b0 1 (Admisi\u00f3n a Tramite las Listas de Candidatos y Declaraci\u00f3n de Inadmisibles las Solicitudes de Inscripci\u00f3n)<\/a><\/li>\n<li><a href=\"https:\/\/www.cal.org.pe\/v1\/wp-content\/uploads\/2019\/09\/convocatoria.pdf\" target=\"_blank\" rel=\"noopener noreferrer\">CONVOCATORIA<\/a><\/li>\n<li><a href=\"https:\/\/www.cal.org.pe\/v1\/wp-content\/uploads\/2019\/09\/reglamento.pdf\" target=\"_blank\" rel=\"noopener noreferrer\">REGLAMENTO DE ELECCIONES 2019<\/a><\/li>\n<li><a href=\"https:\/\/www.cal.org.pe\/v1\/wp-content\/uploads\/2019\/09\/FE-DE-ERRATAS-DEL-REGLAMENTO-DE-ELECCIONES-2019.pdf\" target=\"_blank\" rel=\"noopener noreferrer\">FE DE ERRATAS DEL REGLAMENTO DE ELECCIONES 2019<\/a><\/li>\n<li><a href=\"https:\/\/www.cal.org.pe\/v1\/formatos-de-postulacion-a-elecciones-generales-2020-2021-al-colegio-de-abogados-de-lima\/\" target=\"_blank\" rel=\"noopener noreferrer\">FORMATOS PARA POSTULANTES AL PROCESO ELECTORAL 2020 &#8211; 2021<\/a><\/li>\n<li><a href=\"https:\/\/www.cal.org.pe\/v1\/wp-content\/uploads\/2019\/11\/candidatos_a_delegados_ante_las_mesas_de_sufragio.pdf\" target=\"_blank\" rel=\"noopener noreferrer\">CANDIDATOS A DELEGADOS (AS) ANTE LAS MESAS DE SUFRAGIO<\/a><\/li>\n<li><a href=\"https:\/\/www.cal.org.pe\/v1\/wp-content\/uploads\/2019\/11\/RELACION-DE-CCANDIDATOS-A-DECANO.pdf\" target=\"_blank\" rel=\"noopener noreferrer\">RELACI\u00d3N DE CANDIDATOS A DECANO<\/a><\/li>\n\n\n<\/div>\n\n  <!-- Imagen superpuesta -->\n<\/div>\n<h5 style=\"color:black;\">Resoluci\u00f3n de candidatos inscritos provisionalmente a Decano y su Junta Directiva<\/h5>\n<div style=\"position: relative; width: 100%; max-width: 1000px; margin: 0 auto;\">\n  <!-- Contenido base que est\u00e1 debajo -->\n\n\n\n\n<li><a href=\"https:\/\/www.cal.org.pe\/v1\/wp-content\/uploads\/2019\/11\/junta-directiva-angelica-rosa-sayan-lopez.pdf\" target=\"_blank\" rel=\"noopener noreferrer\">Junta Directiva Angelica Rosa Say\u00e1n Lopez<\/a><\/li>\n<li><a href=\"https:\/\/www.cal.org.pe\/v1\/wp-content\/uploads\/2019\/11\/junta-directiva-carlos-alberto-alberto-manuel-perea-vasquez.pdf\" target=\"_blank\" rel=\"noopener noreferrer\">Junta Directiva Carlos Alberto Manuel Perea V\u00e1squez<\/a><\/li>\n<li><a href=\"https:\/\/www.cal.org.pe\/v1\/wp-content\/uploads\/2019\/11\/junta-directiva-cayo-cesar-galindo-sandoval.pdf\" target=\"_blank\" rel=\"noopener noreferrer\">Junta Directiva Cayo Cesar Galindo Sandoval<\/a><\/li>\n<li><a href=\"https:\/\/www.cal.org.pe\/v1\/wp-content\/uploads\/2019\/11\/junta-directiva-cesar-gilberto-castaneda-serrano.pdf\" target=\"_blank\" rel=\"noopener noreferrer\">Junta Directiva Cesar Gilberto Casta\u00f1eda Serrano<\/a><\/li>\n<li><a href=\"https:\/\/www.cal.org.pe\/v1\/wp-content\/uploads\/2019\/11\/junta-directiva-javier-villa-stein.pdf\" target=\"_blank\" rel=\"noopener noreferrer\">Junta Directiva Javier Villa Stein<\/a><\/li>\n<li><a href=\"https:\/\/www.cal.org.pe\/v1\/wp-content\/uploads\/2019\/11\/junta-directiva-manuel-francisco-jimenez-achutegui.pdf\" target=\"_blank\" rel=\"noopener noreferrer\">Junta Directiva Manuel Francisco Jimenez Achutegui<\/a><\/li>\n<li><a href=\"https:\/\/www.cal.org.pe\/v1\/wp-content\/uploads\/2019\/11\/junta-directiva-marco-tulio-gutierrez-martinez.pdf\" target=\"_blank\" rel=\"noopener noreferrer\">Junta Directiva Marco Tulio Guti\u00e9rrez Martinez<\/a><\/li>\n<li><a href=\"https:\/\/www.cal.org.pe\/v1\/wp-content\/uploads\/2019\/11\/junta-directiva-oscar-ramon-pena-gonzales.pdf\" target=\"_blank\" rel=\"noopener noreferrer\">Junta Directiva Oscar Ram\u00f3n Pe\u00f1a Gonzales<\/a><\/li>\n<li><a href=\"https:\/\/www.cal.org.pe\/v1\/wp-content\/uploads\/2019\/11\/junta-directiva-oswaldo-servan-cayetano.pdf\" target=\"_blank\" rel=\"noopener noreferrer\">Junta Directiva Oswaldo Servan Cayetano<\/a><\/li>\n<li><a href=\"https:\/\/www.cal.org.pe\/v1\/wp-content\/uploads\/2019\/11\/junta-directiva-patricia-edith-bonilla-ordu\u00f1a.pdf\" target=\"_blank\" rel=\"noopener noreferrer\">Junta Directiva Patricia Edith Bonilla Ordu\u00f1a<\/a><\/li>\n<li><a href=\"https:\/\/www.cal.org.pe\/v1\/wp-content\/uploads\/2019\/11\/junta-directiva-walter-edison-ayala-gonzales.pdf\" target=\"_blank\" rel=\"noopener noreferrer\">Junta Directiva Walter Edison Ayala Gonzales<\/a><\/li>\n<li><a href=\"https:\/\/www.cal.org.pe\/v1\/wp-content\/uploads\/2019\/11\/junta-directiva-william-ciro-contreras-chavez.pdf\" target=\"_blank\" rel=\"noopener noreferrer\">Junta Directiva William Ciro Contreras Ch\u00e1vez<\/a><\/li>\n<li><a href=\"https:\/\/www.cal.org.pe\/v1\/wp-content\/uploads\/2019\/11\/greta-minaya.pdf\" target=\"_blank\" rel=\"noopener noreferrer\">Junta Directiva Elva Greta Minaya Calle<\/a><\/li>\n<\/ul>\n\n\n<\/div>\n\n \n<\/div>\n<h5 style=\"color:black;\">Gestiones anteriores, comunicados y resoluciones<\/h5>\n<div style=\"position: relative; width: 100%; max-width: 1000px; margin: 0 auto;\">\n\n\n\n<li><a href=\"https:\/\/www.cal.org.pe\/v1\/comite-electoral-2018\/\" target=\"_blank\" rel=\"noopener noreferrer\">COMIT\u00c9 ELECTORAL 2018<\/a><\/li>\n<li><a href=\"https:\/\/www.cal.org.pe\/v1\/comite-electoral-2017\/\" target=\"_blank\" rel=\"noopener noreferrer\">COMIT\u00c9 ELECTORAL 2017<\/a><\/li>\n<li><a href=\"https:\/\/www.cal.org.pe\/v1\/resoluciones-cecal-2016\/\" target=\"_blank\" rel=\"noopener noreferrer\">COMIT\u00c9 ELECTORAL 2016<\/a><\/li>\n<li><a href=\"https:\/\/www.cal.org.pe\/v1\/resoluciones-cecal-2015\/\" target=\"_blank\" rel=\"noopener noreferrer\">COMIT\u00c9 ELECTORAL 2015<\/a><\/li>\n\n\n<\/div>\n\n  <!-- Imagen superpuesta -->\n\n<\/div>\n\n\n\n\n\n\n\n\n\n<p>Lorem Ipsum has been the industry&#8217;s standard dummy text ever since the 1500s.<\/p>\n\n\n\n\n\n\n\n\n\n\n<style type='text\/css' media='all'>#rt-tpg-container-2677124189 .rt-holder .rt-woo-info .price{color:#0367bf;}body .rt-tpg-container .rt-tpg-isotope-buttons .selected,\n\t\t\t\t\t#rt-tpg-container-2677124189 .layout12 .rt-holder:hover .rt-detail,\n\t\t\t\t\t#rt-tpg-container-2677124189 .isotope8 .rt-holder:hover .rt-detail,\n\t\t\t\t\t#rt-tpg-container-2677124189 .carousel8 .rt-holder:hover .rt-detail,\n\t\t\t\t\t#rt-tpg-container-2677124189 .layout13 .rt-holder .overlay .post-info,\n\t\t\t\t\t#rt-tpg-container-2677124189 .isotope9 .rt-holder .overlay .post-info,\n\t\t\t\t\t#rt-tpg-container-2677124189.rt-tpg-container .layout4 .rt-holder .rt-detail,\n\t\t\t\t\t.rt-modal-2677124189 .md-content,\n\t\t\t\t\t.rt-modal-2677124189 .md-content > .rt-md-content-holder .rt-md-content,\n\t\t\t\t\t.rt-popup-wrap-2677124189.rt-popup-wrap .rt-popup-navigation-wrap,\n\t\t\t\t\t#rt-tpg-container-2677124189 .carousel9 .rt-holder .overlay .post-info{background-color:#0367bf;}#rt-tpg-container-2677124189 .layout5 .rt-holder .overlay, #rt-tpg-container-2677124189 .isotope2 .rt-holder .overlay, #rt-tpg-container-2677124189 .carousel2 .rt-holder .overlay,#rt-tpg-container-2677124189 .layout15 .rt-holder h3, #rt-tpg-container-2677124189 .isotope11 .rt-holder h3, #rt-tpg-container-2677124189 .carousel11 .rt-holder h3, #rt-tpg-container-2677124189 .layout16 .rt-holder h3,\n\t\t\t\t\t#rt-tpg-container-2677124189 .isotope12 .rt-holder h3, #rt-tpg-container-2677124189 .carousel12 .rt-holder h3 {background-color:rgba(3,103,191,0.8);}#rt-tpg-container-2677124189 .read-more a{border-radius:px;}#rt-tpg-container-2677124189 .rt-img-holder img.rt-img-responsive,#rt-tpg-container-2677124189 .rt-img-holder,\n\t\t\t\t\t#rt-tpg-container-2677124189 .rt-post-overlay .post-img,\n\t\t\t\t\t#rt-tpg-container-2677124189 .post-sm .post-img,\n\t\t\t\t\t#rt-tpg-container-2677124189 .rt-post-grid .post-img,\n\t\t\t\t\t#rt-tpg-container-2677124189 .post-img img {border-radius:px;}#rt-tpg-container-2677124189 .layout1 .rt-holder h2.entry-title,\n\t\t\t\t\t#rt-tpg-container-2677124189 .layout1 .rt-holder h3.entry-title,\n\t\t\t\t\t#rt-tpg-container-2677124189 .layout1 .rt-holder h4.entry-title,\n\t\t\t\t\t#rt-tpg-container-2677124189 .layout1 .rt-holder h2.entry-title a,\n\t\t\t\t\t#rt-tpg-container-2677124189 .layout1 .rt-holder h3.entry-title a,\n\t\t\t\t\t#rt-tpg-container-2677124189 .layout1 .rt-holder h4.entry-title a,\n\t\t\t\t\t#rt-tpg-container-2677124189 .rt-holder .rt-woo-info h2 a,\n\t\t\t\t\t#rt-tpg-container-2677124189 .rt-holder .rt-woo-info h3 a,\n\t\t\t\t\t#rt-tpg-container-2677124189 .rt-holder .rt-woo-info h4 a,\n\t\t\t\t\t#rt-tpg-container-2677124189 .post-content .post-title,\n\t\t\t\t\t#rt-tpg-container-2677124189 .rt-post-grid .post-title,\n\t\t\t\t\t#rt-tpg-container-2677124189 .rt-post-grid .post-title a,\n\t\t\t\t\t#rt-tpg-container-2677124189 .post-content .post-title a,\n\t\t\t\t\t#rt-tpg-container-2677124189 .rt-holder .rt-woo-info h2,\n\t\t\t\t\t#rt-tpg-container-2677124189 .rt-holder .rt-woo-info h3,\n\t\t\t\t\t#rt-tpg-container-2677124189 .rt-holder .rt-woo-info h4{color:#1e73be;font-size:26px;line-height:36px;font-weight:bold;}#rt-tpg-container-2677124189 .post-grid-lg-style-1 .post-title,\n\t\t\t\t\t\t#rt-tpg-container-2677124189 .post-grid-lg-style-1 .post-title a,\n\t\t\t\t\t\t#rt-tpg-container-2677124189 .big-layout .post-title,\n\t\t\t\t\t\t#rt-tpg-container-2677124189 .big-layout .post-title a,\n\t\t\t\t\t\t#rt-tpg-container-2677124189 .post-grid-lg-style-1 .post-title,\n\t\t\t\t\t\t#rt-tpg-container-2677124189 .post-grid-lg-style-1 .post-title a {font-size:34px;line-height:44px;}<\/style><div class='rt-container-fluid rt-tpg-container tpg-shortcode-main-wrapper  loading' id='rt-tpg-container-2677124189'   data-layout='layout1' data-grid-style='even' data-desktop-col='3'  data-tab-col='2'  data-mobile-col='1' data-sc-id='72608'><div class=\"tpg-widget-heading-wrapper heading-style1 \"><span class=\"tpg-widget-heading-line line-left\"><\/span><h2 class=\"tpg-widget-heading\">Comite electoral<\/h2><span class=\"tpg-widget-heading-line\"><\/span><\/div><div id=\"bottom-script-loader\" class=\"bottom-script-loader\"><div class=\"rt-ball-clip-rotate\"><div><\/div><\/div><\/div><div data-title='Cargando...' class='rt-row rt-content-loader   layout1 tpg-even '><div class=\"rt-col-md-4 rt-col-sm-6 rt-col-xs-12 even-grid-item rt-grid-item\" data-id=\"84736\"><div class=\"rt-holder\"><div class=\"rt-img-holder\"><a data-id=\"84736\" class=\"\" href=\"https:\/\/www.cal.org.pe\/v1\/2026\/03\/13\/comunicado-012-2026-ce-voto-informado\/\"><img fetchpriority=\"high\" decoding=\"async\" width=\"800\" height=\"500\" src=\"https:\/\/www.cal.org.pe\/v1\/wp-content\/uploads\/2026\/02\/AVISOS.jpg\" class=\"rt-img-responsive \" alt=\"\" \/><\/a><\/div><div class='rt-detail'><h3 class=\"entry-title\"><a data-id=\"84736\" class=\"\" href=\"https:\/\/www.cal.org.pe\/v1\/2026\/03\/13\/comunicado-012-2026-ce-voto-informado\/\">COMUNICADO 012-2026-CE | VOTO INFORMADO<\/a><\/h3><div class='post-meta-user  '><span class='date'><i class='flaticon-calendar '><\/i>marzo 13, 2026<\/span><\/div><div class='tpg-excerpt'>...<\/div><div class='post-meta '><span class='read-more'><a data-id='84736' class='' href='https:\/\/www.cal.org.pe\/v1\/2026\/03\/13\/comunicado-012-2026-ce-voto-informado\/'>Leer m\u00e1s<\/a><\/span><\/div><\/div><\/div><\/div><div class=\"rt-col-md-4 rt-col-sm-6 rt-col-xs-12 even-grid-item rt-grid-item\" data-id=\"84731\"><div class=\"rt-holder\"><div class=\"rt-img-holder\"><a data-id=\"84731\" class=\"\" href=\"https:\/\/www.cal.org.pe\/v1\/2026\/03\/13\/comunicado-011-2026-ce-voto-informado\/\"><img fetchpriority=\"high\" decoding=\"async\" width=\"800\" height=\"500\" src=\"https:\/\/www.cal.org.pe\/v1\/wp-content\/uploads\/2026\/02\/AVISOS.jpg\" class=\"rt-img-responsive \" alt=\"\" \/><\/a><\/div><div class='rt-detail'><h3 class=\"entry-title\"><a data-id=\"84731\" class=\"\" href=\"https:\/\/www.cal.org.pe\/v1\/2026\/03\/13\/comunicado-011-2026-ce-voto-informado\/\">COMUNICADO 011-2026-CE | VOTO INFORMADO<\/a><\/h3><div class='post-meta-user  '><span class='date'><i class='flaticon-calendar '><\/i>marzo 13, 2026<\/span><\/div><div class='tpg-excerpt'>...<\/div><div class='post-meta '><span class='read-more'><a data-id='84731' class='' href='https:\/\/www.cal.org.pe\/v1\/2026\/03\/13\/comunicado-011-2026-ce-voto-informado\/'>Leer m\u00e1s<\/a><\/span><\/div><\/div><\/div><\/div><div class=\"rt-col-md-4 rt-col-sm-6 rt-col-xs-12 even-grid-item rt-grid-item\" data-id=\"84793\"><div class=\"rt-holder\"><div class=\"rt-img-holder\"><a data-id=\"84793\" class=\"\" href=\"https:\/\/www.cal.org.pe\/v1\/2026\/03\/13\/decano-del-cal-saluda-incorporacion-del-dr-ghunter-gonzales-barron-al-pleno-del-jne\/\"><img decoding=\"async\" width=\"800\" height=\"500\" src=\"https:\/\/www.cal.org.pe\/v1\/wp-content\/uploads\/2026\/02\/NOTAS-DE-PRENSA.jpg\" class=\"rt-img-responsive \" alt=\"\" \/><\/a><\/div><div class='rt-detail'><h3 class=\"entry-title\"><a data-id=\"84793\" class=\"\" href=\"https:\/\/www.cal.org.pe\/v1\/2026\/03\/13\/decano-del-cal-saluda-incorporacion-del-dr-ghunter-gonzales-barron-al-pleno-del-jne\/\">DECANO DEL CAL SALUDA INCORPORACI\u00d3N DEL DR. GHUNTER GONZALES BARR\u00d3N AL PLENO DEL JNE<\/a><\/h3><div class='post-meta-user  '><span class='date'><i class='flaticon-calendar '><\/i>marzo 13, 2026<\/span><\/div><div class='tpg-excerpt'>El Decano del Colegio de Abogados de Lima, Dr. Ra\u00fal Canelo Rabanal, saluda y felicita...<\/div><div class='post-meta '><span class='read-more'><a data-id='84793' class='' href='https:\/\/www.cal.org.pe\/v1\/2026\/03\/13\/decano-del-cal-saluda-incorporacion-del-dr-ghunter-gonzales-barron-al-pleno-del-jne\/'>Leer m\u00e1s<\/a><\/span><\/div><\/div><\/div><\/div><div class=\"rt-col-md-4 rt-col-sm-6 rt-col-xs-12 even-grid-item rt-grid-item\" data-id=\"82235\"><div class=\"rt-holder\"><div class=\"rt-img-holder\"><a data-id=\"82235\" class=\"\" href=\"https:\/\/www.cal.org.pe\/v1\/2026\/03\/09\/comunicado-010-2026-ce-voto-informado\/\"><img fetchpriority=\"high\" decoding=\"async\" width=\"800\" height=\"500\" src=\"https:\/\/www.cal.org.pe\/v1\/wp-content\/uploads\/2026\/02\/AVISOS.jpg\" class=\"rt-img-responsive \" alt=\"\" \/><\/a><\/div><div class='rt-detail'><h3 class=\"entry-title\"><a data-id=\"82235\" class=\"\" href=\"https:\/\/www.cal.org.pe\/v1\/2026\/03\/09\/comunicado-010-2026-ce-voto-informado\/\">COMUNICADO 010-2026-CE | VOTO INFORMADO<\/a><\/h3><div class='post-meta-user  '><span class='date'><i class='flaticon-calendar '><\/i>marzo 9, 2026<\/span><\/div><div class='tpg-excerpt'>...<\/div><div class='post-meta '><span class='read-more'><a data-id='82235' class='' href='https:\/\/www.cal.org.pe\/v1\/2026\/03\/09\/comunicado-010-2026-ce-voto-informado\/'>Leer m\u00e1s<\/a><\/span><\/div><\/div><\/div><\/div><div class=\"rt-col-md-4 rt-col-sm-6 rt-col-xs-12 even-grid-item rt-grid-item\" data-id=\"78468\"><div class=\"rt-holder\"><div class=\"rt-img-holder\"><a data-id=\"78468\" class=\"\" href=\"https:\/\/www.cal.org.pe\/v1\/2026\/02\/27\/comunicado-008-2026-ce-voto-informado\/\"><img fetchpriority=\"high\" decoding=\"async\" width=\"800\" height=\"500\" src=\"https:\/\/www.cal.org.pe\/v1\/wp-content\/uploads\/2026\/02\/AVISOS.jpg\" class=\"rt-img-responsive \" alt=\"\" \/><\/a><\/div><div class='rt-detail'><h3 class=\"entry-title\"><a data-id=\"78468\" class=\"\" href=\"https:\/\/www.cal.org.pe\/v1\/2026\/02\/27\/comunicado-008-2026-ce-voto-informado\/\">COMUNICADO 008-2026-CE | VOTO INFORMADO<\/a><\/h3><div class='post-meta-user  '><span class='date'><i class='flaticon-calendar '><\/i>febrero 27, 2026<\/span><\/div><div class='tpg-excerpt'>...<\/div><div class='post-meta '><span class='read-more'><a data-id='78468' class='' href='https:\/\/www.cal.org.pe\/v1\/2026\/02\/27\/comunicado-008-2026-ce-voto-informado\/'>Leer m\u00e1s<\/a><\/span><\/div><\/div><\/div><\/div><div class=\"rt-col-md-4 rt-col-sm-6 rt-col-xs-12 even-grid-item rt-grid-item\" data-id=\"78461\"><div class=\"rt-holder\"><div class=\"rt-img-holder\"><a data-id=\"78461\" class=\"\" href=\"https:\/\/www.cal.org.pe\/v1\/2026\/02\/27\/comunicado-007-2026-ce-voto-informado\/\"><img fetchpriority=\"high\" decoding=\"async\" width=\"800\" height=\"500\" src=\"https:\/\/www.cal.org.pe\/v1\/wp-content\/uploads\/2026\/02\/AVISOS.jpg\" class=\"rt-img-responsive \" alt=\"\" \/><\/a><\/div><div class='rt-detail'><h3 class=\"entry-title\"><a data-id=\"78461\" class=\"\" href=\"https:\/\/www.cal.org.pe\/v1\/2026\/02\/27\/comunicado-007-2026-ce-voto-informado\/\">COMUNICADO 007-2026-CE | VOTO INFORMADO<\/a><\/h3><div class='post-meta-user  '><span class='date'><i class='flaticon-calendar '><\/i>febrero 27, 2026<\/span><\/div><div class='tpg-excerpt'>...<\/div><div class='post-meta '><span class='read-more'><a data-id='78461' class='' href='https:\/\/www.cal.org.pe\/v1\/2026\/02\/27\/comunicado-007-2026-ce-voto-informado\/'>Leer m\u00e1s<\/a><\/span><\/div><\/div><\/div><\/div><\/div><div class='rt-pagination-wrap' data-total-pages='5' data-posts-per-page='6' data-type='pagination'  ><div class=\"rt-pagination\" ><ul class=\"pagination-list\"><li class=\"active\"><span>1<\/span><\/li><li><a data-paged='2' href='https:\/\/www.cal.org.pe\/v1\/wp-json\/wp\/v2\/pages\/717\/page\/2\/'>2<\/a><\/li><li><a data-paged='3' href='https:\/\/www.cal.org.pe\/v1\/wp-json\/wp\/v2\/pages\/717\/page\/3\/'>3<\/a><\/li><li><a data-paged='4' href='https:\/\/www.cal.org.pe\/v1\/wp-json\/wp\/v2\/pages\/717\/page\/4\/'>4<\/a><\/li><li><a data-paged='5' href='https:\/\/www.cal.org.pe\/v1\/wp-json\/wp\/v2\/pages\/717\/page\/5\/'>5<\/a><\/li><\/ul><\/div><\/div><\/div>\n\n\n","protected":false},"excerpt":{"rendered":"","protected":false},"author":1,"featured_media":0,"parent":0,"menu_order":0,"comment_status":"closed","ping_status":"closed","template":"","meta":{"pagelayer_contact_templates":[],"_pagelayer_content":"","footnotes":""},"class_list":["post-717","page","type-page","status-publish","hentry"],"rttpg_featured_image_url":null,"rttpg_author":{"display_name":"Prensa","author_link":"https:\/\/www.cal.org.pe\/v1\/author\/alexsoriano1234live-com\/"},"rttpg_comment":0,"rttpg_category":"","rttpg_excerpt":null,"_links":{"self":[{"href":"https:\/\/www.cal.org.pe\/v1\/wp-json\/wp\/v2\/pages\/717","targetHints":{"allow":["GET"]}}],"collection":[{"href":"https:\/\/www.cal.org.pe\/v1\/wp-json\/wp\/v2\/pages"}],"about":[{"href":"https:\/\/www.cal.org.pe\/v1\/wp-json\/wp\/v2\/types\/page"}],"author":[{"embeddable":true,"href":"https:\/\/www.cal.org.pe\/v1\/wp-json\/wp\/v2\/users\/1"}],"replies":[{"embeddable":true,"href":"https:\/\/www.cal.org.pe\/v1\/wp-json\/wp\/v2\/comments?post=717"}],"version-history":[{"count":54,"href":"https:\/\/www.cal.org.pe\/v1\/wp-json\/wp\/v2\/pages\/717\/revisions"}],"predecessor-version":[{"id":91152,"href":"https:\/\/www.cal.org.pe\/v1\/wp-json\/wp\/v2\/pages\/717\/revisions\/91152"}],"wp:attachment":[{"href":"https:\/\/www.cal.org.pe\/v1\/wp-json\/wp\/v2\/media?parent=717"}],"curies":[{"name":"wp","href":"https:\/\/api.w.org\/{rel}","templated":true}]}}