{"id":575,"date":"2024-08-19T20:11:49","date_gmt":"2024-08-20T01:11:49","guid":{"rendered":"https:\/\/www.cal.org.pe\/v1\/?page_id=575"},"modified":"2026-04-09T14:51:58","modified_gmt":"2026-04-09T19:51:58","slug":"extension-social-y-participacion","status":"publish","type":"page","link":"https:\/\/www.cal.org.pe\/v1\/extension-social-y-participacion\/","title":{"rendered":"Extensi\u00f3n Social y Participaci\u00f3n"},"content":{"rendered":"\n\n\n\n\n\n\n<h2>Direcci\u00f3n de Extensi\u00f3n Social y Participaci\u00f3n<\/h2>\n\n\n\n<h5>Roc\u00edo Jes\u00fas Garro De La Pe\u00f1a<\/h5>\n\n\n\n<p [object NamedNodeMap]>Directora encargada<\/p>\n\n\n\n\n\n\n\n\n\n\n\n<h4>Introducci\u00f3n<\/h4>\n\n\n\n<p [object NamedNodeMap]>La Direcci\u00f3n de Extensi\u00f3n Social y Participaci\u00f3n del Colegio de Abogados de Lima (CAL) se encarga de promover y supervisar las asociaciones, consultorios, centros de conciliaci\u00f3n y dem\u00e1s servicios del CAL. Adem\u00e1s, tiene la responsabilidad de fomentar la participaci\u00f3n activa de los abogados y de la comunidad en actividades sociales y educativas relacionadas con el derecho. Sus funciones suelen incluir:<br><\/p>\n\n\n\n<p style=\"font-size:14px; line-height:17px;\"><b>Organizaci\u00f3n de Eventos y Actividades:<\/b> Coordinar y organizar eventos como conferencias, talleres, seminarios y cursos destinados a la actualizaci\u00f3n profesional y al desarrollo de habilidades de los abogados.<\/p>\n    \n    <p style=\"font-size:14px; line-height:17px;\"><b>Proyectos Sociales y Comunitarios:<\/b> Implementar y gestionar proyectos de responsabilidad social y actividades que contribuyan al bienestar de la comunidad, como servicios de asesor\u00eda legal gratuita o programas educativos.<\/p>\n    \n    <p style=\"font-size:14px; line-height:17px;\"><b>Promoci\u00f3n de la Participaci\u00f3n:<\/b>Fomentar la participaci\u00f3n de los abogados en actividades colegiadas y en iniciativas que promuevan la justicia y el acceso a la ley.<\/p>\n    \n    <p style=\"font-size:14px; line-height:17px;\"><b>Colaboraci\u00f3n con otras Entidades:<\/b> Trabajar en conjunto con otras organizaciones y entidades para desarrollar proyectos y actividades que beneficien tanto a la profesi\u00f3n legal como a la sociedad en general.<\/p>\n    \n    <p style=\"font-size:14px; line-height:17px;\"><b>Comunicaci\u00f3n y Divulgaci\u00f3n:<\/b>Facilitar la comunicaci\u00f3n entre el Colegio de Abogados y la sociedad, promoviendo la divulgaci\u00f3n de informaci\u00f3n relevante y la participaci\u00f3n activa de los colegiados en asuntos de inter\u00e9s com\u00fan.<\/p>\n\n\n\n\n\n<h4>Informe de gesti\u00f3n<\/h4>\n\n\n\n<h5 [object NamedNodeMap]>Enero &#8211; octubre 2025<\/h5>\n\n\n\n\n\nRevisa el informe\n\n\n\n\n\n\n\n<h4>Plan de trabajo<\/h4>\n\n\n\n<h3>2025<\/h3>\n\n\n\n\n\nRevisa el Plan de trabajo\n\n\n\n\n\n\n\n<h4>Plan de trabajo<\/h4>\n\n\n\n<h3>2024 &#8211; 2025<\/h3>\n\n\n\n\n\nRevisa el Plan de Trabajo\n\n\n\n\n\n\n\n<h4>Informe de gesti\u00f3n<\/h4>\n\n\n\n<h3>Abril &#8211; octubre<\/h3>\n\n\n\n\n\nConoce el informe\n\n\n\n\n\n\n\n\n\n\n\n\n\n\n\n<p>sec_extensionsocial@colegiodeabogadosdelima.pe<br><\/p>\n\n\n\n\n\n\n\n\n\n\n\n\n\n<p>710-6644<br><\/p>\n\n\n\n\n\n\n\n\n\n\n\n\n\n\n\n\n<span style=\"font-weight: 700; font-size: 15px;\"><u>A.D.A. Lima Centro<\/u><\/span><br style=\"font-family: Poppins; font-size: 15px;\"><span style=\"font-family: Poppins; font-size: 15px;\">Pres<\/span><span style=\"font-family: Poppins; font-size: 15px;\">idente:<\/span><br style=\"font-family: Poppins; font-size: 15px;\"><span style=\"font-family: Poppins; font-size: 15px;\">C\u00e9sa<\/span><span style=\"font-family: Poppins; font-size: 15px;\">r Basilio Mamani Callata<\/span><br>\n\n\n\n<span style=\"font-weight: 700; font-size: 15px;\"><u>A.D.A. Pueblo Libre<\/u><\/span><br style=\"font-family: Poppins; font-size: 15px;\"><span style=\"font-family: Poppins; font-size: 15px;\">Pres<\/span><span style=\"font-family: Poppins; font-size: 15px;\">idente:<\/span><br style=\"font-family: Poppins; font-size: 15px;\"><font face=\"Poppins\"><span style=\"font-size: 15px;\">Sylvia Liliana Huaman Machuca<\/span><\/font><br>\n\n\n\n<span style=\"font-weight: 700; font-size: 15px;\"><u>A.D.A. Lince<\/u><\/span><br style=\"font-family: Poppins; font-size: 15px;\"><span style=\"font-family: Poppins; font-size: 15px;\">Pres<\/span><span style=\"font-family: Poppins; font-size: 15px;\">idente:<\/span><br style=\"font-family: Poppins; font-size: 15px;\"><font face=\"Poppins\"><span style=\"font-size: 15px;\">Oscar V\u00edctor Carretero Torres<\/span><\/font><br>\n\n\n\n<span style=\"font-weight: 700; font-size: 15px;\"><u>A.D.A. Surquillo<\/u><\/span><br style=\"font-family: Poppins; font-size: 15px;\"><span style=\"font-family: Poppins; font-size: 15px;\">Pres<\/span><span style=\"font-family: Poppins; font-size: 15px;\">idente:<\/span><br style=\"font-family: Poppins; font-size: 15px;\"><font face=\"Poppins\"><span style=\"font-size: 15px;\">M\u00e1ximo Asencios Trujillo<\/span><\/font><br>\n\n\n\n<span style=\"font-weight: 700; font-size: 15px;\"><u>A.D.A. San Juan de Miraflores<\/u><\/span><br style=\"font-family: Poppins; font-size: 15px;\"><span style=\"font-family: Poppins; font-size: 15px;\">Pres<\/span><span style=\"font-family: Poppins; font-size: 15px;\">idente:<\/span><br style=\"font-family: Poppins; font-size: 15px;\"><font face=\"Poppins\"><span style=\"font-size: 15px;\">Fernando Pacsi Huilca<\/span><\/font><br>\n\n\n\n<span style=\"font-weight: 700; font-size: 15px;\"><u>A.D.A. San Isidro<\/u><\/span><br style=\"font-family: Poppins; font-size: 15px;\"><span style=\"font-family: Poppins; font-size: 15px;\">Pres<\/span><span style=\"font-family: Poppins; font-size: 15px;\">idente:<\/span><br style=\"font-family: Poppins; font-size: 15px;\"><font face=\"Poppins\"><span style=\"font-size: 15px;\">Walter Mart\u00edn Matos Guerrero<\/span><\/font><br>\n\n\n\n<span style=\"font-weight: 700; font-size: 15px;\"><u>A.D.A. Bre\u00f1a<\/u><\/span><br style=\"font-family: Poppins; font-size: 15px;\"><span style=\"font-family: Poppins; font-size: 15px;\">Pres<\/span><span style=\"font-family: Poppins; font-size: 15px;\">idente:<\/span><br style=\"font-family: Poppins; font-size: 15px;\"><font face=\"Poppins\"><span style=\"font-size: 15px;\">Panti Mar\u00eda Dalia Grajeda Fuentes<\/span><\/font><br>\n\n\n\n<span style=\"font-weight: 700; font-size: 15px;\"><u>A.D.A. Villa Mar\u00eda del Triunfo<\/u><\/span><br style=\"font-family: Poppins; font-size: 15px;\"><span style=\"font-family: Poppins; font-size: 15px;\">Pres<\/span><span style=\"font-family: Poppins; font-size: 15px;\">idente:<\/span><br style=\"font-family: Poppins; font-size: 15px;\"><font face=\"Poppins\"><span style=\"font-size: 15px;\">Anghell Massiel Fajardo Salcedo<\/span><\/font><br>\n\n\n\n<span style=\"font-weight: 700; font-size: 15px;\"><u>A.D.A. La Molina<\/u><\/span><br style=\"font-family: Poppins; font-size: 15px;\"><span style=\"font-family: Poppins; font-size: 15px;\">Pres<\/span><span style=\"font-family: Poppins; font-size: 15px;\">idente:<\/span><br style=\"font-family: Poppins; font-size: 15px;\"><font face=\"Poppins\"><span style=\"font-size: 15px;\">Olga Luc\u00eda Posadas Colich\u00f3n<\/span><\/font><br>\n\n\n\n<span style=\"font-weight: 700; font-size: 15px;\"><u>A.D.A. Chaclacayo<\/u><\/span><br style=\"font-family: Poppins; font-size: 15px;\"><span style=\"font-family: Poppins; font-size: 15px;\">Pres<\/span><span style=\"font-family: Poppins; font-size: 15px;\">idente:<\/span><br style=\"font-family: Poppins; font-size: 15px;\"><font face=\"Poppins\"><span style=\"font-size: 15px;\">Blanca Estela Madge Medina<\/span><\/font><br>\n\n\n\n<span style=\"font-weight: 700; font-size: 15px;\"><u>A.D.A. San Miguel<\/u><\/span><br style=\"font-family: Poppins; font-size: 15px;\"><span style=\"font-family: Poppins; font-size: 15px;\">Pres<\/span><span style=\"font-family: Poppins; font-size: 15px;\">idente:<\/span><br style=\"font-family: Poppins; font-size: 15px;\"><font face=\"Poppins\"><span style=\"font-size: 15px;\">Victor Manuel Le\u00f3n Castillo<\/span><\/font><br>\n\n\n\n<span style=\"font-weight: 700; font-size: 15px;\"><u>A.D.A. Ate<\/u><\/span><br style=\"font-family: Poppins; font-size: 15px;\"><span style=\"font-family: Poppins; font-size: 15px;\">Pres<\/span><span style=\"font-family: Poppins; font-size: 15px;\">idente:<\/span><br style=\"font-family: Poppins; font-size: 15px;\"><font face=\"Poppins\"><span style=\"font-size: 15px;\">Fery Franco Garc\u00eda Hurtado<\/span><\/font><br>\n\n\n\n\n\n\n\n<span style=\"font-weight: 700; font-size: 15px;\"><u>A.D.A. Miraflores<\/u><\/span><br style=\"font-family: Poppins; font-size: 15px;\"><span style=\"font-family: Poppins; font-size: 15px;\">Pres<\/span><span style=\"font-family: Poppins; font-size: 15px;\">idente:<\/span><br style=\"font-family: Poppins; font-size: 15px;\"><font face=\"Poppins\"><span style=\"font-size: 15px;\">Mar\u00eda Figueroa Bojorquez<\/span><\/font><br>\n\n\n\n<span style=\"font-weight: 700; font-size: 15px;\"><u>A.D.A. San Mart\u00edn de Porres<\/u><\/span><br style=\"font-family: Poppins; font-size: 15px;\"><span style=\"font-family: Poppins; font-size: 15px;\">Pres<\/span><span style=\"font-family: Poppins; font-size: 15px;\">idente:<\/span><br style=\"font-family: Poppins; font-size: 15px;\"><font face=\"Poppins\"><span style=\"font-size: 15px;\">Rosa Fiorella Geraldine Tito Mitma<\/span><\/font><br>\n\n\n\n<span style=\"font-weight: 700; font-size: 15px;\"><u>A.D.A. Magdalena<\/u><\/span><br style=\"font-family: Poppins; font-size: 15px;\"><span style=\"font-family: Poppins; font-size: 15px;\">Pres<\/span><span style=\"font-family: Poppins; font-size: 15px;\">idente:<\/span><br style=\"font-family: Poppins; font-size: 15px;\"><font face=\"Poppins\"><span style=\"font-size: 15px;\">Mercedes Morocho Arias<\/span><\/font><br>\n\n\n\n<span style=\"font-weight: 700; font-size: 15px;\"><u>A.D.A. San Juan de Lurigancho<\/u><\/span><br style=\"font-family: Poppins; font-size: 15px;\"><span style=\"font-family: Poppins; font-size: 15px;\">Pres<\/span><span style=\"font-family: Poppins; font-size: 15px;\">idente:<\/span><br style=\"font-family: Poppins; font-size: 15px;\"><font face=\"Poppins\"><span style=\"font-size: 15px;\">Federico Jos\u00e9 Bustinza F\u00e9lix<\/span><\/font><br>\n\n\n\n<span style=\"font-weight: 700; font-size: 15px;\"><u>A.D.A. Villa El Salvador<\/u><\/span><br style=\"font-family: Poppins; font-size: 15px;\"><span style=\"font-family: Poppins; font-size: 15px;\">Pres<\/span><span style=\"font-family: Poppins; font-size: 15px;\">idente:<\/span><br style=\"font-family: Poppins; font-size: 15px;\"><font face=\"Poppins\"><span style=\"font-size: 15px;\">Walter Jos\u00e9 Tello Osorio<\/span><\/font><br>\n\n\n\n<span style=\"font-weight: 700; font-size: 15px;\"><u>A.D.A. Santiago de Surco<\/u><\/span><br style=\"font-family: Poppins; font-size: 15px;\"><span style=\"font-family: Poppins; font-size: 15px;\">Pres<\/span><span style=\"font-family: Poppins; font-size: 15px;\">idente:<\/span><br style=\"font-family: Poppins; font-size: 15px;\"><font face=\"Poppins\"><span style=\"font-size: 15px;\">Sof\u00eda Gutierrez Reyes de Jim\u00e9nez<\/span><\/font><br>\n\n\n\n<span style=\"font-weight: 700; font-size: 15px;\"><u>A.D.A. San Borja<\/u><\/span><br style=\"font-family: Poppins; font-size: 15px;\"><span style=\"font-family: Poppins; font-size: 15px;\">Pres<\/span><span style=\"font-family: Poppins; font-size: 15px;\">idente:<\/span><br style=\"font-family: Poppins; font-size: 15px;\"><font face=\"Poppins\"><span style=\"font-size: 15px;\">Carmen Rosa Rodriguez Caro<\/span><\/font><br>\n\n\n\n<span style=\"font-weight: 700; font-size: 15px;\"><u>A.D.A. Chorrillos<\/u><\/span><br style=\"font-family: Poppins; font-size: 15px;\"><span style=\"font-family: Poppins; font-size: 15px;\">Pres<\/span><span style=\"font-family: Poppins; font-size: 15px;\">idente:<\/span><br style=\"font-family: Poppins; font-size: 15px;\"><font face=\"Poppins\"><span style=\"font-size: 15px;\">Oscar Ricardo Herrera Magui\u00f1a<\/span><\/font><br>\n\n\n\n<span style=\"font-weight: 700; font-size: 15px;\"><u>A.D.A. Los Olivos<\/u><\/span><br style=\"font-family: Poppins; font-size: 15px;\"><span style=\"font-family: Poppins; font-size: 15px;\">Pres<\/span><span style=\"font-family: Poppins; font-size: 15px;\">idente:<\/span><br style=\"font-family: Poppins; font-size: 15px;\"><font face=\"Poppins\"><span style=\"font-size: 15px;\">Daniel Melendez Valverde<\/span><\/font><br>\n\n\n\n<span style=\"font-weight: 700; font-size: 15px;\"><u>A.D.A. La Victoria<\/u><\/span><br style=\"font-family: Poppins; font-size: 15px;\"><span style=\"font-family: Poppins; font-size: 15px;\">Pres<\/span><span style=\"font-family: Poppins; font-size: 15px;\">idente:<\/span><br style=\"font-family: Poppins; font-size: 15px;\"><font face=\"Poppins\"><span style=\"font-size: 15px;\">Wuiston Vilca Pinche<\/span><\/font><br>\n\n\n\n<span style=\"font-weight: 700; font-size: 15px;\"><u>A.D.A. El Agustino<\/u><\/span><br style=\"font-family: Poppins; font-size: 15px;\"><span style=\"font-family: Poppins; font-size: 15px;\">Pres<\/span><span style=\"font-family: Poppins; font-size: 15px;\">idente:<\/span><br style=\"font-family: Poppins; font-size: 15px;\"><font face=\"Poppins\"><span style=\"font-size: 15px;\">Carmen Carolina Castillo Yataco<\/span><\/font><br>\n\n\n\n\n\n\n\n\n\n\n<ul>\n        <li>Z AYALA, Sheyla<\/li>\n        <li>AMANCIO ESCUDERO, Victoria Marcela<\/li>\n        <li>BARRERA ARGUELLES, Elsa Yliana<\/li>\n        <li>BETALLELUZ AGUIRRE, Abrahan Hugo<\/li>\n        <li>CAMPOS APARICIO, Am\u00e9rica Luisa<\/li>\n        <li>CANALES DIAZ, Rosario Elvira<\/li>\n        <li>CARDENAS SANDOVAL, Lucila Betzabe<\/li>\n        <li>CARRASCO NALVARTE, Stefanya Hilda<\/li>\n        <li>CARRIZALES MUJICA, Julia Angelica<\/li>\n        <li>CASTRO JUNGBLUTH, Jessica Carolina<\/li>\n        <li>CHAN GARCIA, Gerardo Enrique<\/li>\n        <li>CHINCHAY ALVARADO, Miguel \u00c1ngel<\/li>\n        <li>CHONQUI VELASQUEZ, Sully<\/li>\n        <li>CONTRERAS ANCHAYHUA, Lorena Ana<\/li>\n        <li>CORTEZ RODRIGUEZ, Jos\u00e9 Abraham<\/li>\n        <li>CORREA GUARNIZ, Soledad Francisca<\/li>\n        <li>DAVID BALCAZAR, Miguel \u00c1ngel<\/li>\n        <li>DIAZ JIMENEZ, Carmen Rosa<\/li>\n        <li>GARCIA JIMENEZ, Fernando Ignacio<\/li>\n        <li>GONZALES GARC\u00cdA, Ada Franchesca<\/li>\n        <li>G\u00d3MEZ RAMIREZ, Cecilia Elizabeth<\/li>\n        <li>GUARDIA ANCASI, Luisa Lupe<\/li>\n        <li>HUAYTA TORPOCO, Mar\u00eda Salome<\/li>\n        <li>LIZANO LOPEZ, Floresmilo<\/li>\n        <li>LOPEZ LAU, Alberto Benjam\u00edn<\/li>\n        <li>MEJIA REATEGUI, Janie Mar\u00eda Margot<\/li>\n        <li>MONTALVO ALCALDE, Amparo Marizela<\/li>\n        <li>MONTOYA OLORTEGUI, Susana Filomena<\/li>\n        <li>MORALES CERVANTES, RITA Evelyn<\/li>\n        <li>MORALES FLORES, Eduardo<\/li>\n        <li>MORANTE DE LA CRUZ, Diana Milagros<\/li>\n        <li>MURILLO MEDINA, Feliciano<\/li>\n        <li>MURGA HOCES, Elena Asunci\u00f3n<\/li>\n        <li>MURGA HOCES, Orieta Sabina<\/li>\n        <li>OLIVARES CRUZ, Teodosia Graciela<\/li>\n        <li>PINTO RODRIGO, Sonia<\/li>\n        <li>PIZARRO GUEVARA, Gloria Zulema<\/li>\n        <li>PORTUGAL ALMONTE, Larry<\/li>\n        <li>RAMOS BELTRAN, ROSALVINA<\/li>\n        <li>RODRIGUEZ MORALES, Alejandrina<\/li>\n        <li>ROMERO AMES, Jaguinet<\/li>\n        <li>SANCHEZ FLORES, Edith Elena<\/li>\n        <li>UTRILLA RUIZ, Teresa de Jes\u00fas<\/li>\n        <li>VALDIVIA MORENO, Nancy<\/li>\n        <li>VALDIVIEZO CRUZ, Eri Daniel<\/li>\n        <li>VELA VEGA, Sesibel Margarita<\/li>\n        <li>VILLACORTA SEMINARIO, Luis Oswaldo<\/li>\n        <li>VIVAS NAVARRO, Jord\u00e1n Jes\u00fas<\/li>\n        <li>ZAPATA COSSIO, Welmer Eliazar<\/li>\n    <\/ul>\n\n\n\n\n\n\n\n\n\n\nReglamento Interno para las Asociaciones Distritales de Abogados\n\n\n\nReglamento \u00danico de Elecciones de las Asociaciones Distritales de Abogados\n\n\n\nReglamento de la Defensor\u00eda Social del CAL\n\n\n\n\n\n\n\n\n<h4>Acervo documentario<\/h4>\n\n\n\n\n\n\n\n<div style=\"position: relative; width: 100%; max-width: 1000px; margin: 0 auto;\">\n  <!-- Contenido base que est\u00e1 debajo -->\n  <div style=\"filter: blur(3px); pointer-events: none;\">\n\n<ul>\n<li><a href=\"https:\/\/www.cal.org.pe\/v1\/wp-content\/uploads\/2022\/08\/DIRECCION-EXTENSION-SOCIAL.pdf\" style=\"cursor: pointer;\">INFORME 100 DIAS DE GESTI\u00d3N&nbsp;<\/a><\/li>\n<li>PLAN DE TRABAJO<\/li>\n\n<li><a href=\"https:\/\/www.cal.org.pe\/v1\/asociaciones-distritales-de-abogados\/\" target=\"_blank\" rel=\"noopener noreferrer\"><span class=\"option\">ASOCIACIONES DISTRITALES DE ABOGADOS<\/span><\/a><\/li>\n<li><a href=\"https:\/\/www.cal.org.pe\/v1\/deferensores2022-2023\/\" target=\"_blank\" rel=\"noopener\">DEFENSORES SOCIALES AD HONOREM 2022-2023<\/a><\/li>\n\n<\/ul>\n\n<\/div>\n\n  <!-- Imagen superpuesta -->\n  <img decoding=\"async\" src=\"https:\/\/www.cal.org.pe\/v1\/wp-content\/uploads\/2025\/07\/CONSTRU.png\" alt=\"En construcci\u00f3n\" style=\"position: absolute; top: 50%; left: 50%;\n              transform: translate(-50%, -50%);\n              width: 80%; max-width: 500px;\n              z-index: 10;\">\n<\/div>\n\n\n\n\n\n\n\n\n\n\n\n<p>Lorem Ipsum has been the industry&#8217;s standard dummy text ever since the 1500s.<\/p>\n\n\n\n\n\n\n\n\n\n\n\n\n\n<h4>Publicaciones relacionadas<\/h4>\n\n\n\n\n\n\n\n<style type='text\/css' media='all'>#rt-tpg-container-1395297381 .rt-holder .rt-woo-info .price{color:#0367bf;}body .rt-tpg-container .rt-tpg-isotope-buttons .selected,\n\t\t\t\t\t#rt-tpg-container-1395297381 .layout12 .rt-holder:hover .rt-detail,\n\t\t\t\t\t#rt-tpg-container-1395297381 .isotope8 .rt-holder:hover .rt-detail,\n\t\t\t\t\t#rt-tpg-container-1395297381 .carousel8 .rt-holder:hover .rt-detail,\n\t\t\t\t\t#rt-tpg-container-1395297381 .layout13 .rt-holder .overlay .post-info,\n\t\t\t\t\t#rt-tpg-container-1395297381 .isotope9 .rt-holder .overlay .post-info,\n\t\t\t\t\t#rt-tpg-container-1395297381.rt-tpg-container .layout4 .rt-holder .rt-detail,\n\t\t\t\t\t.rt-modal-1395297381 .md-content,\n\t\t\t\t\t.rt-modal-1395297381 .md-content > .rt-md-content-holder .rt-md-content,\n\t\t\t\t\t.rt-popup-wrap-1395297381.rt-popup-wrap .rt-popup-navigation-wrap,\n\t\t\t\t\t#rt-tpg-container-1395297381 .carousel9 .rt-holder .overlay .post-info{background-color:#0367bf;}#rt-tpg-container-1395297381 .layout5 .rt-holder .overlay, #rt-tpg-container-1395297381 .isotope2 .rt-holder .overlay, #rt-tpg-container-1395297381 .carousel2 .rt-holder .overlay,#rt-tpg-container-1395297381 .layout15 .rt-holder h3, #rt-tpg-container-1395297381 .isotope11 .rt-holder h3, #rt-tpg-container-1395297381 .carousel11 .rt-holder h3, #rt-tpg-container-1395297381 .layout16 .rt-holder h3,\n\t\t\t\t\t#rt-tpg-container-1395297381 .isotope12 .rt-holder h3, #rt-tpg-container-1395297381 .carousel12 .rt-holder h3 {background-color:rgba(3,103,191,0.8);}#rt-tpg-container-1395297381 .pagination-list li a,\n\t\t\t\t\trt-tpg-container-1395297381 .pagination-list li span,\n\t\t\t\t\trt-tpg-container-1395297381 .pagination li a,\n\t\t\t\t\t#rt-tpg-container-1395297381 .rt-tpg-isotope-buttons button,\n\t\t\t\t\t#rt-tpg-container-1395297381 .rt-tpg-utility .rt-tpg-load-more button,\n\t\t\t\t\t#rt-tpg-container-1395297381.rt-tpg-container .swiper-navigation .slider-btn,\n\t\t\t\t\t#rt-tpg-container-1395297381.rt-tpg-container .swiper-pagination-bullet,\n\t\t\t\t\t#rt-tpg-container-1395297381 .wc1 .rt-holder .rt-img-holder .overlay .product-more ul li a,\n\t\t\t\t\t#rt-tpg-container-1395297381 .wc2 .rt-detail .rt-wc-add-to-cart,\n\t\t\t\t\t#rt-tpg-container-1395297381 .wc3 .rt-detail .rt-wc-add-to-cart,\n\t\t\t\t\t#rt-tpg-container-1395297381 .wc4 .rt-detail .rt-wc-add-to-cart,\n\t\t\t\t\t#rt-tpg-container-1395297381 .wc-carousel2 .rt-detail .rt-wc-add-to-cart,\n\t\t\t\t\t#rt-tpg-container-1395297381 .wc-isotope2 .rt-detail .rt-wc-add-to-cart,\n\t\t\t\t\t#rt-tpg-container-1395297381 .rt-layout-filter-container .rt-filter-wrap .rt-filter-item-wrap.rt-filter-dropdown-wrap .rt-filter-dropdown,\n\t\t\t\t\t#rt-tpg-container-1395297381 .rt-layout-filter-container .rt-filter-sub-tax.sub-button-group .rt-filter-button-item,\n\t\t\t\t\t#rt-tpg-container-1395297381.rt-tpg-container .rt-pagination-wrap .rt-page-numbers .paginationjs .paginationjs-pages ul li>a,\n\t\t\t\t\t#rt-tpg-container-1395297381 .rt-filter-item-wrap.rt-filter-button-wrap span.rt-filter-button-item,\n\t\t\t\t\t#rt-tpg-container-1395297381.rt-tpg-container .rt-pagination-wrap  .rt-loadmore-btn,\n\t\t\t\t\t#rt-tpg-container-1395297381.rt-tpg-container .rt-pagination-wrap .rt-cb-page-prev-next > *,\n\t\t\t\t\t#rt-tpg-container-1395297381 .rt-read-more,\n\t\t\t\t\t#rt-tooltip-1395297381, #rt-tooltip-1395297381 .rt-tooltip-bottom:after{background-color:#0367bf;}#rt-tpg-container-1395297381 .rt-filter-item-wrap.rt-filter-button-wrap span.rt-filter-button-item,\n\t\t\t\t\t#rt-tpg-container-1395297381 .rt-layout-filter-container .rt-filter-sub-tax.sub-button-group .rt-filter-button-item{border-color:#0367bf;}#rt-tpg-container-1395297381.rt-tpg-container .layout17 .rt-holder .overlay a.tpg-zoom .fa{color:#0367bf;}#rt-tpg-container-1395297381 .rt-holder .read-more a {background-color:#0367bf;padding: 8px 15px;}#rt-tpg-container-1395297381 .pagination li.active span,\n\t\t\t\t\t#rt-tpg-container-1395297381 .pagination-list li.active span,\n\t\t\t\t\t#rt-tpg-container-1395297381 .rt-tpg-isotope-buttons button.selected,\n\t\t\t\t\t#rt-tpg-container-1395297381 .rt-filter-item-wrap.rt-filter-button-wrap span.rt-filter-button-item.selected,\n\t\t\t\t\t#rt-tpg-container-1395297381 .rt-layout-filter-container .rt-filter-sub-tax.sub-button-group .rt-filter-button-item.selected,\n\t\t\t\t\t#rt-tpg-container-1395297381.rt-tpg-container .rt-pagination-wrap .rt-page-numbers .paginationjs .paginationjs-pages ul li.active>a,\n\t\t\t\t\t#rt-tpg-container-1395297381.rt-tpg-container .swiper-pagination-bullet.swiper-pagination-bullet-active-main{background-color:#0424c9;}#rt-tpg-container-1395297381 .rt-filter-item-wrap.rt-filter-button-wrap span.rt-filter-button-item.selected,\n\t\t\t\t\t#rt-tpg-container-1395297381 .rt-layout-filter-container .rt-filter-sub-tax.sub-button-group .rt-filter-button-item.selected,\n\t\t\t\t\t#rt-tpg-container-1395297381.rt-tpg-container .rt-pagination-wrap .rt-page-numbers .paginationjs .paginationjs-pages ul li.active>a{border-color:#0424c9;}#rt-tpg-container-1395297381 .pagination-list li a,\n\t\t\t\t\t#rt-tpg-container-1395297381 .pagination li a,\n\t\t\t\t\t#rt-tpg-container-1395297381 .rt-tpg-isotope-buttons button,\n\t\t\t\t\t#rt-tpg-container-1395297381 .rt-holder .read-more a,\n\t\t\t\t\t#rt-tpg-container-1395297381 .rt-tpg-utility .rt-tpg-load-more button,\n\t\t\t\t\t#rt-tpg-container-1395297381.rt-tpg-container .swiper-navigation .slider-btn,\n\t\t\t\t\t#rt-tpg-container-1395297381 .wc1 .rt-holder .rt-img-holder .overlay .product-more ul li a,\n\t\t\t\t\t#rt-tpg-container-1395297381 .edd1 .rt-holder .rt-img-holder .overlay .product-more ul li a,\n\t\t\t\t\t#rt-tpg-container-1395297381 .wc2 .rt-detail .rt-wc-add-to-cart,\n\t\t\t\t\t#rt-tpg-container-1395297381 .wc3 .rt-detail .rt-wc-add-to-cart,\n\t\t\t\t\t#rt-tpg-container-1395297381 .edd2 .rt-detail .rt-wc-add-to-cart,\n\t\t\t\t\t#rt-tpg-container-1395297381 .wc4 .rt-detail .rt-wc-add-to-cart,\n\t\t\t\t\t#rt-tpg-container-1395297381 .edd3 .rt-detail .rt-wc-add-to-cart,\n\t\t\t\t\t#rt-tpg-container-1395297381 .wc-carousel2 .rt-detail .rt-wc-add-to-cart,\n\t\t\t\t\t#rt-tpg-container-1395297381 .wc-isotope2 .rt-detail .rt-wc-add-to-cart,\n\t\t\t\t\t#rt-tpg-container-1395297381 .rt-tpg-utility .rt-tpg-load-more button,\n\t\t\t\t\t#rt-tooltip-1395297381,\n\t\t\t\t\t#rt-tpg-container-1395297381 .rt-filter-item-wrap.rt-filter-button-wrap span.rt-filter-button-item,\n\t\t\t\t\t#rt-tpg-container-1395297381 .rt-layout-filter-container .rt-filter-sub-tax.sub-button-group .rt-filter-button-item,\n\t\t\t\t\t#rt-tpg-container-1395297381 .rt-layout-filter-container .rt-filter-wrap .rt-filter-item-wrap.rt-sort-order-action,\n\t\t\t\t\t#rt-tpg-container-1395297381 .rt-layout-filter-container .rt-filter-wrap .rt-filter-item-wrap.rt-filter-dropdown-wrap .rt-filter-dropdown .rt-filter-dropdown-item,\n\t\t\t\t\t#rt-tpg-container-1395297381.rt-tpg-container .rt-pagination-wrap .rt-page-numbers .paginationjs .paginationjs-pages ul li>a,\n\t\t\t\t\t#rt-tpg-container-1395297381.rt-tpg-container .rt-pagination-wrap .rt-cb-page-prev-next > *,\n\t\t\t\t\t#rt-tpg-container-1395297381.rt-tpg-container .rt-pagination-wrap  .rt-loadmore-btn,\n\t\t\t\t\t#rt-tpg-container-1395297381 .rt-read-more,\n\t\t\t\t\t#rt-tooltip-1395297381 .rt-tooltip-bottom:after{color:#ffffff;}#rt-tpg-container-1395297381 .rt-filter-item-wrap.rt-filter-button-wrap span.rt-filter-button-item:hover,\n\t\t\t\t\t#rt-tpg-container-1395297381 .rt-holder .read-more a:hover,\n\t\t\t\t\t#rt-tpg-container-1395297381.rt-tpg-container .swiper-navigation .slider-btn:hover,\n\t\t\t\t\t#rt-tpg-container-1395297381 .rt-layout-filter-container .rt-filter-sub-tax.sub-button-group .rt-filter-button-item:hover,\n\t\t\t\t\t#rt-tpg-container-1395297381 .rt-layout-filter-container .rt-filter-wrap .rt-filter-item-wrap.rt-filter-dropdown-wrap .rt-filter-dropdown .rt-filter-dropdown-item:hover,\n\t\t\t\t\t#rt-tpg-container-1395297381 .rt-layout-filter-container .rt-filter-wrap .rt-filter-item-wrap.rt-filter-dropdown-wrap .rt-filter-dropdown .rt-filter-dropdown-item.selected,\n\t\t\t\t\t#rt-tpg-container-1395297381 .rt-layout-filter-container .rt-filter-wrap .rt-filter-item-wrap.rt-sort-order-action:hover,\n\t\t\t\t\t#rt-tpg-container-1395297381.rt-tpg-container .rt-pagination-wrap .rt-page-numbers .paginationjs .paginationjs-pages ul li.active>a:hover,\n\t\t\t\t\t#rt-tpg-container-1395297381 .rt-filter-item-wrap.rt-filter-button-wrap span.rt-filter-button-item.selected,\n\t\t\t\t\t#rt-tpg-container-1395297381 .rt-layout-filter-container .rt-filter-wrap .rt-filter-item-wrap.rt-sort-order-action,\n\t\t\t\t\t#rt-tpg-container-1395297381.rt-tpg-container .rt-pagination-wrap  .rt-loadmore-btn:hover,\n\t\t\t\t\t#rt-tpg-container-1395297381 .rt-read-more:hover,\n\t\t\t\t\t#rt-tpg-container-1395297381.rt-tpg-container .rt-pagination-wrap .rt-page-numbers .paginationjs .paginationjs-pages ul li.active>a{color:#f7f7f7;}#rt-tpg-container-1395297381 .read-more a{border-radius:px;}#rt-tpg-container-1395297381 .rt-img-holder img.rt-img-responsive,#rt-tpg-container-1395297381 .rt-img-holder,\n\t\t\t\t\t#rt-tpg-container-1395297381 .rt-post-overlay .post-img,\n\t\t\t\t\t#rt-tpg-container-1395297381 .post-sm .post-img,\n\t\t\t\t\t#rt-tpg-container-1395297381 .rt-post-grid .post-img,\n\t\t\t\t\t#rt-tpg-container-1395297381 .post-img img {border-radius:px;}<\/style><div class='rt-container-fluid rt-tpg-container tpg-shortcode-main-wrapper  loading' id='rt-tpg-container-1395297381'   data-layout='layout1' data-grid-style='even' data-desktop-col='3'  data-tab-col='2'  data-mobile-col='1' data-sc-id='585'><div id=\"bottom-script-loader\" class=\"bottom-script-loader\"><div class=\"rt-ball-clip-rotate\"><div><\/div><\/div><\/div><div data-title='Cargando...' class='rt-row rt-content-loader   layout1 tpg-even '><div class=\"rt-col-md-4 rt-col-sm-6 rt-col-xs-12 even-grid-item rt-grid-item\" data-id=\"70741\"><div class=\"rt-holder\"><div class=\"rt-img-holder\"><a data-id=\"70741\" class=\"\" href=\"https:\/\/www.cal.org.pe\/v1\/2025\/10\/03\/cal-participa-en-la-ix-feria-nacional-y-simultanea-llapanchikpaq-justicia-para-todos-as-y-por-la-no-violencia-contra-las-mujeres\/\"><img fetchpriority=\"high\" decoding=\"async\" width=\"800\" height=\"500\" src=\"https:\/\/www.cal.org.pe\/v1\/wp-content\/uploads\/2025\/08\/NOTAS-DE-PRENSA.jpg\" class=\"rt-img-responsive \" alt=\"\" \/><\/a><\/div><div class='rt-detail'><h3 class=\"entry-title\"><a data-id=\"70741\" class=\"\" href=\"https:\/\/www.cal.org.pe\/v1\/2025\/10\/03\/cal-participa-en-la-ix-feria-nacional-y-simultanea-llapanchikpaq-justicia-para-todos-as-y-por-la-no-violencia-contra-las-mujeres\/\">CAL PARTICIPA EN LA IX FERIA NACIONAL Y SIMULT\u00c1NEA \u201cLLAPANCHIKPAQ JUSTICIA PARA TODOS\/AS Y POR LA NO VIOLENCIA CONTRA LAS MUJERES\u201d<\/a><\/h3><div class='post-meta-user  '><span class='date'><i class='flaticon-calendar '><\/i>octubre 3, 2025<\/span><\/div><div class='tpg-excerpt'>El pasado 26 de septiembre de 2025 se llev\u00f3 a cabo la IX Feria Nacional...<\/div><div class='post-meta '><span class='read-more'><a data-id='70741' class='' href='https:\/\/www.cal.org.pe\/v1\/2025\/10\/03\/cal-participa-en-la-ix-feria-nacional-y-simultanea-llapanchikpaq-justicia-para-todos-as-y-por-la-no-violencia-contra-las-mujeres\/'>Leer m\u00e1s<\/a><\/span><\/div><\/div><\/div><\/div><div class=\"rt-col-md-4 rt-col-sm-6 rt-col-xs-12 even-grid-item rt-grid-item\" data-id=\"68745\"><div class=\"rt-holder\"><div class=\"rt-img-holder\"><a data-id=\"68745\" class=\"\" href=\"https:\/\/www.cal.org.pe\/v1\/2025\/07\/17\/primer-torneo-de-ajedrez-torneo-independencia-nacional-del-peru\/\"><img decoding=\"async\" width=\"800\" height=\"500\" src=\"https:\/\/www.cal.org.pe\/v1\/wp-content\/uploads\/2025\/04\/AVISOS.jpg\" class=\"rt-img-responsive \" alt=\"\" \/><\/a><\/div><div class='rt-detail'><h3 class=\"entry-title\"><a data-id=\"68745\" class=\"\" href=\"https:\/\/www.cal.org.pe\/v1\/2025\/07\/17\/primer-torneo-de-ajedrez-torneo-independencia-nacional-del-peru\/\">\u00a1PRIMER TORNEO DE AJEDREZ! | TORNEO \u00abINDEPENDENCIA NACIONAL DEL PER\u00da\u00bb<\/a><\/h3><div class='post-meta-user  '><span class='date'><i class='flaticon-calendar '><\/i>julio 17, 2025<\/span><\/div><div class='tpg-excerpt'>Participa en el Torneo \u00abIndependencia Nacional del Per\u00fa \u00ab, organizado por la Direcci\u00f3n de Extensi\u00f3n...<\/div><div class='post-meta '><span class='read-more'><a data-id='68745' class='' href='https:\/\/www.cal.org.pe\/v1\/2025\/07\/17\/primer-torneo-de-ajedrez-torneo-independencia-nacional-del-peru\/'>Leer m\u00e1s<\/a><\/span><\/div><\/div><\/div><\/div><div class=\"rt-col-md-4 rt-col-sm-6 rt-col-xs-12 even-grid-item rt-grid-item\" data-id=\"67997\"><div class=\"rt-holder\"><div class=\"rt-img-holder\"><a data-id=\"67997\" class=\"\" href=\"https:\/\/www.cal.org.pe\/v1\/2025\/06\/13\/se-inaugura-la-primera-jornada-de-capacitacion-justicia-con-identidad-introduccion-a-la-interculturalidad-en-la-corte-superior-nacional\/\"><img decoding=\"async\" width=\"800\" height=\"500\" src=\"https:\/\/www.cal.org.pe\/v1\/wp-content\/uploads\/2025\/04\/NOTAS-DE-PRENSA.jpg\" class=\"rt-img-responsive \" alt=\"\" \/><\/a><\/div><div class='rt-detail'><h3 class=\"entry-title\"><a data-id=\"67997\" class=\"\" href=\"https:\/\/www.cal.org.pe\/v1\/2025\/06\/13\/se-inaugura-la-primera-jornada-de-capacitacion-justicia-con-identidad-introduccion-a-la-interculturalidad-en-la-corte-superior-nacional\/\">SE INAUGURA LA PRIMERA JORNADA DE CAPACITACI\u00d3N \u201cJUSTICIA CON IDENTIDAD: INTRODUCCI\u00d3N A LA INTERCULTURALIDAD\u201d EN LA CORTE SUPERIOR NACIONAL<\/a><\/h3><div class='post-meta-user  '><span class='date'><i class='flaticon-calendar '><\/i>junio 13, 2025<\/span><\/div><div class='tpg-excerpt'>Con el objetivo de fortalecer un enfoque de justicia inclusiva y culturalmente pertinente, el lunes...<\/div><div class='post-meta '><span class='read-more'><a data-id='67997' class='' href='https:\/\/www.cal.org.pe\/v1\/2025\/06\/13\/se-inaugura-la-primera-jornada-de-capacitacion-justicia-con-identidad-introduccion-a-la-interculturalidad-en-la-corte-superior-nacional\/'>Leer m\u00e1s<\/a><\/span><\/div><\/div><\/div><\/div><div class=\"rt-col-md-4 rt-col-sm-6 rt-col-xs-12 even-grid-item rt-grid-item\" data-id=\"65833\"><div class=\"rt-holder\"><div class=\"rt-img-holder\"><a data-id=\"65833\" class=\"\" href=\"https:\/\/www.cal.org.pe\/v1\/2025\/03\/27\/conferencia-historia-del-derecho-municipal-en-el-peru\/\"><img loading=\"lazy\" decoding=\"async\" width=\"800\" height=\"500\" src=\"https:\/\/www.cal.org.pe\/v1\/wp-content\/uploads\/2024\/11\/FORMACION-INTEGRAL.jpg\" class=\"rt-img-responsive \" alt=\"\" \/><\/a><\/div><div class='rt-detail'><h3 class=\"entry-title\"><a data-id=\"65833\" class=\"\" href=\"https:\/\/www.cal.org.pe\/v1\/2025\/03\/27\/conferencia-historia-del-derecho-municipal-en-el-peru\/\">CONFERENCIA: \u00abHISTORIA DEL DERECHO MUNICIPAL EN EL PER\u00da\u00bb<\/a><\/h3><div class='post-meta-user  '><span class='date'><i class='flaticon-calendar '><\/i>marzo 27, 2025<\/span><\/div><div class='tpg-excerpt'>\ud83d\udd35\ud83d\udce2#CONFERENCIA&nbsp;| La Direcci\u00f3n de Extensi\u00f3n Social y Participaci\u00f3n, a cargo del Dr. Juan Humberto Quiroz...<\/div><div class='post-meta '><span class='read-more'><a data-id='65833' class='' href='https:\/\/www.cal.org.pe\/v1\/2025\/03\/27\/conferencia-historia-del-derecho-municipal-en-el-peru\/'>Leer m\u00e1s<\/a><\/span><\/div><\/div><\/div><\/div><div class=\"rt-col-md-4 rt-col-sm-6 rt-col-xs-12 even-grid-item rt-grid-item\" data-id=\"65614\"><div class=\"rt-holder\"><div class=\"rt-img-holder\"><a data-id=\"65614\" class=\"\" href=\"https:\/\/www.cal.org.pe\/v1\/2025\/03\/18\/conferencia-el-procedimiento-administrativo-disciplinario-de-la-ley-del-servicio-civil\/\"><img loading=\"lazy\" decoding=\"async\" width=\"800\" height=\"500\" src=\"https:\/\/www.cal.org.pe\/v1\/wp-content\/uploads\/2024\/11\/FORMACION-INTEGRAL.jpg\" class=\"rt-img-responsive \" alt=\"\" \/><\/a><\/div><div class='rt-detail'><h3 class=\"entry-title\"><a data-id=\"65614\" class=\"\" href=\"https:\/\/www.cal.org.pe\/v1\/2025\/03\/18\/conferencia-el-procedimiento-administrativo-disciplinario-de-la-ley-del-servicio-civil\/\">CONFERENCIA: \u201cEL PROCEDIMIENTO ADMINISTRATIVO DISCIPLINARIO DE LA LEY DEL SERVICIO CIVIL\u00bb<\/a><\/h3><div class='post-meta-user  '><span class='date'><i class='flaticon-calendar '><\/i>marzo 18, 2025<\/span><\/div><div class='tpg-excerpt'>\ud83d\udd35\ud83d\udce2#CONFERENCIA | La Direcci\u00f3n de Extensi\u00f3n Social y Participaci\u00f3n, a cargo del Dr. Juan Humberto...<\/div><div class='post-meta '><span class='read-more'><a data-id='65614' class='' href='https:\/\/www.cal.org.pe\/v1\/2025\/03\/18\/conferencia-el-procedimiento-administrativo-disciplinario-de-la-ley-del-servicio-civil\/'>Leer m\u00e1s<\/a><\/span><\/div><\/div><\/div><\/div><div class=\"rt-col-md-4 rt-col-sm-6 rt-col-xs-12 even-grid-item rt-grid-item\" data-id=\"65600\"><div class=\"rt-holder\"><div class=\"rt-img-holder\"><a data-id=\"65600\" class=\"\" href=\"https:\/\/www.cal.org.pe\/v1\/2025\/03\/18\/conferencia-reformas-y-contrarreformas-a-la-fase-de-investigacion-preparatoria\/\"><img loading=\"lazy\" decoding=\"async\" width=\"800\" height=\"500\" src=\"https:\/\/www.cal.org.pe\/v1\/wp-content\/uploads\/2024\/11\/FORMACION-INTEGRAL.jpg\" class=\"rt-img-responsive \" alt=\"\" \/><\/a><\/div><div class='rt-detail'><h3 class=\"entry-title\"><a data-id=\"65600\" class=\"\" href=\"https:\/\/www.cal.org.pe\/v1\/2025\/03\/18\/conferencia-reformas-y-contrarreformas-a-la-fase-de-investigacion-preparatoria\/\">CONFERENCIA: \u201cREFORMAS Y CONTRARREFORMAS A LA FASE DE INVESTIGACI\u00d3N PREPARATORIA\u201d<\/a><\/h3><div class='post-meta-user  '><span class='date'><i class='flaticon-calendar '><\/i>marzo 18, 2025<\/span><\/div><div class='tpg-excerpt'>\ud83d\udd35\ud83d\udce2#CONFERENCIA | La Direcci\u00f3n de Extensi\u00f3n Social y Participaci\u00f3n, a cargo del Dr. Juan Humberto...<\/div><div class='post-meta '><span class='read-more'><a data-id='65600' class='' href='https:\/\/www.cal.org.pe\/v1\/2025\/03\/18\/conferencia-reformas-y-contrarreformas-a-la-fase-de-investigacion-preparatoria\/'>Leer m\u00e1s<\/a><\/span><\/div><\/div><\/div><\/div><\/div><div class='rt-pagination-wrap' data-total-pages='19' data-posts-per-page='6' data-type='pagination'  ><div class=\"rt-pagination\" ><ul class=\"pagination-list\"><li class=\"active\"><span>1<\/span><\/li><li><a data-paged='2' href='https:\/\/www.cal.org.pe\/v1\/wp-json\/wp\/v2\/pages\/575\/page\/2\/'>2<\/a><\/li><li><a data-paged='3' href='https:\/\/www.cal.org.pe\/v1\/wp-json\/wp\/v2\/pages\/575\/page\/3\/'>3<\/a><\/li><li><a data-paged='4' href='https:\/\/www.cal.org.pe\/v1\/wp-json\/wp\/v2\/pages\/575\/page\/4\/'>4<\/a><\/li><li><a data-paged='5' href='https:\/\/www.cal.org.pe\/v1\/wp-json\/wp\/v2\/pages\/575\/page\/5\/'>5<\/a><\/li><li><a data-paged='2' href=\"https:\/\/www.cal.org.pe\/v1\/wp-json\/wp\/v2\/pages\/575\/page\/2\/\"  aria-label='Next'>&rsaquo;<\/a><\/li><li><a data-paged='19' href='https:\/\/www.cal.org.pe\/v1\/wp-json\/wp\/v2\/pages\/575\/page\/19\/' aria-label='Last'>&raquo;<\/a><\/li><\/ul><\/div><\/div><\/div>\n\n\n","protected":false},"excerpt":{"rendered":"","protected":false},"author":1,"featured_media":0,"parent":0,"menu_order":0,"comment_status":"closed","ping_status":"closed","template":"","meta":{"pagelayer_contact_templates":[],"_pagelayer_content":"","footnotes":""},"class_list":["post-575","page","type-page","status-publish","hentry"],"rttpg_featured_image_url":null,"rttpg_author":{"display_name":"Prensa","author_link":"https:\/\/www.cal.org.pe\/v1\/author\/alexsoriano1234live-com\/"},"rttpg_comment":0,"rttpg_category":"","rttpg_excerpt":null,"_links":{"self":[{"href":"https:\/\/www.cal.org.pe\/v1\/wp-json\/wp\/v2\/pages\/575","targetHints":{"allow":["GET"]}}],"collection":[{"href":"https:\/\/www.cal.org.pe\/v1\/wp-json\/wp\/v2\/pages"}],"about":[{"href":"https:\/\/www.cal.org.pe\/v1\/wp-json\/wp\/v2\/types\/page"}],"author":[{"embeddable":true,"href":"https:\/\/www.cal.org.pe\/v1\/wp-json\/wp\/v2\/users\/1"}],"replies":[{"embeddable":true,"href":"https:\/\/www.cal.org.pe\/v1\/wp-json\/wp\/v2\/comments?post=575"}],"version-history":[{"count":20,"href":"https:\/\/www.cal.org.pe\/v1\/wp-json\/wp\/v2\/pages\/575\/revisions"}],"predecessor-version":[{"id":89908,"href":"https:\/\/www.cal.org.pe\/v1\/wp-json\/wp\/v2\/pages\/575\/revisions\/89908"}],"wp:attachment":[{"href":"https:\/\/www.cal.org.pe\/v1\/wp-json\/wp\/v2\/media?parent=575"}],"curies":[{"name":"wp","href":"https:\/\/api.w.org\/{rel}","templated":true}]}}