{"id":56029,"date":"2024-08-29T16:00:48","date_gmt":"2024-08-29T16:00:48","guid":{"rendered":"https:\/\/www.cal.org.pe\/v1\/?page_id=56029"},"modified":"2024-08-29T16:08:16","modified_gmt":"2024-08-29T16:08:16","slug":"tratamiento-datos-personales","status":"publish","type":"page","link":"https:\/\/www.cal.org.pe\/v1\/tratamiento-datos-personales\/","title":{"rendered":"Tratamiento datos personales"},"content":{"rendered":"\n\n\n\n\n<h2>INFORMACI\u00d3N PARA EL CONSENTIMIENTO PARA EL TRATAMIENTO DE DATOS PERSONALES A TRAV\u00c9S DEL SITIO WEB<\/h2>\n\n\n<h5><\/h5>\n\n\n<p [object NamedNodeMap]><\/p>\n\n\n\n\n\n\n\n\n<h4>Introducci\u00f3n<\/h4>\n\n<p>INFORMACI\u00d3N PARA EL CONSENTIMIENTO PARA EL TRATAMIENTO DE DATOS PERSONALES A TRAV\u00c9S DEL SITIO WEB\nWWW.CAL.ORG.PE\n<\/p>\n<p>En cumplimiento de los dispuesto por la Ley N\u00b0 29733, Ley de Protecci\u00f3n de Datos Personales y su Reglamento aprobado por Decreto Supremo N\u00b0 003-2013-JUS, el CAL desea poner en conocimiento de sus usuarios los siguientes aspectos relacionados con sus datos personales.<\/p>\n<p>\n1. IDENTIDAD Y DOMICILIO DEL TITULAR DEL BANCO DE DATOS PERSONALES\n<\/p>\n<p>El titular del presente banco de datos en el que se almacenar\u00e1n los datos personales facilitados en la presente es el Colegio de Abogados de Lima (en adelante, CAL) con domicilio en la Av. Sta. Cruz 255, Miraflores, Lima, Per\u00fa. La existencia de este banco de datos personales ha sido declarada a la Autoridad Nacional de Protecci\u00f3n de Datos Personales mediante su inscripci\u00f3n en el Registro Nacional de Protecci\u00f3n de Datos Personales con la denominaci\u00f3n \u00abGremio Abogados\u00bb y el C\u00f3digo: RNPDP N\u00b0 146872. Se informa al usuario que cualquier tratamiento de datos personales se ajusta a lo establecido por la legislaci\u00f3n vigente en Per\u00fa en la materia (Ley N\u00b0 29733 y su reglamento).\n<\/p>\n<p>2. FINALIDAD<\/p>\n<p>El CAL tratar\u00e1 sus datos con la finalidad de gestionar su filiaci\u00f3n con la instituci\u00f3n, y\/o con el prop\u00f3sito de gestionar cualquier relaci\u00f3n jur\u00eddica v\u00e1lida que tenga o pueda tener con este. En ese sentido, usted autoriza al CAL para:\n&#8211; Facilitar el ejercicio de sus funciones, en su condici\u00f3n de Colegio Profesional, en entornos digitales, optimizando sus labores a trav\u00e9s de la implementaci\u00f3n y desarrollo de su sitio web.\n&#8211; Establecer un canal de comunicaci\u00f3n r\u00e1pido y eficaz con el CAL para recibir y atender sus consultas, preguntas, quejas o reclamos, as\u00ed como para informar sobre los servicios que \u00e9ste ofrece en su condici\u00f3n de Colegio Profesional.\n&#8211; Realizar la gesti\u00f3n econ\u00f3mica y contable de los usuarios que as\u00ed lo soliciten, enfocados especialmente en el pago de sus colegiaturas y\/o administraci\u00f3n y manejo de deudas de cualquier otra naturaleza que el usuario mantengan con el CAL.\n2 Actualmente nos encontramos en un proceso de revisi\u00f3n y actualizaci\u00f3n del contenido de nuestro banco de datos \u00abUsuario web\u00bb por lo que provisionalmente registraremos parte de su informaci\u00f3n proporcionada en este Banco de Datos. Cuando el proceso haya concluido satisfactoriamente procederemos con la actualizaci\u00f3n de nuestra Pol\u00edtica de Privacidad, la cual sugerimos revisarla constantemente.\n\n&#8211; Gestionar una lista de usuarios que permita optimizar las actividades institucionales que realiza el CAL de acuerdo con sus estatutos de creaci\u00f3n.\n&#8211; Incluirlo en nuestro historial de usuarios para fines estad\u00edsticos e hist\u00f3ricos.\n&#8211; Crear una cuenta de usuario, si as\u00ed lo desea.\n&#8211; Evaluar nuestro servicio Online para poder mejorar constantemente los servicios que brindamos a la comunidad jur\u00eddica.\nSus datos personales solo ser\u00e1n utilizados con prop\u00f3sitos limitados, tal como los expuestos precedentemente.\nEn el caso no acepte el (los) tratamiento (s) adicional (es) de sus datos personales, esto no afectar\u00e1 la prestaci\u00f3n del servicio solicitado.\n<\/p>\n<p>3. TRANSFERENCIAS Y DESTINATARIOS\n<\/p>\n<p>Los datos personales recopilados mediante los formularios denominados \u00abMesa de partes\u00bb, \u00abFicha de inscripci\u00f3n a la Orden\u00bb y \u00abFicha de inscripci\u00f3n a la Orden de otros Colegios de Abogados\u00bb ser\u00e1n transferidos a nivel internacional a Google LLC, de Estados Unidos y\/o Canad\u00e1, para que puedan sistematizarse y hacerla accesible a nosotros, a fin de poder brindarle el servicio solicitado. El CAL contrata los servicios en la nube directamente con ellos y ha asegurado las condiciones de privacidad con las que se administra la informaci\u00f3n personal seg\u00fan sus t\u00e9rminos y condiciones expresados a trav\u00e9s de su portar web. Salvo alguna obligaci\u00f3n legal, los datos proporcionados no ser\u00e1n transmitidos a terceros bajo ning\u00fan otro supuesto.\n<\/p>\n<p>4. PLAZO DURANTE EL CUAL SE CONSERVAR\u00c1N LOS DATOS PERSONALES<\/p>\n<p>Los datos personales proporcionados por el usuario se conservar\u00e1n mientras se mantenga el v\u00ednculo institucional o se encuentre vigente cualquier otra relaci\u00f3n jur\u00eddica legalmente establecida entre el usuario y el CAL, o mientras el titular del dato no solicite su cancelaci\u00f3n.\n<\/p>\n<p>5. EJERCICIO DE LOS DERECHOS PREVISTO EN LA LEY DE PROTECCI\u00d3N DE DATOS PERSONALES Y DEM\u00c1S NORMAS COMPLEMENTARIAS\n<\/p>\n<p>Como titular de sus datos personales el usuario tiene el derecho de acceder a sus datos en posesi\u00f3n del CAL; conocer las caracter\u00edsticas de su tratamiento, rectificarlos en caso de ser inexactos o incompletos; solicitar sean suprimidos o cancelados al considerarlos innecesarios para las finalidades previamente expuestas o bien oponerse a su tratamiento para fines espec\u00edficos.\n<\/p>\n<p>El usuario podr\u00e1 en todo momento revocar el consentimiento otorgado expresamente, tanto como limitar el uso o divulgaci\u00f3n de sus datos personales.\n<\/p>\n<p>El usuario podr\u00e1 dirigir su solicitud de ejercicio de los derechos a la siguiente direcci\u00f3n de correo electr\u00f3nico: mdoor@colegiodeabogadosdelima.pe\n<\/p>\n<p>\nDe considerar el usuario que no ha sido atendido en el ejercicio de sus derechos puede presentar una reclamaci\u00f3n ante la Autoridad Nacional de Protecci\u00f3n de Datos Personales, dirigi\u00e9ndose a la mesa de partes del Ministerio de Justicia y Derechos Humanos ubicado en Calle Scipi\u00f3n Llona 350, Miraflores, Lima, Per\u00fa.\n<\/p>\n<p>El CAL es responsable del banco de datos personales \u00abUsuarios de sitio web\u00bb y \u00abLibro de reclamaciones\u00bb y de los datos personales contenidos en \u00e9ste. Con el objeto de evitar la p\u00e9rdida, mal uso, alteraci\u00f3n, acceso no autorizado y robo de los datos personales o informaci\u00f3n confidencial facilitados por los usuarios, el CAL ha adoptado los niveles de seguridad y de protecci\u00f3n de datos personales legalmente requeridos y ha instalado todos los medios y las medidas t\u00e9cnicas a su alcance.<\/p>\n<p>\n\nAprobado seg\u00fan ACUERDO N\u00b0 858-ACTA-17-08-2021-CAL-JD<\/p>\n\n\n<h5 [object NamedNodeMap]>Acervo documentario<\/h5>\n\nCOLEGIO DE ABOGADOS DE LIMA\n<p>\nAv. Sta. Cruz 255, Miraflores Lima, Per\u00fa.<\/p>\n<p><br><\/p>\n\n\n\n\n\n\n\n","protected":false},"excerpt":{"rendered":"","protected":false},"author":1,"featured_media":0,"parent":0,"menu_order":0,"comment_status":"closed","ping_status":"closed","template":"","meta":{"pagelayer_contact_templates":[],"_pagelayer_content":"","footnotes":""},"class_list":["post-56029","page","type-page","status-publish","hentry"],"rttpg_featured_image_url":null,"rttpg_author":{"display_name":"Prensa","author_link":"https:\/\/www.cal.org.pe\/v1\/author\/alexsoriano1234live-com\/"},"rttpg_comment":0,"rttpg_category":null,"rttpg_excerpt":null,"_links":{"self":[{"href":"https:\/\/www.cal.org.pe\/v1\/wp-json\/wp\/v2\/pages\/56029","targetHints":{"allow":["GET"]}}],"collection":[{"href":"https:\/\/www.cal.org.pe\/v1\/wp-json\/wp\/v2\/pages"}],"about":[{"href":"https:\/\/www.cal.org.pe\/v1\/wp-json\/wp\/v2\/types\/page"}],"author":[{"embeddable":true,"href":"https:\/\/www.cal.org.pe\/v1\/wp-json\/wp\/v2\/users\/1"}],"replies":[{"embeddable":true,"href":"https:\/\/www.cal.org.pe\/v1\/wp-json\/wp\/v2\/comments?post=56029"}],"version-history":[{"count":3,"href":"https:\/\/www.cal.org.pe\/v1\/wp-json\/wp\/v2\/pages\/56029\/revisions"}],"predecessor-version":[{"id":56036,"href":"https:\/\/www.cal.org.pe\/v1\/wp-json\/wp\/v2\/pages\/56029\/revisions\/56036"}],"wp:attachment":[{"href":"https:\/\/www.cal.org.pe\/v1\/wp-json\/wp\/v2\/media?parent=56029"}],"curies":[{"name":"wp","href":"https:\/\/api.w.org\/{rel}","templated":true}]}}