{"id":508,"date":"2024-08-16T21:40:43","date_gmt":"2024-08-17T02:40:43","guid":{"rendered":"https:\/\/www.cal.org.pe\/v1\/?page_id=508"},"modified":"2026-04-09T14:50:09","modified_gmt":"2026-04-09T19:50:09","slug":"etica-profesional","status":"publish","type":"page","link":"https:\/\/www.cal.org.pe\/v1\/etica-profesional\/","title":{"rendered":"\u00c9tica Profesional"},"content":{"rendered":"\n\n\n\n\n\n\n<h2>Direcci\u00f3n de \u00c9tica Profesional<\/h2>\n\n\n\n<h5>Jorge Antonio Ram\u00edrez Reyna<\/h5>\n\n\n\n<p [object NamedNodeMap]>Director 2026 &#8211; 2027<\/p>\n\n\n\n\n\n\n\n\n\n\n\n<h4>Introducci\u00f3n<\/h4>\n\n\n\n<p>La Direcci\u00f3n de \u00c9tica Profesional del Colegio de Abogados de Lima (CAL) se dedica a supervisar y promover el cumplimiento de los principios \u00e9ticos y normativos entre los abogados miembros del colegio. Sus principales funciones incluyen:<\/p><ol><li><p><\/p><\/li><\/ol>\n\n\n\n<p style=\"text-align: justify;\"><strong>Normas y C\u00f3digos de \u00c9tica:<\/strong> Desarrollar, actualizar y aplicar las normas y c\u00f3digos de \u00e9tica que rigen la conducta profesional de los abogados.<\/p><br>    <p style=\"text-align: justify;\"><strong>Investigaci\u00f3n y Sanciones:<\/strong> Investigar posibles infracciones de los est\u00e1ndares \u00e9ticos por parte de los abogados y, en su caso, imponer sanciones disciplinarias. Esto puede incluir la recepci\u00f3n y evaluaci\u00f3n de denuncias, la realizaci\u00f3n de auditor\u00edas \u00e9ticas y la gesti\u00f3n de procesos disciplinarios.<\/p><br><br>    <p style=\"text-align: justify;\"><strong>Capacitaci\u00f3n y Orientaci\u00f3n:<\/strong> Ofrecer capacitaci\u00f3n y orientaci\u00f3n a los abogados sobre temas de \u00e9tica profesional para asegurar que est\u00e9n bien informados sobre sus responsabilidades y obligaciones \u00e9ticas.<\/p><br><br>    <p style=\"text-align: justify;\"><strong>Asesor\u00eda \u00c9tica:<\/strong> Proveer asesor\u00eda \u00e9tica tanto a los abogados como a los miembros del colegio sobre cuestiones relacionadas con la pr\u00e1ctica profesional.<\/p><br><br><p style=\"text-align: justify;\"><strong>Promoci\u00f3n de la \u00c9tica:<\/strong> Fomentar una cultura de \u00e9tica y responsabilidad en el ejercicio profesional, promoviendo la integridad y el respeto por las normas en el \u00e1mbito legal.<\/p>\n\n\n\n\n\n<h4>Informe de gesti\u00f3n<\/h4>\n\n\n\n<span style=\"color:#000000;\"><h5 style=\"color: rgb(0, 0, 0);\">Enero &#8211; octubre 2025<\/h5><\/span><h5><\/h5>\n\n\n\n\n\nConoce el informe\n\n\n\n\n\n\n\n<h4>Plan de trabajo<\/h4>\n\n\n\n<h3>2025<\/h3>\n\n\n\n\n\nRevisa el Plan de Trabajo\n\n\n\n\n\n\n\n<h4>Plan de trabajo<\/h4>\n\n\n\n<h3>2024 &#8211; 2025<\/h3>\n\n\n\n\n\nPlan de trabajo 2024-2025\n\n\n\n\n\n\n\n<h4>Informe de gesti\u00f3n<\/h4>\n\n\n\n<span style=\"color:#000000;\"><h5 style=\"color: rgb(0, 0, 0);\">Abril &#8211; octubre<\/h5><\/span><h5><\/h5>\n\n\n\n\n\nRevisa el informe\n\n\n\n\n\n\n\n\n\n\n\n\n\n\n\n<p>sec_eticaprofesional@colegiodeabogadosdelima.pe<\/p>\n\n\n\n\n\n\n\n\n\n\n\n\n\n<p>710-6639<br> 968 701 717<\/p>\n\n\n\n\n\n\n\n\n\n<h5 [object NamedNodeMap]>Acervo documentario<\/h5>\n\n\n\n\n\n\n\n<div style=\"position: relative; width: 100%; max-width: 1000px; margin: 0 auto;\">\n  <!-- Contenido base que est\u00e1 debajo -->\n  <div style=\"filter: blur(3px); pointer-events: none;\">\n\n\n<p><a href=\"https:\/\/www.cal.org.pe\/v1\/wp-content\/uploads\/2019\/02\/Direcci%C3%B3n-de-%C3%89tica-Profesional.pdf\" target=\"_blank\" rel=\"noopener noreferrer\" style=\"cursor: pointer;\">Plan de trabajo 2019<\/a><\/p>\n\n<p><a href=\"https:\/\/www.cal.org.pe\/v1\/wp-content\/uploads\/2018\/03\/Plan-de-Trabajo-de-\u00c9tica-Profeisonal.pdf\" target=\"_blank\" rel=\"noopener noreferrer\" style=\"cursor: pointer;\">Plan de trabajo 2018<\/a><\/p>\n\n<p><strong>Informe de Gesti\u00f3n<\/strong><\/p>\n<p><a href=\"http:\/\/www.cal.org.pe\/fx_dir_etica_informes.html\"><span class=\"option\"><strong>Informes<\/strong><\/span><\/a><\/p>\n<p><span class=\"option\"><strong><a href=\"https:\/\/www.cal.org.pe\/v1\/relacion-de-agremiados-que-tienen-multa-ano-2016\/\" target=\"_blank\" rel=\"noopener noreferrer\">Relaci\u00f3n de Agremiados que Poseen Multa URP A\u00f1o 2016<\/a><\/strong><\/span><\/p>\n\n<\/div>\n\n  <!-- Imagen superpuesta -->\n  <img decoding=\"async\" src=\"https:\/\/www.cal.org.pe\/v1\/wp-content\/uploads\/2025\/07\/CONSTRU.png\" alt=\"En construcci\u00f3n\" style=\"position: absolute; top: 50%; left: 50%;\n              transform: translate(-50%, -50%);\n              width: 80%; max-width: 500px;\n              z-index: 10;\">\n<\/div>\n\n\n\n\n\n\n\n\n\n<p>Lorem Ipsum has been the industry&#8217;s standard dummy text ever since the 1500s.<\/p>\n\n\n\n\n\n\n\n\n\n\n\n\n\n\n\n\n\n\n\n\n\n\n\n\n\n\n\n\n\n\n\n\n\n\n\n\n\n\n\n\n\n\n\n\n\n\n\n<h2>Publicaciones\u00a0<\/h2>\n\n\n\n<style type='text\/css' media='all'>#rt-tpg-container-3570648045 .rt-holder .rt-woo-info .price{color:#0367bf;}body .rt-tpg-container .rt-tpg-isotope-buttons .selected,\n\t\t\t\t\t#rt-tpg-container-3570648045 .layout12 .rt-holder:hover .rt-detail,\n\t\t\t\t\t#rt-tpg-container-3570648045 .isotope8 .rt-holder:hover .rt-detail,\n\t\t\t\t\t#rt-tpg-container-3570648045 .carousel8 .rt-holder:hover .rt-detail,\n\t\t\t\t\t#rt-tpg-container-3570648045 .layout13 .rt-holder .overlay .post-info,\n\t\t\t\t\t#rt-tpg-container-3570648045 .isotope9 .rt-holder .overlay .post-info,\n\t\t\t\t\t#rt-tpg-container-3570648045.rt-tpg-container .layout4 .rt-holder .rt-detail,\n\t\t\t\t\t.rt-modal-3570648045 .md-content,\n\t\t\t\t\t.rt-modal-3570648045 .md-content > .rt-md-content-holder .rt-md-content,\n\t\t\t\t\t.rt-popup-wrap-3570648045.rt-popup-wrap .rt-popup-navigation-wrap,\n\t\t\t\t\t#rt-tpg-container-3570648045 .carousel9 .rt-holder .overlay .post-info{background-color:#0367bf;}#rt-tpg-container-3570648045 .layout5 .rt-holder .overlay, #rt-tpg-container-3570648045 .isotope2 .rt-holder .overlay, #rt-tpg-container-3570648045 .carousel2 .rt-holder .overlay,#rt-tpg-container-3570648045 .layout15 .rt-holder h3, #rt-tpg-container-3570648045 .isotope11 .rt-holder h3, #rt-tpg-container-3570648045 .carousel11 .rt-holder h3, #rt-tpg-container-3570648045 .layout16 .rt-holder h3,\n\t\t\t\t\t#rt-tpg-container-3570648045 .isotope12 .rt-holder h3, #rt-tpg-container-3570648045 .carousel12 .rt-holder h3 {background-color:rgba(3,103,191,0.8);}#rt-tpg-container-3570648045 .read-more a{border-radius:px;}#rt-tpg-container-3570648045 .rt-img-holder img.rt-img-responsive,#rt-tpg-container-3570648045 .rt-img-holder,\n\t\t\t\t\t#rt-tpg-container-3570648045 .rt-post-overlay .post-img,\n\t\t\t\t\t#rt-tpg-container-3570648045 .post-sm .post-img,\n\t\t\t\t\t#rt-tpg-container-3570648045 .rt-post-grid .post-img,\n\t\t\t\t\t#rt-tpg-container-3570648045 .post-img img {border-radius:px;}<\/style><div class='rt-container-fluid rt-tpg-container tpg-shortcode-main-wrapper  loading' id='rt-tpg-container-3570648045'   data-layout='layout1' data-grid-style='even' data-desktop-col='3'  data-tab-col='2'  data-mobile-col='1' data-sc-id='57664'><div id=\"bottom-script-loader\" class=\"bottom-script-loader\"><div class=\"rt-ball-clip-rotate\"><div><\/div><\/div><\/div><div data-title='Cargando...' class='rt-row rt-content-loader   layout1 tpg-even '><div class=\"rt-col-md-4 rt-col-sm-6 rt-col-xs-12 even-grid-item rt-grid-item\" data-id=\"69163\"><div class=\"rt-holder\"><div class=\"rt-img-holder\"><a data-id=\"69163\" class=\"\" href=\"https:\/\/www.cal.org.pe\/v1\/2025\/08\/01\/cal-impone-sancion-ejemplar-a-exdirectivos-y-otros-responsables-que-vulneraron-la-institucionalidad-gremial\/\"><img fetchpriority=\"high\" decoding=\"async\" width=\"800\" height=\"500\" src=\"https:\/\/www.cal.org.pe\/v1\/wp-content\/uploads\/2025\/04\/COMUNICADOS.jpg\" class=\"rt-img-responsive \" alt=\"\" \/><\/a><\/div><div class='rt-detail'><h3 class=\"entry-title\"><a data-id=\"69163\" class=\"\" href=\"https:\/\/www.cal.org.pe\/v1\/2025\/08\/01\/cal-impone-sancion-ejemplar-a-exdirectivos-y-otros-responsables-que-vulneraron-la-institucionalidad-gremial\/\">CAL IMPONE SANCI\u00d3N EJEMPLAR A EXDIRECTIVOS Y OTROS RESPONSABLES QUE VULNERARON LA INSTITUCIONALIDAD GREMIAL<\/a><\/h3><div class='tpg-excerpt'>\ud83d\udd35\ud83d\udce2&nbsp;#COMUNICADO&nbsp;073-2025 | CAL IMPONE SANCI\u00d3N EJEMPLAR A EXDIRECTIVOS Y OTROS RESPONSABLES QUE VULNERARON LA INSTITUCIONALIDAD...<\/div><div class='post-meta '><span class='read-more'><a data-id='69163' class='' href='https:\/\/www.cal.org.pe\/v1\/2025\/08\/01\/cal-impone-sancion-ejemplar-a-exdirectivos-y-otros-responsables-que-vulneraron-la-institucionalidad-gremial\/'>Leer m\u00e1s<\/a><\/span><\/div><\/div><\/div><\/div><div class=\"rt-col-md-4 rt-col-sm-6 rt-col-xs-12 even-grid-item rt-grid-item\" data-id=\"67680\"><div class=\"rt-holder\"><div class=\"rt-img-holder\"><a data-id=\"67680\" class=\"\" href=\"https:\/\/www.cal.org.pe\/v1\/2025\/05\/30\/nuevos-miembros-del-consejo-de-etica-del-cal\/\"><img decoding=\"async\" width=\"800\" height=\"500\" src=\"https:\/\/www.cal.org.pe\/v1\/wp-content\/uploads\/2025\/04\/NOTAS-DE-PRENSA.jpg\" class=\"rt-img-responsive \" alt=\"\" \/><\/a><\/div><div class='rt-detail'><h3 class=\"entry-title\"><a data-id=\"67680\" class=\"\" href=\"https:\/\/www.cal.org.pe\/v1\/2025\/05\/30\/nuevos-miembros-del-consejo-de-etica-del-cal\/\">NUEVOS MIEMBROS DEL CONSEJO DE \u00c9TICA DEL CAL<\/a><\/h3><div class='tpg-excerpt'>La Secretar\u00eda General del Colegio de Abogados de Lima informa a los colegiados y a...<\/div><div class='post-meta '><span class='read-more'><a data-id='67680' class='' href='https:\/\/www.cal.org.pe\/v1\/2025\/05\/30\/nuevos-miembros-del-consejo-de-etica-del-cal\/'>Leer m\u00e1s<\/a><\/span><\/div><\/div><\/div><\/div><div class=\"rt-col-md-4 rt-col-sm-6 rt-col-xs-12 even-grid-item rt-grid-item\" data-id=\"64920\"><div class=\"rt-holder\"><div class=\"rt-img-holder\"><a data-id=\"64920\" class=\"\" href=\"https:\/\/www.cal.org.pe\/v1\/2025\/02\/23\/presidente-del-consejo-de-etica-sobre-proceso-disciplinario-contra-la-jnj-no-se-permitira-que-se-repita-lo-sucedido-con-el-ex-cnm-que-fue-instrumentalizado-para-la-corrupcion\/\"><img decoding=\"async\" width=\"800\" height=\"500\" src=\"https:\/\/www.cal.org.pe\/v1\/wp-content\/uploads\/2024\/11\/COMUNICADOS.jpg\" class=\"rt-img-responsive \" alt=\"\" \/><\/a><\/div><div class='rt-detail'><h3 class=\"entry-title\"><a data-id=\"64920\" class=\"\" href=\"https:\/\/www.cal.org.pe\/v1\/2025\/02\/23\/presidente-del-consejo-de-etica-sobre-proceso-disciplinario-contra-la-jnj-no-se-permitira-que-se-repita-lo-sucedido-con-el-ex-cnm-que-fue-instrumentalizado-para-la-corrupcion\/\">PRESIDENTE DEL CONSEJO DE \u00c9TICA SOBRE PROCESO DISCIPLINARIO CONTRA LA JNJ: \u201cNO SE PERMITIR\u00c1 QUE SE REPITA LO SUCEDIDO CON EL EX CNM, QUE FUE INSTRUMENTALIZADO PARA LA CORRUPCI\u00d3N\u201d<\/a><\/h3><div class='tpg-excerpt'>Ante el Comunicado N.\u00ba 03-2025-JNJ, emitido por la Junta Nacional de Justicia (JNJ) en respuesta...<\/div><div class='post-meta '><span class='read-more'><a data-id='64920' class='' href='https:\/\/www.cal.org.pe\/v1\/2025\/02\/23\/presidente-del-consejo-de-etica-sobre-proceso-disciplinario-contra-la-jnj-no-se-permitira-que-se-repita-lo-sucedido-con-el-ex-cnm-que-fue-instrumentalizado-para-la-corrupcion\/'>Leer m\u00e1s<\/a><\/span><\/div><\/div><\/div><\/div><div class=\"rt-col-md-4 rt-col-sm-6 rt-col-xs-12 even-grid-item rt-grid-item\" data-id=\"64842\"><div class=\"rt-holder\"><div class=\"rt-img-holder\"><a data-id=\"64842\" class=\"\" href=\"https:\/\/www.cal.org.pe\/v1\/2025\/02\/20\/consejo-de-etica-del-cal-anuncia-la-separacion-de-ex-magistrados-involucrados-en-el-caso-cuellos-blancos\/\"><img decoding=\"async\" width=\"800\" height=\"500\" src=\"https:\/\/www.cal.org.pe\/v1\/wp-content\/uploads\/2024\/11\/COMUNICADOS.jpg\" class=\"rt-img-responsive \" alt=\"\" \/><\/a><\/div><div class='rt-detail'><h3 class=\"entry-title\"><a data-id=\"64842\" class=\"\" href=\"https:\/\/www.cal.org.pe\/v1\/2025\/02\/20\/consejo-de-etica-del-cal-anuncia-la-separacion-de-ex-magistrados-involucrados-en-el-caso-cuellos-blancos\/\">CONSEJO DE \u00c9TICA DEL CAL ANUNCIA LA SEPARACI\u00d3N DE EX MAGISTRADOS INVOLUCRADOS EN EL CASO \u00abCUELLOS BLANCOS\u00bb<\/a><\/h3><div class='tpg-excerpt'>El Consejo de \u00c9tica del Colegio de Abogados de Lima informa a los agremiados y...<\/div><div class='post-meta '><span class='read-more'><a data-id='64842' class='' href='https:\/\/www.cal.org.pe\/v1\/2025\/02\/20\/consejo-de-etica-del-cal-anuncia-la-separacion-de-ex-magistrados-involucrados-en-el-caso-cuellos-blancos\/'>Leer m\u00e1s<\/a><\/span><\/div><\/div><\/div><\/div><div class=\"rt-col-md-4 rt-col-sm-6 rt-col-xs-12 even-grid-item rt-grid-item\" data-id=\"64774\"><div class=\"rt-holder\"><div class=\"rt-img-holder\"><a data-id=\"64774\" class=\"\" href=\"https:\/\/www.cal.org.pe\/v1\/2025\/02\/19\/consejo-de-etica-del-cal-comunica-inicio-de-proceso-disciplinario-de-oficio-en-contra-de-abogados-integrantes-de-la-jnj\/\"><img decoding=\"async\" width=\"800\" height=\"500\" src=\"https:\/\/www.cal.org.pe\/v1\/wp-content\/uploads\/2024\/11\/COMUNICADOS.jpg\" class=\"rt-img-responsive \" alt=\"\" \/><\/a><\/div><div class='rt-detail'><h3 class=\"entry-title\"><a data-id=\"64774\" class=\"\" href=\"https:\/\/www.cal.org.pe\/v1\/2025\/02\/19\/consejo-de-etica-del-cal-comunica-inicio-de-proceso-disciplinario-de-oficio-en-contra-de-abogados-integrantes-de-la-jnj\/\">CONSEJO DE \u00c9TICA DEL CAL COMUNICA INICIO DE PROCESO DISCIPLINARIO DE OFICIO EN CONTRA DE ABOGADOS INTEGRANTES DE LA JNJ<\/a><\/h3><div class='tpg-excerpt'>#COMUNICADO | CONSEJO DE \u00c9TICA DEL CAL COMUNICA INICIO DE PROCESO DISCIPLINARIO DE OFICIO EN...<\/div><div class='post-meta '><span class='read-more'><a data-id='64774' class='' href='https:\/\/www.cal.org.pe\/v1\/2025\/02\/19\/consejo-de-etica-del-cal-comunica-inicio-de-proceso-disciplinario-de-oficio-en-contra-de-abogados-integrantes-de-la-jnj\/'>Leer m\u00e1s<\/a><\/span><\/div><\/div><\/div><\/div><div class=\"rt-col-md-4 rt-col-sm-6 rt-col-xs-12 even-grid-item rt-grid-item\" data-id=\"64463\"><div class=\"rt-holder\"><div class=\"rt-img-holder\"><a data-id=\"64463\" class=\"\" href=\"https:\/\/www.cal.org.pe\/v1\/2025\/02\/08\/convocatoria-comisiones-de-investigacion-direccion-de-etica-profesional\/\"><img loading=\"lazy\" decoding=\"async\" width=\"800\" height=\"500\" src=\"https:\/\/www.cal.org.pe\/v1\/wp-content\/uploads\/2024\/11\/CONVOCATORIAS.jpg\" class=\"rt-img-responsive \" alt=\"\" \/><\/a><\/div><div class='rt-detail'><h3 class=\"entry-title\"><a data-id=\"64463\" class=\"\" href=\"https:\/\/www.cal.org.pe\/v1\/2025\/02\/08\/convocatoria-comisiones-de-investigacion-direccion-de-etica-profesional\/\">CONVOCATORIA: COMISIONES DE INVESTIGACI\u00d2N, DIRECCI\u00d3N DE \u00c9TICA PROFESIONAL<\/a><\/h3><div class='tpg-excerpt'>La Direcci\u00f3n de \u00c9tica Profesional, de conformidad con lo dispuesto por los art\u00edculos 46, 47...<\/div><div class='post-meta '><span class='read-more'><a data-id='64463' class='' href='https:\/\/www.cal.org.pe\/v1\/2025\/02\/08\/convocatoria-comisiones-de-investigacion-direccion-de-etica-profesional\/'>Leer m\u00e1s<\/a><\/span><\/div><\/div><\/div><\/div><div class=\"rt-col-md-4 rt-col-sm-6 rt-col-xs-12 even-grid-item rt-grid-item\" data-id=\"63612\"><div class=\"rt-holder\"><div class=\"rt-img-holder\"><a data-id=\"63612\" class=\"\" href=\"https:\/\/www.cal.org.pe\/v1\/2025\/01\/16\/direccion-de-etica-profesional-informa-sobre-publicacion-de-procesos-disciplinarios-resueltos-por-el-consejo-de-etica-y-tribunal-de-honor-de-nuestra-institucion\/\"><img decoding=\"async\" width=\"800\" height=\"500\" src=\"https:\/\/www.cal.org.pe\/v1\/wp-content\/uploads\/2024\/11\/COMUNICADOS.jpg\" class=\"rt-img-responsive \" alt=\"\" \/><\/a><\/div><div class='rt-detail'><h3 class=\"entry-title\"><a data-id=\"63612\" class=\"\" href=\"https:\/\/www.cal.org.pe\/v1\/2025\/01\/16\/direccion-de-etica-profesional-informa-sobre-publicacion-de-procesos-disciplinarios-resueltos-por-el-consejo-de-etica-y-tribunal-de-honor-de-nuestra-institucion\/\">DIRECCI\u00d3N DE \u00c9TICA PROFESIONAL INFORMA SOBRE PUBLICACI\u00d3N DE PROCESOS DISCIPLINARIOS RESUELTOS POR EL CONSEJO DE \u00c9TICA Y TRIBUNAL DE HONOR DE NUESTRA INSTITUCI\u00d3N<\/a><\/h3><div class='tpg-excerpt'>\ud83d\udd35\ud83d\udce2 #COMUNICADO | DIRECCI\u00d3N DE \u00c9TICA PROFESIONAL INFORMA SOBRE PUBLICACI\u00d3N DE PROCESOS DISCIPLINARIOS RESUELTOS POR...<\/div><div class='post-meta '><span class='read-more'><a data-id='63612' class='' href='https:\/\/www.cal.org.pe\/v1\/2025\/01\/16\/direccion-de-etica-profesional-informa-sobre-publicacion-de-procesos-disciplinarios-resueltos-por-el-consejo-de-etica-y-tribunal-de-honor-de-nuestra-institucion\/'>Leer m\u00e1s<\/a><\/span><\/div><\/div><\/div><\/div><div class=\"rt-col-md-4 rt-col-sm-6 rt-col-xs-12 even-grid-item rt-grid-item\" data-id=\"62256\"><div class=\"rt-holder\"><div class=\"rt-img-holder\"><a data-id=\"62256\" class=\"\" href=\"https:\/\/www.cal.org.pe\/v1\/2024\/11\/27\/colegio-de-abogados-de-lima-inicio-el-primer-dia-del-congreso-nacional-de-etica-en-la-abogacia\/\"><img loading=\"lazy\" decoding=\"async\" width=\"800\" height=\"500\" src=\"https:\/\/www.cal.org.pe\/v1\/wp-content\/uploads\/2024\/10\/NOTAS-DE-PRENSA.jpg\" class=\"rt-img-responsive \" alt=\"\" \/><\/a><\/div><div class='rt-detail'><h3 class=\"entry-title\"><a data-id=\"62256\" class=\"\" href=\"https:\/\/www.cal.org.pe\/v1\/2024\/11\/27\/colegio-de-abogados-de-lima-inicio-el-primer-dia-del-congreso-nacional-de-etica-en-la-abogacia\/\">Colegio de Abogados de Lima inici\u00f3 el primer d\u00eda del Congreso Nacional de \u00c9tica en la Abogac\u00eda<\/a><\/h3><div class='tpg-excerpt'>El Colegio de Abogados de Lima (CAL) llev\u00f3 a cabo el Congreso Nacional de \u00c9tica...<\/div><div class='post-meta '><span class='read-more'><a data-id='62256' class='' href='https:\/\/www.cal.org.pe\/v1\/2024\/11\/27\/colegio-de-abogados-de-lima-inicio-el-primer-dia-del-congreso-nacional-de-etica-en-la-abogacia\/'>Leer m\u00e1s<\/a><\/span><\/div><\/div><\/div><\/div><div class=\"rt-col-md-4 rt-col-sm-6 rt-col-xs-12 even-grid-item rt-grid-item\" data-id=\"62244\"><div class=\"rt-holder\"><div class=\"rt-img-holder\"><a data-id=\"62244\" class=\"\" href=\"https:\/\/www.cal.org.pe\/v1\/2024\/11\/27\/2do-dia-de-jornada-28-de-noviembre-i-congreso-nacional-de-la-abogacia\/\"><img loading=\"lazy\" decoding=\"async\" width=\"800\" height=\"500\" src=\"https:\/\/www.cal.org.pe\/v1\/wp-content\/uploads\/2024\/10\/EVENTOS-ACADEMICOS.jpg\" class=\"rt-img-responsive \" alt=\"\" \/><\/a><\/div><div class='rt-detail'><h3 class=\"entry-title\"><a data-id=\"62244\" class=\"\" href=\"https:\/\/www.cal.org.pe\/v1\/2024\/11\/27\/2do-dia-de-jornada-28-de-noviembre-i-congreso-nacional-de-la-abogacia\/\">2DO D\u00cdA DE JORNADA | 28 DE NOVIEMBRE | I CONGRESO NACIONAL DE LA ABOGAC\u00cdA<\/a><\/h3><div class='tpg-excerpt'>\ud83d\udd35\ud83d\udce2 2DO D\u00cdA DE JORNADA | 28 DE NOVIEMBRE | I CONGRESO NACIONAL DE LA...<\/div><div class='post-meta '><span class='read-more'><a data-id='62244' class='' href='https:\/\/www.cal.org.pe\/v1\/2024\/11\/27\/2do-dia-de-jornada-28-de-noviembre-i-congreso-nacional-de-la-abogacia\/'>Leer m\u00e1s<\/a><\/span><\/div><\/div><\/div><\/div><\/div><div class='rt-pagination-wrap' data-total-pages='3' data-posts-per-page='9' data-type='pagination'  ><div class=\"rt-pagination\" ><ul class=\"pagination-list\"><li class=\"active\"><span>1<\/span><\/li><li><a data-paged='2' href='https:\/\/www.cal.org.pe\/v1\/wp-json\/wp\/v2\/pages\/508\/page\/2\/'>2<\/a><\/li><li><a data-paged='3' href='https:\/\/www.cal.org.pe\/v1\/wp-json\/wp\/v2\/pages\/508\/page\/3\/'>3<\/a><\/li><\/ul><\/div><\/div><\/div>\n\n\n","protected":false},"excerpt":{"rendered":"","protected":false},"author":1,"featured_media":0,"parent":0,"menu_order":0,"comment_status":"closed","ping_status":"closed","template":"","meta":{"pagelayer_contact_templates":[],"_pagelayer_content":"","footnotes":""},"class_list":["post-508","page","type-page","status-publish","hentry"],"rttpg_featured_image_url":null,"rttpg_author":{"display_name":"Prensa","author_link":"https:\/\/www.cal.org.pe\/v1\/author\/alexsoriano1234live-com\/"},"rttpg_comment":0,"rttpg_category":"","rttpg_excerpt":null,"_links":{"self":[{"href":"https:\/\/www.cal.org.pe\/v1\/wp-json\/wp\/v2\/pages\/508","targetHints":{"allow":["GET"]}}],"collection":[{"href":"https:\/\/www.cal.org.pe\/v1\/wp-json\/wp\/v2\/pages"}],"about":[{"href":"https:\/\/www.cal.org.pe\/v1\/wp-json\/wp\/v2\/types\/page"}],"author":[{"embeddable":true,"href":"https:\/\/www.cal.org.pe\/v1\/wp-json\/wp\/v2\/users\/1"}],"replies":[{"embeddable":true,"href":"https:\/\/www.cal.org.pe\/v1\/wp-json\/wp\/v2\/comments?post=508"}],"version-history":[{"count":37,"href":"https:\/\/www.cal.org.pe\/v1\/wp-json\/wp\/v2\/pages\/508\/revisions"}],"predecessor-version":[{"id":89907,"href":"https:\/\/www.cal.org.pe\/v1\/wp-json\/wp\/v2\/pages\/508\/revisions\/89907"}],"wp:attachment":[{"href":"https:\/\/www.cal.org.pe\/v1\/wp-json\/wp\/v2\/media?parent=508"}],"curies":[{"name":"wp","href":"https:\/\/api.w.org\/{rel}","templated":true}]}}