{"id":327,"date":"2024-08-12T23:55:58","date_gmt":"2024-08-13T04:55:58","guid":{"rendered":"https:\/\/www.cal.org.pe\/v1\/?page_id=327"},"modified":"2026-04-09T18:08:22","modified_gmt":"2026-04-09T23:08:22","slug":"secretaria-general","status":"publish","type":"page","link":"https:\/\/www.cal.org.pe\/v1\/secretaria-general\/","title":{"rendered":"Secretar\u00eda General"},"content":{"rendered":"\n\n\n\n\n<h1 [object NamedNodeMap]>Secretar\u00eda General<\/h1>\n\n\n<h5 [object NamedNodeMap]>Daniela Millones Campos<\/h5>\n\n\n<h5 [object NamedNodeMap]>Periodo 2026- 2027<\/h5>\n\n\n\n\n\n\n\n\n<h4>Introducci\u00f3n<\/h4>\n\n<p style=\"text-align: justify;\">Las funciones de Secretar\u00eda General est\u00e1n dise\u00f1adas para asegurar el buen funcionamiento administrativo y operativo del Colegio de Abogados de Lima, facilitando su capacidad para servir a sus miembros y cumplir con sus objetivos institucionales.<br><\/p>\n\n\n\n<h4>Plan de trabajo<\/h4>\n\n\n<h3>2025<\/h3>\n\n\n\n\nConoce el Plan de trabajo\n\n\n\n\n\n\n<h4>Plan de trabajo<\/h4>\n\n\n<h3>2024 &#8211; 2025<\/h3>\n\n\n\n\nRevisa el plan de trabajo \n\n\n\n\n\n\n<h4>Informe de gesti\u00f3n<\/h4>\n\n\n<span style=\"color:#000000;\"><h5 style=\"color: rgb(0, 0, 0);\">Enero &#8211; octubre 2025<\/h5><\/span><h5><\/h5>\n\n\n\n\nConoce el informe de Enero a Octubre 2025\n\n\n\n\n\n\n\n\n\n\n\n\n<p>sec_secretaria_general<br>@colegiodeabogadosdelima.pe<\/p>\n\n\n\n\n\n\n\n\n\n\n\n<p>710-6600<br> 968 701 753<\/p>\n\n\n\n\n\n\n\n\n\n\n<h6 [object NamedNodeMap]>Informes de gesti\u00f3n (enero &#8211; octubre)<\/h6>\n\n\n\nVice decanato\n\n\nSecretar\u00eda General\n\n\nDirecci\u00f3n de Econom\u00eda\n\n\n\n\nDirecci\u00f3n Acad\u00e9mica y Promoci\u00f3n Cultural\n\n\nDirecci\u00f3n de Comisiones y Consultas\n\n\nDirecci\u00f3n \u00c9tica Profesional\n\n\nDirecci\u00f3n de Comunicaciones e Inform\u00e1tica Jur\u00eddica\n\n\nDirecci\u00f3n de Bienestar Social\n\n\n\n\nDirecci\u00f3n Biblioteca y Centro de Documentaci\u00f3n\n\n\nDirecci\u00f3n de Derechos Humanos\n\n\nDirecci\u00f3n de Extensi\u00f3n Social y Participaci\u00f3n\n\n\nDirecci\u00f3n de Defensa Gremial\n\n\nJunta de Vigilancia\n\n\nComit\u00e9 Electoral\n\n\n\n\n\nEstatuto del CAL\n\n\n\n\n\n\n\n\n\n\nVice decanato\n\n\nSecretar\u00eda General\n\n\nDirecci\u00f3n de Econom\u00eda\n\n\nDirecci\u00f3n de Acad\u00e9mica y de Promoci\u00f3n Cultural\n\n\nDirecci\u00f3n de Comisiones y Consultas\n\n\nDirecci\u00f3n \u00c9tica Profesional\n\n\nDirecci\u00f3n de Comunicaciones e Inform\u00e1tica Jur\u00eddica\n\n\nDirecci\u00f3n de Bienestar Social\n\n\nDirecci\u00f3n Biblioteca y Centro de Documentaci\u00f3n\n\n\nDirecci\u00f3n de Derechos Humanos\n\n\nDirecci\u00f3n de Extensi\u00f3n Social y Participaci\u00f3n\n\n\nDirecci\u00f3n de Defensa Gremial\n\n\nJunta de Vigilacia\n\n\n\n\n\nEstatuto del CAL\n\n\n\n\n\n\n\n\n\n\nInforme Final Comit\u00e9 Electoral 2022-2024\n\n\n\n<h6 [object NamedNodeMap]>Informes de gesti\u00f3n (abril &#8211; octubre)<\/h6>\n\n\n\nVice decanato\n\n\nSecretar\u00eda General\n\n\nDirecci\u00f3n de Econom\u00eda\n\n\n\n\nProyecto de presupuesto 2025\n\n\n\n\nVice decanato\n\n\nSecretar\u00eda General\n\n\nDirecci\u00f3n de Econom\u00eda\n\n\nDirecci\u00f3n de Acad\u00e9mica y de Promoci\u00f3n Cultural\n\n\nDirecci\u00f3n de Comisiones y Consultas\n\n\nDirecci\u00f3n \u00c9tica Profesional\n\n\nDirecci\u00f3n de Comunicaciones e Inform\u00e1tica Jur\u00eddica\n\n\nDirecci\u00f3n de Bienestar Social\n\n\n\n\nCaja de Previsi\u00f3n Social del Abogado\n\n\n\n\nDirecci\u00f3n Biblioteca y Centro de Documentaci\u00f3n\n\n\nDirecci\u00f3n de Derechos Humanos\n\n\nDirecci\u00f3n de Extensi\u00f3n Social y Participaci\u00f3n\n\n\nDirecci\u00f3n de Defensa Gremial\n\n\nJunta de Vigilacia &#8211; Presidenta\n\n\nJunta de Vigilacia &#8211; Mayoria\n\n\n\n<h6 [object NamedNodeMap]>Planes de trabajo<\/h6>\n\n\n\nVice decanato\n\n\nSecretar\u00eda General\n\n\nDirecci\u00f3n de Econom\u00eda\n\n\nDirecci\u00f3n de Acad\u00e9mica y de Promoci\u00f3n Cultural\n\n\nDirecci\u00f3n de Comisiones y Consultas\n\n\nDirecci\u00f3n \u00c9tica Profesional\n\n\nDirecci\u00f3n de Comunicaciones e Inform\u00e1tica Jur\u00eddica\n\n\nDirecci\u00f3n de Bienestar Social\n\n\nDirecci\u00f3n Biblioteca y Centro de Documentaci\u00f3n\n\n\nDirecci\u00f3n de Derechos Humanos\n\n\nDirecci\u00f3n de Extensi\u00f3n Social y Participaci\u00f3n\n\n\nDirecci\u00f3n de Defensa Gremial\n\n\nJunta de Vigilacia\n\n\n\n\n\nEstatuto del CAL\n\n\n\n\n\n\n\n\n\n\nActa de Asamblea General Extraordinaria 13 de agosto 2024\n\n\nActa de Asamblea General Extraordinaria 20 de junio 2024\n\n\nActa de Asamblea General Extraordinaria 20 de junio 2024<br>\n\n\nActa de Asamblea General Ordinaria 27 de mayo\n\n\n\n\n\n\n\n\n\n<h5 [object NamedNodeMap]>Diciembre 2025<\/h5>\n\n\n\nActa de Sesi\u00f3n de Junta Directiva &#8211; 26 de diciembre de 2025\n\n\nActa de Sesi\u00f3n de Junta Directiva &#8211; 15 de diciembre de 2025\n\n\n\n<h5 [object NamedNodeMap]>Noviembre 2025<\/h5>\n\n\n\nActa de Sesi\u00f3n de Junta Directiva &#8211; 28 de noviembre de 2025\n\n\nActa de Sesi\u00f3n de Junta Directiva &#8211; 24 de noviembre de 2025\n\n\nActa de Sesi\u00f3n de Junta Directiva &#8211; 17 de noviembre de 2025\n\n\nActa de Sesi\u00f3n de Junta Directiva &#8211; 10 de noviembre de 2025\n\n\n\n<h5 [object NamedNodeMap]>Octubre 2025<\/h5>\n\n\n\nActa de Sesi\u00f3n de Junta Directiva &#8211; 31 de octubre de 2025\n\n\nActa de Sesi\u00f3n de Junta Directiva &#8211; 20 de octubre de 2025\n\n\nActa de Sesi\u00f3n de Junta Directiva &#8211; 15 de octubre de 2025\n\n\nActa de Sesi\u00f3n de Junta Directiva &#8211; 03 de octubre de 2025\n\n\n\n<h5 [object NamedNodeMap]>Septiembre 2025<\/h5>\n\n\n\nActa de Sesi\u00f3n de Junta Directiva &#8211; 26 de septiembre  de 2025\n\n\nActa de Sesi\u00f3n de Junta Directiva &#8211; 19 de septiembre  de 2025\n\n\nActa de Sesi\u00f3n de Junta Directiva &#8211; 12 de septiembre  de 2025\n\n\nActa de Sesi\u00f3n de Junta Directiva &#8211; 01 de septiembre de 2025\n\n\n\n<h5 [object NamedNodeMap]>Agosto 2025<\/h5>\n\n\n\nActa de Sesi\u00f3n de Junta Directiva &#8211; 22 de agosto  de 2025\n\n\nActa de Sesi\u00f3n de Junta Directiva &#8211; 18 de agosto  de 2025\n\n\nActa de Sesi\u00f3n de Junta Directiva &#8211; 11 de agosto  de 2025\n\n\nActa de Sesi\u00f3n de Junta Directiva &#8211; 04 de agosto  de 2025\n\n\n\n<h5 [object NamedNodeMap]>Julio 2025<\/h5>\n\n\n\nActa de Sesi\u00f3n de Junta Directiva &#8211; 14 de julio  de 2025\n\n\nActa de Sesi\u00f3n de Junta Directiva &#8211; 18 de julio de 2025\n\n\nActa de Sesi\u00f3n de Junta Directiva &#8211; 31 de julio de 2025\n\n\n\n<h5 [object NamedNodeMap]>Junio 2025<\/h5>\n\n\n\nActa de Sesi\u00f3n de Junta Directiva &#8211; 02 de junio  de 2025\n\n\nActa de Sesi\u00f3n de Junta Directiva &#8211; 06 de junio de 2025\n\n\nActa de Sesi\u00f3n de Junta Directiva &#8211; 16 de junio de 2025\n\n\nActa de Sesi\u00f3n de Junta Directiva &#8211; 20 de junio de 2025\n\n\nActa de Sesi\u00f3n de Junta Directiva &#8211; 27 de junio de 2025\n\n\n\n<h5 [object NamedNodeMap]>Mayo 2025<\/h5>\n\n\n\nActa de Sesi\u00f3n de Junta Directiva &#8211; 05 de mayo  de 2025\n\n\nActa de Sesi\u00f3n de Junta Directiva &#8211; 09 de mayo de 2025\n\n\nActa de Sesi\u00f3n de Junta Directiva &#8211; 16 de mayo de 2025\n\n\nActa de Sesi\u00f3n de Junta Directiva &#8211; 19 de mayo de 2025\n\n\nActa de Sesi\u00f3n de Junta Directiva &#8211; 21 de mayo de 2025\n\n\nActa de Sesi\u00f3n de Junta Directiva &#8211; 23 de mayo de 2025\n\n\nActa de Sesi\u00f3n de Junta Directiva &#8211; 29 de mayo de 2025\n\n\n\n<h5 [object NamedNodeMap]>Abril 2025<\/h5>\n\n\n\nActa de Sesi\u00f3n de Junta Directiva &#8211; 14 de abril de 2025\n\n\nActa de Sesi\u00f3n de Junta Directiva &#8211; 28 de abril de 2025\n\n\n\n<h5 [object NamedNodeMap]>Marzo 2025<\/h5>\n\n\n\nActa de Sesi\u00f3n de Junta Directiva &#8211; 03 de marzo de 2025\n\n\n\n<h5 [object NamedNodeMap]>Febrero 2025<\/h5>\n\n\n\nActa de Sesi\u00f3n de Junta Directiva &#8211; 03 de febrero de 2025\n\n\nActa de Sesi\u00f3n de Junta Directiva &#8211; 10 de febrero de 2025\n\n\n\n<h5 [object NamedNodeMap]>Enero 2025<\/h5>\n\n\n\nActa de Sesi\u00f3n de Junta Directiva &#8211; 20 de enero de 2025\n\n\nActa de Sesi\u00f3n de Junta Directiva &#8211; 22 de enero de 2025\n\n\n\n<h5 [object NamedNodeMap]>Diciembre 2024<\/h5>\n\n\n\nActa de Sesi\u00f3n de Junta Directiva &#8211; 02 de diciembre de 2024\n\n\nActa de Sesi\u00f3n de Junta Directiva &#8211; 05 de diciembre de 2024\n\n\nActa de Sesi\u00f3n de Junta Directiva &#8211; 10 de diciembre de 2024\n\n\nActa de Sesi\u00f3n de Junta Directiva &#8211; 12 de diciembre de 2024\n\n\nActa de Sesi\u00f3n de Junta Directiva &#8211; 18 de diciembre de 2024\n\n\n\n<h5 [object NamedNodeMap]>Noviembre 2024<\/h5>\n\n\n\nActa de Sesi\u00f3n de Junta Directiva &#8211; 12 de noviembre de 2024\n\n\nActa de Sesi\u00f3n de Junta Directiva &#8211; 19 de&nbsp;<span style=\"color: rgb(25, 58, 168);\">noviembre&nbsp;<\/span>de 2024\n\n\nActa de Sesi\u00f3n de Junta Directiva &#8211; 26 de noviembre&nbsp;de 2024\n\n\n\n<h5 [object NamedNodeMap]>Octubre 2024<\/h5>\n\n\n\nActa de Sesi\u00f3n de Junta Directiva &#8211; 07 de octubre de 2024\n\n\nActa de Sesi\u00f3n de Junta Directiva &#8211; 11 de octubre de 2024\n\n\nActa de Sesi\u00f3n de Junta Directiva &#8211; 16 de octubre de 2024\n\n\nActa de Sesi\u00f3n de Junta Directiva &#8211; 18 de octubre de 2024\n\n\n\n<h5 [object NamedNodeMap]>Setiembre 2024<\/h5>\n\n\n\nActa de Sesi\u00f3n de Junta Directiva &#8211; 03 de setiembre de 2024\n\n\nActa de Sesi\u00f3n de Junta Directiva &#8211; 09 de setiembre de 2024\n\n\nActa de Sesi\u00f3n de Junta Directiva &#8211; 18 de setiembre de 2024\n\n\nActa de Sesi\u00f3n de Junta Directiva &#8211; 27 de setiembre de 2024\n\n\n\n<h5 [object NamedNodeMap]>Agosto 2024<\/h5>\n\n\n\nActa de Sesi\u00f3n de Junta Directiva &#8211; 07 de agosto de 2024\n\n\nActa de Sesi\u00f3n de Junta Directiva &#8211; 12 de agosto de 2024\n\n\nActa de Sesi\u00f3n de Junta Directiva &#8211; 15 de agosto de 2024\n\n\nActa de Sesi\u00f3n de Junta Directiva &#8211; 19 de agosto de 2024\n\n\n\n<h5 [object NamedNodeMap]>Julio 2024<\/h5>\n\n\n\nActa de Sesi\u00f3n de Junta Directiva &#8211; 05 de julio de 2024\n\n\nActa de Sesi\u00f3n de Junta Directiva &#8211; 15 de julio de 2024\n\n\nActa de Sesi\u00f3n de Junta Directiva &#8211; 24 de julio de 2024\n\n\nActa de Sesi\u00f3n de Junta Directiva &#8211; 30 de julio de 2024\n\n\n\n<h5 [object NamedNodeMap]>Junio 2024<\/h5>\n\n\n\nActa de Sesi\u00f3n de Junta Directiva &#8211; 03 de junio de 2024\n\n\nActa de Sesi\u00f3n de Junta Directiva &#8211; 10 de junio de 2024\n\n\nActa de Sesi\u00f3n de Junta Directiva &#8211; 17 de junio de 2024\n\n\nActa de Sesi\u00f3n de Junta Directiva &#8211; 24 de junio de 2024\n\n\n\n<h5 [object NamedNodeMap]>Mayo 2024<\/h5>\n\n\n\nActa de Sesi\u00f3n de Junta Directiva &#8211; 06 de mayo de 2024\n\n\nActa de Sesi\u00f3n de Junta Directiva &#8211; 13 de mayo de 2024\n\n\nActa de Sesi\u00f3n de Junta Directiva &#8211; 17 de mayo de 2024\n\n\nActa de Sesi\u00f3n de Junta Directiva &#8211; 23 de mayo de 2024\n\n\n\n<h5 [object NamedNodeMap]>Abril 2024<\/h5>\n\n\n\nActa de Sesi\u00f3n de Junta Directiva &#8211; 04 de abril de 2024\n\n\nActa de Sesi\u00f3n de Junta Directiva &#8211; 08 de abril de 2024\n\n\nActa de Sesi\u00f3n de Junta Directiva &#8211; 19 de abril de 2024\n\n\nActa de Sesi\u00f3n de Junta Directiva &#8211; 26 de abril de 2024\n\n\n\n\n\n\n\n\n\n\nActa de verificaci\u00f3n y resoluci\u00f3n de reconsideraciones presentados por los postulantes a estamentos del CAL\n\n\nActa de Resoluci\u00f3n de los Recursos de Tachas Presentadas Contra los Postulantes a Estamentos del CAL\n\n\nActa de Revisi\u00f3n de los Recursos de Reconsideraci\u00f3n de los Postulantes a Estamentos del CAL\n\n\nRelaci\u00f3n de Postulantes Aptos a los Estamentos del CAL y sus respectivos CV&#8217;s\n\n\nActa de verificaci\u00f3n de cumplimiento de requisitos de los postulantes a estamentos del CAL\n\n\nConvocatoria a los Miembros de la Orden Para Participar en el Proceso de Elecci\u00f3n de cargos de Miembros del Comit\u00e9 Electoral, Consejo de \u00c9tica y Comit\u00e9 de Administraci\u00f3n de la Caja de Previsi\u00f3n Social\n\n\nConvocatoria Asamblea General Ordinaria 27 de mayo de 2024\n\n\n\n\n\n\n\n\n\n<div style=\"position: relative; width: 100%; max-width: 1000px; margin: 0 auto;\">\n  <!-- Contenido base que est\u00e1 debajo -->\n  <div style=\"filter: blur(3px); pointer-events: none;\">\n<p style=\"position: relative; width: 100%; max-width: 1000px; margin: 0 auto;\">\n  <!-- Contenido base que est\u00e1 debajo -->\n  <p style=\"filter: blur(3px); pointer-events: none;\">\n<h4><span style=\"color: #000000;\"><strong>GESTI\u00d3N 2022 -2023<\/strong><\/span><\/h4>\n<h5><span style=\"color: #000000;\"><strong>Informes de Gesti\u00f3n 2023<\/strong><\/span><\/h5>\n<ul>\n \t<li><a href=\"https:\/\/www.cal.org.pe\/v1\/wp-content\/uploads\/2023\/10\/VICEDECANATO.pdf?swcfpc=1\" target=\"_blank\" rel=\"noopener\">Vicedecanato<\/a><\/li>\n \t<li><a href=\"https:\/\/www.cal.org.pe\/v1\/wp-content\/uploads\/2023\/10\/SECRETARIA-GENERAL.pdf?swcfpc=1\" target=\"_blank\" rel=\"noopener\">Secretaria General<\/a><\/li>\n \t<li><a href=\"https:\/\/www.cal.org.pe\/v1\/wp-content\/uploads\/2023\/10\/INFORME-DE-GESTION-2023-DIRECCION-DE-ECONOMIA.pdf?swcfpc=1\" target=\"_blank\" rel=\"noopener\">Direcci\u00f3n de Econom\u00eda<\/a>\n<ul>\n \t<li><a href=\"https:\/\/www.cal.org.pe\/v1\/wp-content\/uploads\/2023\/10\/Presupuesto-2024.pdf?swcfpc=1\" target=\"_blank\" rel=\"noopener\">Proyecto de Presupuesto 2024<\/a><\/li>\n<\/ul>\n<\/li>\n \t<li><a href=\"https:\/\/www.cal.org.pe\/v1\/wp-content\/uploads\/2023\/10\/DIRECCION-ACADEMICA-Y-DE-PROMOCION-CULTURAL.pdf?swcfpc=1\" target=\"_blank\" rel=\"noopener\">Direcci\u00f3n de Acad\u00e9mica y de Promoci\u00f3n Cultural<\/a><\/li>\n \t<li><a href=\"https:\/\/www.cal.org.pe\/v1\/wp-content\/uploads\/2023\/10\/DIRECCION-DE-COMISIONES-Y-CONSULTAS.pdf?swcfpc=1\" target=\"_blank\" rel=\"noopener\">Direcci\u00f3n de Comisiones y Consultas<\/a><\/li>\n \t<li><a href=\"https:\/\/www.cal.org.pe\/v1\/wp-content\/uploads\/2023\/10\/DIRECCION-DE-ETICA-PROFESIONAL.pdf?swcfpc=1\" target=\"_blank\" rel=\"noopener\">Direcci\u00f3n&nbsp; \u00c9tica Profesional<\/a><\/li>\n \t<li><a href=\"https:\/\/www.cal.org.pe\/v1\/wp-content\/uploads\/2023\/10\/DIRECCION-DE-DEFENSA-GREMIAL.pdf?swcfpc=1\" target=\"_blank\" rel=\"noopener\">Direcci\u00f3n de Defensa Gremial<\/a><\/li>\n \t<li><a href=\"https:\/\/www.cal.org.pe\/v1\/wp-content\/uploads\/2023\/10\/INFORME-COMUNICACIONES-2023_compressed.pdf?swcfpc=1\" target=\"_blank\" rel=\"noopener\">Direcci\u00f3n de Comunicaciones e Inform\u00e1tica Jur\u00eddica<\/a><\/li>\n \t<li><a href=\"https:\/\/www.cal.org.pe\/v1\/wp-content\/uploads\/2023\/10\/Informe-de-Gestion-de-Bienestar-Social-2023.pdf?swcfpc=1\" target=\"_blank\" rel=\"noopener\">Direcci\u00f3n de Bienestar Social<\/a>\n<ul>\n \t<li><a href=\"https:\/\/www.cal.org.pe\/v1\/wp-content\/uploads\/2023\/10\/Informe-de-Gestion-CPSA-Policlinico-2023.pdf?swcfpc=1\" target=\"_blank\" rel=\"noopener\">Informe de Caja de Previsi\u00f3n Social del Abogado<\/a><\/li>\n<\/ul>\n<\/li>\n \t<li><a href=\"https:\/\/www.cal.org.pe\/v1\/wp-content\/uploads\/2023\/10\/DIRECCION-DE-BIBLIOTECA-Y-CENTRO-DE-DOCUMENTACION.pdf?swcfpc=1\" target=\"_blank\" rel=\"noopener\">Direcci\u00f3n Biblioteca y Centro de Documentaci\u00f3n<\/a><\/li>\n \t<li><a href=\"https:\/\/www.cal.org.pe\/v1\/wp-content\/uploads\/2023\/10\/DIRECCION-DE-EXTENSION-SOCIAL-Y-PARTICIPACION.pdf?swcfpc=1\" target=\"_blank\" rel=\"noopener\">Direcci\u00f3n de Extensi\u00f3n Social y Participaci\u00f3n<\/a><\/li>\n \t<li><a href=\"https:\/\/www.cal.org.pe\/v1\/wp-content\/uploads\/2023\/10\/INFORME-2023-DIRECCION-DE-DERECHOS-HUMANOS-CAL-OCTUBRE-2023-OK.pdf?swcfpc=1\" target=\"_blank\" rel=\"noopener\">Direcci\u00f3n de Derechos Humanos<\/a><\/li>\n \t<li><a href=\"https:\/\/www.cal.org.pe\/v1\/wp-content\/uploads\/2023\/10\/JUNTA-DEVIGILANCIA.pdf?swcfpc=1\" target=\"_blank\" rel=\"noopener\">Junta de Vigilancia<\/a><\/li>\n \t<li><a href=\"https:\/\/www.cal.org.pe\/v1\/wp-content\/uploads\/2023\/10\/COMITE-ELECTORAL.pdf?swcfpc=1\" target=\"_blank\" rel=\"noopener\">Comit\u00e9 Electoral<\/a><\/li>\n<\/ul>\n<h3>Tramites<\/h3>\n<ul>\n \t<li><a href=\"http:\/\/www.cal.org.pe\/archivos_oficiales\/2015\/secretaria_general\/guia-tramite-documentario.pdf?swcfpc=1\" target=\"_blank\" rel=\"noopener noreferrer\">Gu\u00eda de Tramite Documentarlo<\/a><\/li>\n \t<li><a href=\"http:\/\/www.cal.org.pe\/archivos_oficiales\/2015\/secretaria_general\/tasas-administrativas_211014.pdf?swcfpc=1\" target=\"_blank\" rel=\"noopener noreferrer\">Tasas administrativas<\/a><\/li>\n \t<li>Formatos de solicitud (descargar)\n<ul class=\"vineta3\">\n \t<li><a href=\"https:\/\/www.cal.org.pe\/v1\/wp-content\/uploads\/2024\/04\/Fomato-de-Solicitud-Dispensa-de-Cuotas-Ordinarias.pdf?swcfpc=1\" target=\"_blank\" rel=\"noopener noreferrer\">Dispensa de Cuotas Ordinarias<\/a><\/li>\n \t<li><a href=\"https:\/\/www.cal.org.pe\/v1\/wp-content\/uploads\/2024\/04\/Fomato-de-Solicitud-Miembros-Vitalicios-de-la-Orden.pdf?swcfpc=1\" target=\"_blank\" rel=\"noopener noreferrer\">Miembros Vitalicios de la Orden<\/a><\/li>\n \t<li><a href=\"https:\/\/www.cal.org.pe\/v1\/wp-content\/uploads\/2024\/04\/Fomato-de-Solicitud-de-Informes-Constancias.pdf?swcfpc=1\" target=\"_blank\" rel=\"noopener noreferrer\">Informes \u2013 Constancias<\/a><\/li>\n<\/ul>\n<\/li>\n \t<li><a href=\"https:\/\/www.cal.org.pe\/v1\/wp-content\/uploads\/2014\/08\/Formulario-de-Actualizaci%C3%B3nde-Datos-del-Agremiado.pdf?swcfpc=1\">Actualizaci\u00f3n de ficha de datos del agremiado (registros)<\/a><\/li>\n<\/ul>\n<h3><span style=\"color: #000000;\"><strong>Planes de trabajo 2023<\/strong><\/span><\/h3>\n<ul>\n \t<li><span style=\"color: #000000;\"><a style=\"color: #000000;\" href=\"https:\/\/www.cal.org.pe\/v1\/wp-content\/uploads\/2023\/03\/Plan-de-Trabajo-Vicedecanato-2023-ok.pdf?swcfpc=1\" target=\"_blank\" rel=\"noopener\">Vicedecanato<\/a><\/span><\/li>\n \t<li><span style=\"color: #000000;\"><a style=\"color: #000000;\" href=\"https:\/\/www.cal.org.pe\/v1\/wp-content\/uploads\/2023\/03\/SECRETARIA-GENERAL.pdf?swcfpc=1\" target=\"_blank\" rel=\"noopener\">Secretaria General<\/a><\/span><\/li>\n \t<li><span style=\"color: #000000;\"><a style=\"color: #000000;\" href=\"https:\/\/www.cal.org.pe\/v1\/wp-content\/uploads\/2023\/03\/DIRECCION-DE-ECONOMIA-1.pdf?swcfpc=1\" target=\"_blank\" rel=\"noopener\">Direcci\u00f3n de Econom\u00eda<\/a><\/span><\/li>\n \t<li><span style=\"color: #000000;\"><a style=\"color: #000000;\" href=\"https:\/\/www.cal.org.pe\/v1\/wp-content\/uploads\/2023\/03\/DIRECCION-ACADEMICA-Y-DE-PROMOCION-CULTURAL.pdf?swcfpc=1\" target=\"_blank\" rel=\"noopener\">Direcci\u00f3n de Acad\u00e9mica y de Promoci\u00f3n Cultural<\/a><\/span><\/li>\n \t<li><span style=\"color: #000000;\">Direcci\u00f3n de Comisiones y Consultas<\/span><\/li>\n \t<li><span style=\"color: #000000;\"><a style=\"color: #000000;\" href=\"https:\/\/www.cal.org.pe\/v1\/wp-content\/uploads\/2023\/03\/DIRECCION-DE-ETICA-PROFESIONAL.pdf?swcfpc=1\" target=\"_blank\" rel=\"noopener\">Direcci\u00f3n&nbsp; \u00c9tica Profesional<\/a><\/span><\/li>\n \t<li><span style=\"color: #000000;\"><a style=\"color: #000000;\" href=\"https:\/\/www.cal.org.pe\/v1\/wp-content\/uploads\/2023\/03\/PLAN-DE-TRABAJO-2023-DEFENSA-GREMIAL-FINAL-1.pdf?swcfpc=1\" target=\"_blank\" rel=\"noopener\">Direcci\u00f3n de Defensa Gremial<\/a><\/span><\/li>\n \t<li><span style=\"color: #000000;\"><a style=\"color: #000000;\" href=\"https:\/\/www.cal.org.pe\/v1\/wp-content\/uploads\/2023\/03\/DIRECCION-DE-COMUNICACIONES-E-INFORMATICA-JURIDICA.pdf?swcfpc=1\" target=\"_blank\" rel=\"noopener\">Direcci\u00f3n de Comunicaciones e Inform\u00e1tica Jur\u00eddica<\/a><\/span><\/li>\n \t<li><span style=\"color: #000000;\"><a style=\"color: #000000;\" href=\"https:\/\/www.cal.org.pe\/v1\/wp-content\/uploads\/2023\/03\/DIRECCION-DE-BIENESTAR-SOCIAL.pdf?swcfpc=1\" target=\"_blank\" rel=\"noopener\">Direcci\u00f3n de Bienestar Social<\/a><\/span><\/li>\n \t<li><span style=\"color: #000000;\"><a style=\"color: #000000;\" href=\"https:\/\/www.cal.org.pe\/v1\/wp-content\/uploads\/2023\/03\/DIRECCION-DE-BIBLIOTECA-Y-CENTRO-DE-DOCUMENTACION.pdf?swcfpc=1\" target=\"_blank\" rel=\"noopener\">Direcci\u00f3n Biblioteca y Centro Documentario<\/a><\/span><\/li>\n \t<li><span style=\"color: #000000;\"><a style=\"color: #000000;\" href=\"https:\/\/www.cal.org.pe\/v1\/wp-content\/uploads\/2023\/03\/DIRECCION-DE-EXTENSION-SOCIAL-Y-PARTICIPACION.pdf?swcfpc=1\" target=\"_blank\" rel=\"noopener\">Direcci\u00f3n de Extensi\u00f3n Social y Participaci\u00f3n<\/a><\/span><\/li>\n \t<li><span style=\"color: #000000;\"><a style=\"color: #000000;\" href=\"https:\/\/www.cal.org.pe\/v1\/wp-content\/uploads\/2023\/03\/PLAN-DE-TRABAJO-DIRECCION-DE-DERECHOS-HUMANOS-2023.pdf?swcfpc=1\" target=\"_blank\" rel=\"noopener\">Direcci\u00f3n de Derechos Humanos<\/a><\/span><\/li>\n \t<li><span style=\"color: #000000;\"><a style=\"color: #000000;\" href=\"https:\/\/www.cal.org.pe\/v1\/wp-content\/uploads\/2023\/03\/JUNTA-DE-VIGILANCIA.pdf?swcfpc=1\" target=\"_blank\" rel=\"noopener\">Junta de Vigilancia<\/a><\/span><\/li>\n<\/ul>\n<h3><span style=\"color: #000000;\"><strong>Informes de Gesti\u00f3n 2022\n<\/strong><\/span><\/h3>\n<ul>\n \t<li><a href=\"https:\/\/www.cal.org.pe\/v1\/wp-content\/uploads\/2022\/10\/Informe-de-Gestion-_Vicedecanato-3.pdf?swcfpc=1\" target=\"_blank\" rel=\"noopener\"><span style=\"color: #000000;\">Informe de gesti\u00f3n Vice Decanato<\/span><\/a><\/li>\n \t<li><span style=\"color: #000000;\"><a style=\"color: #000000;\" href=\"https:\/\/www.cal.org.pe\/v1\/wp-content\/uploads\/2022\/10\/Informe-de-Gestion_Secretaria-General.pdf?swcfpc=1\" target=\"_blank\" rel=\"noopener\">Informe de gesti\u00f3n Secretaria General<\/a><\/span><\/li>\n \t<li><span style=\"color: #000000;\"><a style=\"color: #000000;\" href=\"https:\/\/www.cal.org.pe\/v1\/wp-content\/uploads\/2022\/10\/Informe-de-Gestion_Direccion-de-Economia-1.pdf?swcfpc=1\" target=\"_blank\" rel=\"noopener\">Informe de gesti\u00f3n Direcci\u00f3n de Econom\u00eda<\/a><\/span><\/li>\n \t<li><a href=\"https:\/\/www.cal.org.pe\/v1\/wp-content\/uploads\/2022\/10\/Proyecto-de-Presupuesto-2023_Colegio-de-Abogados-de-Lima.pdf?swcfpc=1\" target=\"_blank\" rel=\"noopener\"><span style=\"color: #000000;\">Proyecto de Presupuesto 2023<\/span><\/a><\/li>\n \t<li><span style=\"color: #000000;\"><a style=\"color: #000000;\" href=\"https:\/\/www.cal.org.pe\/v1\/wp-content\/uploads\/2022\/10\/Informe-de-Gestion_Direccion-Academica-y-de-Promocion-Cultural.pdf?swcfpc=1\" target=\"_blank\" rel=\"noopener\">Informe de gesti\u00f3n Direcci\u00f3n de Acad\u00e9mica y de Promoci\u00f3n Cultural<\/a><\/span><\/li>\n \t<li><span style=\"color: #000000;\"><a style=\"color: #000000;\" href=\"https:\/\/www.cal.org.pe\/v1\/wp-content\/uploads\/2022\/10\/Informe-de-Gestion_Direccion-de-Comisiones-y-Consultas.pdf?swcfpc=1\" target=\"_blank\" rel=\"noopener\">Informe de gesti\u00f3n Direcci\u00f3n de Comisiones y Consultas<\/a><\/span><\/li>\n \t<li><span style=\"color: #000000;\"><a style=\"color: #000000;\" href=\"https:\/\/www.cal.org.pe\/v1\/wp-content\/uploads\/2022\/10\/Informe-de-Gestion_Direccion-de-Etica-Profesional.pdf?swcfpc=1\" target=\"_blank\" rel=\"noopener\">Informe de gesti\u00f3n de la Direcci\u00f3n&nbsp; \u00c9tica Profesional<\/a><\/span><\/li>\n \t<li><span style=\"color: #000000;\"><a style=\"color: #000000;\" href=\"https:\/\/www.cal.org.pe\/v1\/wp-content\/uploads\/2022\/10\/Informe-de-Gestion_Direccion-de-Defensa-Gremial.pdf?swcfpc=1\" target=\"_blank\" rel=\"noopener\">Informe de gesti\u00f3n de la Direcci\u00f3n de Defensa Gremial<\/a><\/span><\/li>\n \t<li><span style=\"color: #000000;\"><a style=\"color: #000000;\" href=\"https:\/\/www.cal.org.pe\/v1\/wp-content\/uploads\/2022\/10\/Informe-de-Gestion_Direccion-de-Comunicaciones-e-Informatica-Juridica.pdf?swcfpc=1\" target=\"_blank\" rel=\"noopener\">Informe de gesti\u00f3n Direcci\u00f3n de Comunicaciones e Inform\u00e1tica Jur\u00eddica<\/a><\/span><\/li>\n \t<li><span style=\"color: #000000;\"><a style=\"color: #000000;\" href=\"https:\/\/www.cal.org.pe\/v1\/wp-content\/uploads\/2022\/10\/Informe-de-Gestion_Direccion-de-Bienestar-Social.pdf?swcfpc=1\" target=\"_blank\" rel=\"noopener\">Informe de gesti\u00f3n de la Direcci\u00f3n de Bienestar Social CPSA<\/a><\/span><\/li>\n \t<li><span style=\"color: #000000;\"><a style=\"color: #000000;\" href=\"https:\/\/www.cal.org.pe\/v1\/wp-content\/uploads\/2022\/10\/Informe-de-Gestion_Direccion-de-Biblioteca-y-Centro-de-Documentacion.pdf?swcfpc=1\" target=\"_blank\" rel=\"noopener\">Informe de gesti\u00f3n de la Direcci\u00f3n Biblioteca y Centro Documentario<\/a><\/span><\/li>\n \t<li><span style=\"color: #000000;\"><a style=\"color: #000000;\" href=\"https:\/\/www.cal.org.pe\/v1\/wp-content\/uploads\/2022\/10\/Informe-de-Gestion_-Direccion-de-Extension-Social.pdf?swcfpc=1\" target=\"_blank\" rel=\"noopener\">Informe de gesti\u00f3n de la Direcci\u00f3n de Extensi\u00f3n Social y Participaci\u00f3n<\/a><\/span><\/li>\n \t<li><span style=\"color: #000000;\"><a style=\"color: #000000;\" href=\"https:\/\/www.cal.org.pe\/v1\/wp-content\/uploads\/2022\/10\/INFORME-DE-GESTION-OCTUBRE-2022..pdf?swcfpc=1\" target=\"_blank\" rel=\"noopener\">Informe de gesti\u00f3n de la Direcci\u00f3n de Derechos Humanos<\/a><\/span><\/li>\n \t<li><span style=\"color: #000000;\"><a style=\"color: #000000;\" href=\"https:\/\/www.cal.org.pe\/v1\/wp-content\/uploads\/2022\/10\/Informe-de-Gestion_Junta-de-Vigilancia.pdf?swcfpc=1\" target=\"_blank\" rel=\"noopener\">Informe de gesti\u00f3n Junta de Vigilancia<\/a><\/span><\/li>\n<\/ul>\n<span style=\"color: #000000;\"><strong>Planes de Trabajo<\/strong><\/span>\n<ul>\n \t<li><span style=\"color: #000000;\"><a style=\"color: #000000;\" href=\"https:\/\/www.cal.org.pe\/v1\/wp-content\/uploads\/2022\/08\/SECRETARIA-GENERAL.pdf?swcfpc=1\">Informe 100 d\u00edas de gesti\u00f3n&nbsp;<\/a><\/span><\/li>\n<\/ul>\n<\/p>\n<ul>\n \t<li><span style=\"color: #000000;\"><a style=\"color: #000000;\" href=\"https:\/\/www.cal.org.pe\/v1\/planes-de-trabajo-2022\/?swcfpc=1\" target=\"_blank\" rel=\"noopener\">Planes de Trabajo de las Direcciones y Junta de Vigilancia<\/a><\/span><\/li>\n<\/ul>\n<\/p>\n<p class=\"wpb_raw_code wpb_content_element wpb_raw_html\">\n<span style=\"color: #000000;\"><strong>Actas de Asamblea 2024<\/strong><\/span>\n<p class=\"wpb_wrapper\">\n<ul>\n \t<li><a href=\"https:\/\/www.cal.org.pe\/v1\/wp-content\/uploads\/2024\/04\/Acta-Asamble-General-Extraordinaria_-27.03.24.pdf?swcfpc=1\" target=\"_blank\" rel=\"noopener\">Acta de Asamblea General Extraordinaria 27 de marzo de 2024<\/a><\/li>\n \t<li><a href=\"https:\/\/www.cal.org.pe\/v1\/wp-content\/uploads\/2024\/03\/Acta-de-Asamble-General-Extraordinaria_19.03.24_Ratificacion-de-modificacion-de-Estatuto.pdf?swcfpc=1\" target=\"_blank\" rel=\"noopener\">Acta de Asamblea General Extraordinaria 19 de marzo de 2024<\/a><\/li>\n \t<li><a href=\"https:\/\/www.cal.org.pe\/v1\/wp-content\/uploads\/2024\/03\/Acta-de-Asamblea-General-Extraordinaria-11.03.24.pdf?swcfpc=1\" target=\"_blank\" rel=\"noopener\">Acta de Asamblea General Extraordinaria 11 de marzo de 2024<\/a><\/li>\n \t<li><a href=\"https:\/\/www.cal.org.pe\/v1\/wp-content\/uploads\/2024\/03\/Acta-de-Asamblea-General-Extraordinaria-08.03.24-continuacion-del-15.02.24.pdf?swcfpc=1\" target=\"_blank\" rel=\"noopener\">Acta de Asamblea General Extraordinaria 8 de marzo de 2024<\/a><\/li>\n<\/ul>\n<strong>Actas de Asamblea Gesti\u00f3n 2022-2023<\/strong>\n<ul>\n \t<li><a href=\"https:\/\/www.cal.org.pe\/v1\/wp-content\/uploads\/2024\/01\/SKMBT_36324010812090.pdf?swcfpc=1\" target=\"_blank\" rel=\"noopener\">Acta de Asamblea General Extraordinaria 27 de diciembre de 2023<\/a><\/li>\n \t<li><a href=\"https:\/\/www.cal.org.pe\/v1\/wp-content\/uploads\/2023\/12\/Acta-Asamblea-General-Ordinaria-21.12.23-continuacion-del-16.11.23_Mociones.pdf?swcfpc=1\" target=\"_blank\" rel=\"noopener\">Acta Asamblea General Ordinaria 21 de diciembre de 2023<\/a><\/li>\n \t<li><a href=\"https:\/\/www.cal.org.pe\/v1\/wp-content\/uploads\/2023\/12\/Acta-Asamblea-General-Extraordinaria-21.12.23_Ratificacion-de-Modificacion_Estatuto.pdf?swcfpc=1\" target=\"_blank\" rel=\"noopener\">Acta Asamblea General Extraordinaria 21 de diciembre de 2023<\/a><\/li>\n \t<li><a href=\"https:\/\/www.cal.org.pe\/v1\/wp-content\/uploads\/2023\/12\/Acta-Asamblea-General-Extraordinaria_-20.12.23_Conformacion-de-comisiones.pdf?swcfpc=1\" target=\"_blank\" rel=\"noopener\">Acta Asamblea General Extraordinaria 20 de diciembre de 2023<\/a><\/li>\n \t<li><a href=\"https:\/\/www.cal.org.pe\/v1\/wp-content\/uploads\/2023\/12\/Acta-Asamblea-General-Extraordinaria-11.12.23_Modificacion-del-Estatuto.pdf?swcfpc=1\" target=\"_blank\" rel=\"noopener\">Acta Asamblea General Extraordinaria 11 de diciembre de 2023<\/a><\/li>\n \t<li><a href=\"https:\/\/www.cal.org.pe\/v1\/wp-content\/uploads\/2023\/12\/Acta-Asamblea-General-Ordinaria-16.11.23-continuacion-del-26.10.23.pdf?swcfpc=1\" target=\"_blank\" rel=\"noopener\">Acta Asamblea General Ordinaria 16 de noviembre de 2023<\/a><\/li>\n \t<li><a href=\"https:\/\/www.cal.org.pe\/v1\/wp-content\/uploads\/2024\/03\/AGE_-27_09_2023.pdf?swcfpc=1\" target=\"_blank\" rel=\"noopener\">Acta Asamblea General Ordinaria 27 de septiembre de 2023<\/a><\/li>\n \t<li><a href=\"https:\/\/www.cal.org.pe\/v1\/wp-content\/uploads\/2023\/09\/Acta-Asamblea-General-Extraordinaria-19.09.2023.pdf?swcfpc=1\" target=\"_blank\" rel=\"noopener\">Acta de Asamblea General Extraordinaria 19 de septiembre de 2023<\/a><\/li>\n \t<li><a href=\"https:\/\/www.cal.org.pe\/v1\/wp-content\/uploads\/2023\/09\/Acta-AGE-01.09.2023.pdf?swcfpc=1\" target=\"_blank\" rel=\"noopener\">Acta de Asamblea General Extraordinaria 1 de septiembre 2023<\/a><\/li>\n \t<li><a href=\"https:\/\/www.cal.org.pe\/v1\/wp-content\/uploads\/2023\/09\/Acta-AGE-09.08.2023.pdf?swcfpc=1\" target=\"_blank\" rel=\"noopener\">Acta de Asamblea General Extraordinaria 9 de agosto 2023<\/a><\/li>\n \t<li><a href=\"https:\/\/www.cal.org.pe\/v1\/wp-content\/uploads\/2023\/09\/Acta-Asamblea-General-Extraordinaria-del-08-de-junio-de-2023.pdf?swcfpc=1\" target=\"_blank\" rel=\"noopener\">Acta de Asamblea General Extraordinaria 8 de junio 2023<\/a><\/li>\n \t<li><a href=\"https:\/\/www.cal.org.pe\/v1\/wp-content\/uploads\/2023\/05\/Acta-Asamblea-General-Ordinaria-19.05.2023-continuacion-28.02.23.pdf?swcfpc=1\" target=\"_blank\" rel=\"noopener\"><span style=\"color: #000000;\">Acta Asamblea General Ordinaria 19 de mayo de 2023 (continuaci\u00f3n 28 de febrero de 2023)<\/span><\/a><\/li>\n \t<li><span style=\"color: #000000;\"><a style=\"color: #000000;\" href=\"https:\/\/www.cal.org.pe\/v1\/wp-content\/uploads\/2023\/05\/Asamblea-General-Ordinaria-17.03.23-continuacion-10.03.23.pdf?swcfpc=1\" target=\"_blank\" rel=\"noopener\">Asamblea General Ordinaria 17 de marzo 2023 (continuaci\u00f3n 10 de marzo 2023)<\/a><\/span><\/li>\n \t<li><span style=\"color: #000000;\"><a style=\"color: #000000;\" href=\"https:\/\/www.cal.org.pe\/v1\/wp-content\/uploads\/2023\/05\/Acta-de-Asamblea-General-Ordinaria-10.03.23.pdf?swcfpc=1\" target=\"_blank\" rel=\"noopener\">Acta de Asamblea General Ordinaria 10 de marzo 2023<\/a><\/span><\/li>\n \t<li><a href=\"https:\/\/www.cal.org.pe\/v1\/wp-content\/uploads\/2023\/02\/SKMBT_36323022818210.pdf?swcfpc=1\" target=\"_blank\" rel=\"noopener\">Acta Asamblea General Extraordinaria 20 diciembre de 2022<\/a><\/li>\n \t<li><a style=\"color: #000000;\" href=\"https:\/\/www.cal.org.pe\/v1\/wp-content\/uploads\/2022\/12\/Acta-de-Asamblea-General-Extraordinaria-19.11.22_Continuacion-11.11.2022.pdf?swcfpc=1\" target=\"_blank\" rel=\"noopener\">Acta de Asamblea General Extraordinaria 19 de noviembre de 2022 Continuaci\u00f3n 11 de noviembre de 2022<\/a><\/li>\n \t<li><a href=\"https:\/\/www.cal.org.pe\/v1\/wp-content\/uploads\/2022\/12\/Acta-de-Asamblea-General-Extraordinaria-11.11.2022.pdf?swcfpc=1\" target=\"_blank\" rel=\"noopener\">Acta de Asamblea General Extraordinaria 11 de noviembre de 2022<\/a><\/li>\n \t<li><a href=\"https:\/\/www.cal.org.pe\/v1\/wp-content\/uploads\/2022\/12\/Acta-de-Asamblea-General-Ordinaria_18.11.22_Continuacion-21.10.22.pdf?swcfpc=1\" target=\"_blank\" rel=\"noopener\">Acta de Asamblea General Ordinaria 18 de noviembre de 2022 Continuaci\u00f3n 21 de octubre de 2022<\/a><\/li>\n \t<li><a href=\"https:\/\/www.cal.org.pe\/v1\/wp-content\/uploads\/2022\/12\/Acta-de-Asamblea-General-Ordinaria-21.10.22.pdf?swcfpc=1\" target=\"_blank\" rel=\"noopener\">Acta de Asamblea General Ordinaria 21 de octubre de 2022<\/a><\/li>\n \t<li><a href=\"https:\/\/www.cal.org.pe\/v1\/wp-content\/uploads\/2024\/01\/SKMBT_36324013017510.pdf?swcfpc=1\" target=\"_blank\" rel=\"noopener\">Asamblea General Extraordinaria 08 de octubre del 2022<\/a><\/li>\n \t<li><a href=\"https:\/\/www.cal.org.pe\/v1\/wp-content\/uploads\/2022\/06\/Asamblea-General-Ordinaria-27.05.22.pdf?swcfpc=1\" target=\"_blank\" rel=\"noopener\">Acta de Asamblea General Ordinaria del 27 de mayo del 2022<\/a><\/li>\n<\/ul>\n<\/p>\n<\/p>\n<h3><span style=\"color: #000000;\"><strong>Acuerdos 2022<\/strong><\/span><\/h3>\n<p class=\"wpb_raw_code wpb_content_element wpb_raw_html\">\n<p class=\"wpb_wrapper\">\n<ul>\n \t<li><a href=\"https:\/\/www.cal.org.pe\/v1\/wp-content\/uploads\/2022\/02\/ACUERDO-N%C2%B0-132-ACTA-03-02-2022-CAL-JD-1.pdf?swcfpc=1\" target=\"_blank\" rel=\"noopener\">ACUERDO N\u00b0 132-ACTA-03-02-2022-CAL-JD <\/a><\/li>\n<\/ul>\n<h3><\/h3>\n<h3><span style=\"color: #000000;\">GESTIONES ANTERIORES<\/span><\/h3>\n<h3>Actas de Asambleas Generales<\/h3>\n<ul>\n \t<li><a href=\"https:\/\/www.cal.org.pe\/v1\/wp-content\/uploads\/2022\/02\/Acta-Asamblea-General-Extraordinaria-10.12.21.pdf?swcfpc=1\" target=\"_blank\" rel=\"noopener\"><span style=\"color: #000000;\">Acta de Asamblea General Extraordinaria, del 10 de diciembre del 2021<\/span><\/a><\/li>\n \t<li><span style=\"color: #000000;\"><a style=\"color: #000000;\" href=\"https:\/\/www.cal.org.pe\/v1\/wp-content\/uploads\/2022\/02\/Acta-Asamblea-General-Extraordinaria-30.11.21.pdf?swcfpc=1\" target=\"_blank\" rel=\"noopener\">Acta de Asamblea General Extraordinaria, del 30 de noviembre del 2021<\/a><\/span><\/li>\n \t<li><span style=\"color: #000000;\"><a style=\"color: #000000;\" href=\"https:\/\/www.cal.org.pe\/v1\/wp-content\/uploads\/2022\/02\/Acta-Asamblea-General-Ordinaria-29.10.21.pdf?swcfpc=1\" target=\"_blank\" rel=\"noopener\">Acta de Asamblea General Ordinaria, del 29 de octubre del 2021<\/a><\/span><\/li>\n \t<li><span style=\"color: #000000;\"><a style=\"color: #000000;\" href=\"https:\/\/www.cal.org.pe\/v1\/wp-content\/uploads\/2022\/02\/Acta-de-Asamblea-General-Extraordinaria-30.09.21.pdf?swcfpc=1\" target=\"_blank\" rel=\"noopener\">Acta de Asamblea General Extraordinaria, del 30 de setiembre del 2021<\/a><\/span><\/li>\n \t<li><span style=\"color: #000000;\"><a style=\"color: #000000;\" href=\"https:\/\/www.cal.org.pe\/v1\/wp-content\/uploads\/2022\/02\/Acta-Asamblea-General-Extraordinaria-26.04.21-continuacion-del-06.09.2019.pdf?swcfpc=1\" target=\"_blank\" rel=\"noopener\">Acta de Asamblea General Extraordinaria, de fecha 26 de abril del 2021 (continuaci\u00f3n del 06 de setiembre de 2019)<\/a><\/span><\/li>\n \t<li><span style=\"color: #000000;\"><a style=\"color: #000000;\" href=\"https:\/\/www.cal.org.pe\/v1\/wp-content\/uploads\/2022\/02\/Acta-Asamblea-General-Extraordinaria-25.02.21.pdf?swcfpc=1\" target=\"_blank\" rel=\"noopener\">Acta de Asamblea General Extraordinaria, realizada el 25 de febrero de 2021<\/a><\/span><\/li>\n \t<li><span style=\"color: #000000;\"><a style=\"color: #000000;\" href=\"https:\/\/www.cal.org.pe\/v1\/wp-content\/uploads\/2022\/02\/Acta-Asamblea-General-Ordinaria-30.10.20.pdf?swcfpc=1\" target=\"_blank\" rel=\"noopener\">Acta de Asamblea General Ordinaria, de fecha 30 de octubre del 2020<\/a><\/span><\/li>\n \t<li><span style=\"color: #000000;\"><a style=\"color: #000000;\" href=\"https:\/\/www.cal.org.pe\/v1\/wp-content\/uploads\/2022\/02\/Acta-Asamblea-General-Extraordinaria-16.09.20-continuada-el-17.09.20.pdf?swcfpc=1\" target=\"_blank\" rel=\"noopener\">Acta de Asamblea General Extraordinaria, del 16 de setiembre del 2020<\/a><\/span><\/li>\n<\/ul>\n<h3><span style=\"color: #000000;\">Informes Gesti\u00f3n 2021<\/span><\/h3>\n<ul>\n \t<li><span style=\"color: #000000;\"><a style=\"color: #000000;\" href=\"https:\/\/www.cal.org.pe\/v1\/wp-content\/uploads\/2021\/10\/INFORME-DE-GESTION_Decanato.pdf?swcfpc=1\" target=\"_blank\" rel=\"noopener\">Informe de Gesti\u00f3n Decanato<\/a><\/span><\/li>\n \t<li><span style=\"color: #000000;\"><a style=\"color: #000000;\" href=\"https:\/\/www.cal.org.pe\/v1\/wp-content\/uploads\/2021\/10\/Informe-de-Gestion_Secretaria-General.pdf?swcfpc=1\" target=\"_blank\" rel=\"noopener\">Informe de Gesti\u00f3n Secretar\u00eda General<\/a><\/span><\/li>\n \t<li><span style=\"color: #000000;\"><a style=\"color: #000000;\" href=\"https:\/\/www.cal.org.pe\/v1\/wp-content\/uploads\/2021\/10\/Informe-de-Gestion_Vicedecanato.pdf?swcfpc=1\" target=\"_blank\" rel=\"noopener\">Informe de Gesti\u00f3n_Vice Decanato<\/a><\/span><\/li>\n \t<li><span style=\"color: #000000;\"><a style=\"color: #000000;\" href=\"https:\/\/www.cal.org.pe\/v1\/wp-content\/uploads\/2021\/10\/Informe-de-Gestion_Direccion-de-Economia.pdf?swcfpc=1\" target=\"_blank\" rel=\"noopener\">I<\/a><a style=\"color: #000000;\" href=\"https:\/\/www.cal.org.pe\/v1\/wp-content\/uploads\/2021\/10\/Informe-de-Gestion_Direccion-de-Economia.pdf?swcfpc=1\" target=\"_blank\" rel=\"noopener\">nforme de Gesti\u00f3n_Direcci\u00f3n de Econom\u00eda<\/a> &#8211; <a style=\"color: #000000;\" href=\"https:\/\/www.cal.org.pe\/v1\/wp-content\/uploads\/2021\/10\/PRESUPUESTO-2022-CAL.pdf?swcfpc=1\" target=\"_blank\" rel=\"noopener\">Presupuesto 2022<\/a><\/span><\/li>\n \t<li><span style=\"color: #000000;\"><a style=\"color: #000000;\" href=\"https:\/\/www.cal.org.pe\/v1\/wp-content\/uploads\/2021\/10\/INFORME-GESTION-ACADEMICA.pdf?swcfpc=1\" target=\"_blank\" rel=\"noopener\">Informe de Gesti\u00f3n Direcci\u00f3n Acad\u00e9mica y Promoci\u00f3n Cultural<\/a><\/span><\/li>\n \t<li><span style=\"color: #000000;\"><a style=\"color: #000000;\" href=\"https:\/\/www.cal.org.pe\/v1\/wp-content\/uploads\/2021\/10\/INFORME-GESTION-COMISIONES-Y-CONSULTAS.pdf?swcfpc=1\" target=\"_blank\" rel=\"noopener\">Informe de Comisiones y Consultas<\/a><\/span><\/li>\n \t<li><span style=\"color: #000000;\"><a style=\"color: #000000;\" href=\"https:\/\/www.cal.org.pe\/v1\/wp-content\/uploads\/2021\/10\/INFORME-DE-GESTION_ETICA-PROFESIONAL.pdf?swcfpc=1\" target=\"_blank\" rel=\"noopener\">Informe de Gesti\u00f3n de la Direcci\u00f3n&nbsp; \u00c9tica Profesional<\/a><\/span><\/li>\n \t<li><span style=\"color: #000000;\"><a style=\"color: #000000;\" href=\"https:\/\/www.cal.org.pe\/v1\/wp-content\/uploads\/2021\/10\/Informe-de-Gestion_Defensa-Gremial-1.pdf?swcfpc=1\" target=\"_blank\" rel=\"noopener\">Informe de Gesti\u00f3n de la Direcci\u00f3n de Defensa Gremial<\/a><\/span><\/li>\n \t<li><span style=\"color: #000000;\"><a style=\"color: #000000;\" href=\"https:\/\/www.cal.org.pe\/v1\/wp-content\/uploads\/2021\/10\/Informe-de-Gestion-2021_DIreccion-de-Comunicaciones-e-Informatica-Juridica.pdf?swcfpc=1\" target=\"_blank\" rel=\"noopener\">Informe de Gesti\u00f3n 2021_Direcci\u00f3n de Comunicaciones e Inform\u00e1tica Jur\u00eddica<\/a><\/span><\/li>\n \t<li><span style=\"color: #000000;\"><a style=\"color: #000000;\" href=\"https:\/\/www.cal.org.pe\/v1\/wp-content\/uploads\/2021\/10\/INFORME-DE-GESTION-BIENESTAR-SOCIAL_CPSA_CECAL.pdf?swcfpc=1\" target=\"_blank\" rel=\"noopener\">Informe de Gesti\u00f3n de la Direcci\u00f3n de Bienestar Social CPSA<\/a><\/span><\/li>\n \t<li><span style=\"color: #000000;\"><a style=\"color: #000000;\" href=\"https:\/\/www.cal.org.pe\/v1\/wp-content\/uploads\/2021\/10\/INFORME-DE-GESTION_DIRECCION-DE-BIBLIOTECA-2021.pdf?swcfpc=1\" target=\"_blank\" rel=\"noopener\">Informe de Gesti\u00f3n de la Direcci\u00f3n Biblioteca y Centro Documentario<\/a><\/span><\/li>\n \t<li><span style=\"color: #000000;\"><a style=\"color: #000000;\" href=\"https:\/\/www.cal.org.pe\/v1\/wp-content\/uploads\/2021\/10\/INFORME-DE-GESTION_EXTENSION-SOCIAL-1.pdf?swcfpc=1\" target=\"_blank\" rel=\"noopener\">Informe de Gesti\u00f3n de la Direcci\u00f3n de Extensi\u00f3n Social y Participaci\u00f3n<\/a><\/span><\/li>\n \t<li><span style=\"color: #000000;\"><a style=\"color: #000000;\" href=\"https:\/\/www.cal.org.pe\/v1\/wp-content\/uploads\/2021\/10\/INFORME-DE-GESTION-2021_DDHH.pdf?swcfpc=1\" target=\"_blank\" rel=\"noopener\">Informe de Gesti\u00f3n de la Direcci\u00f3n de Derechos Humanos<\/a><\/span><\/li>\n \t<li><span style=\"color: #000000;\"><a style=\"color: #000000;\" href=\"https:\/\/www.cal.org.pe\/v1\/wp-content\/uploads\/2021\/10\/GESTION-DEL-COMITE-ELECTORAL-PERIODO-2021.pdf?swcfpc=1\" target=\"_blank\" rel=\"noopener\">Informe de Gesti\u00f3n Comit\u00e9 Electoral<\/a><\/span><\/li>\n \t<li><span style=\"color: #000000;\"><a style=\"color: #000000;\" href=\"https:\/\/www.cal.org.pe\/v1\/wp-content\/uploads\/2021\/10\/Informe-de-Gestion-JV-OCTUBRE-2021-2-1.pdf?swcfpc=1\" target=\"_blank\" rel=\"noopener\">Informe de Gesti\u00f3n Junta de Vigilancia<\/a><\/span><\/li>\n<\/ul>\n<h3><span style=\"color: #000000;\">Acuerdo 2021<\/span><\/h3>\n<ul>\n \t<li><span style=\"color: #000000;\"><a style=\"color: #000000;\" href=\"https:\/\/www.cal.org.pe\/v1\/wp-content\/uploads\/2021\/09\/ACUERDO-N%C2%B0-857-10-08-2021-CAL-JD.pdf?swcfpc=1\" target=\"_blank\" rel=\"noopener\">ACUERDO N\u00b0 857-10-08-2021-CAL-JD<\/a><\/span><\/li>\n<\/ul>\n<h3><span style=\"color: #000000;\">Certificaci\u00f3n Secretaria General<\/span><\/h3>\n<ul>\n \t<li><span style=\"color: #000000;\"><a style=\"color: #000000;\" href=\"https:\/\/www.cal.org.pe\/v1\/wp-content\/uploads\/2020\/01\/sec_gen_certifica.pdf?swcfpc=1\" target=\"_blank\" rel=\"noopener noreferrer\">Certificaci\u00f3n en Asamblea General Extraordinaria viernes 03 de enero de 2020<\/a><\/span><\/li>\n<\/ul>\n<h3><span style=\"color: #000000;\">Actas de Asamblea e informes de gesti\u00f3n 2020<\/span><\/h3>\n<ul>\n \t<li><span style=\"color: #000000;\"><a style=\"color: #000000;\" href=\"https:\/\/www.cal.org.pe\/v1\/wp-content\/uploads\/2020\/01\/Acta_Asamblea_General_03_enero_2020.pdf?swcfpc=1\" target=\"_blank\" rel=\"noopener noreferrer\">Asamblea General Extraordinaria viernes 03 de enero de 2020<\/a><\/span><\/li>\n \t<li><span style=\"color: #000000;\"><a style=\"color: #000000;\" href=\"https:\/\/www.cal.org.pe\/v1\/?page_id=40060&amp;swcfpc=1\" target=\"_blank\" rel=\"noopener\">Informes de Gesti\u00f3n 2020<\/a><\/span><\/li>\n<\/ul>\n<h3><span style=\"color: #000000;\">Actas de Asamblea y otros 2019<\/span><\/h3>\n<ul>\n \t<li><span style=\"color: #000000;\"><a style=\"color: #000000;\" href=\"https:\/\/www.cal.org.pe\/v1\/wp-content\/uploads\/2020\/01\/ASAMBLEA_GENERAL_EXTRAORDINARIA_06_DICIEMBRE_2019.pdf?swcfpc=1\" target=\"_blank\" rel=\"noopener noreferrer\">Asamblea General Extraordinaria viernes 06 de diciembre de 2019<\/a><\/span><\/li>\n \t<li><span style=\"color: #000000;\"><a style=\"color: #000000;\" href=\"https:\/\/www.cal.org.pe\/v1\/wp-content\/uploads\/2020\/01\/ACUERDO_1058_ACTA_26_12_2019_CAL.pdf?swcfpc=1\" target=\"_blank\" rel=\"noopener noreferrer\">Acuerdo Tomado en Otorgar Descuento del 15% por el Pago Anual de Cuotas Ordinarias y Servicio de Notificaciones Judiciales<\/a><\/span><\/li>\n \t<li><span style=\"color: #000000;\"><a style=\"color: #000000;\" href=\"https:\/\/www.cal.org.pe\/v1\/informes-de-gestion-de-la-junta-directiva-y-estamentos\/?swcfpc=1\" target=\"_blank\" rel=\"noopener noreferrer\">Informes de Gesti\u00f3n 2019<\/a><\/span><\/li>\n \t<li><span style=\"color: #000000;\"><a style=\"color: #000000;\" href=\"https:\/\/www.cal.org.pe\/v1\/planes-de-trabajo-2019\/?swcfpc=1\">Plan de trabajo 2019 de todas las Direcciones<\/a><\/span><\/li>\n \t<li><span style=\"color: #000000;\"><a style=\"color: #000000;\" href=\"https:\/\/www.cal.org.pe\/v1\/wp-content\/uploads\/2019\/05\/Acta-de-Asamblea-General-Ordinaria-11.03.19.pdf?swcfpc=1\">Asamblea General Ordinaria lunes 11 de marzo de 2019.<\/a><\/span><\/li>\n \t<li><span style=\"color: #000000;\"><a style=\"color: #000000;\" href=\"https:\/\/www.cal.org.pe\/v1\/wp-content\/uploads\/2019\/08\/ACTA-DE-ASAMBLEA-GENERAL-EXTRAORDINARIA-DE-FECHA-28-DE-JUNIO-DEL-2019.pdf?swcfpc=1\">Asamblea General Extraordinaria viernes 28 de junio de 2019.<\/a><\/span><\/li>\n \t<li><span style=\"color: #000000;\"><a style=\"color: #000000;\" href=\"https:\/\/www.cal.org.pe\/v1\/wp-content\/uploads\/2019\/09\/ACTA-ASAMBLEA-GENERAL-EXTRAORDINARIA.pdf?swcfpc=1\" target=\"_blank\" rel=\"noopener noreferrer\">Asamblea General Extraordinaria viernes 16 de agosto de 2019<\/a><\/span><\/li>\n \t<li><span style=\"color: #000000;\"><a style=\"color: #000000;\" href=\"https:\/\/www.cal.org.pe\/v1\/wp-content\/uploads\/2019\/12\/Nuevo-Comite-Electoral-Designado-en-Asamblea-Extraordinaria.pdf?swcfpc=1\" target=\"_blank\" rel=\"noopener noreferrer\">Acuerdo Tomado en Asamblea General Extraordinaria \u2013 Separaci\u00f3n de Integrantes del Comit\u00e9 Electoral<\/a><\/span><\/li>\n<\/ul>\n<h3><span style=\"color: #000000;\">Actas de Asamblea 2018<\/span><\/h3>\n<ul>\n \t<li><span style=\"color: #000000;\"><a style=\"color: #000000;\" href=\"https:\/\/www.cal.org.pe\/v1\/wp-content\/uploads\/2019\/01\/Acta-Asamblea-General-Ordinaria-04.01.19-continuaci%C3%B3n.pdf?swcfpc=1\">Asamblea General Ordinaria Viernes 04 de enero de 2019 &#8211; continuaci\u00f3n del 31 de Octubre de 2018<\/a>.<\/span><\/li>\n \t<li><span style=\"color: #000000;\"><a style=\"color: #000000;\" href=\"https:\/\/www.cal.org.pe\/v1\/wp-content\/uploads\/2019\/01\/Acta-Asamblea-General-Ordinaria-31.10.18.pdf?swcfpc=1\">Asamblea General Ordinaria Mi\u00e9rcoles 31 de Octubre&nbsp; de 2018<\/a><\/span><\/li>\n \t<li><span style=\"color: #000000;\"><a style=\"color: #000000;\" href=\"https:\/\/www.cal.org.pe\/v1\/wp-content\/uploads\/2018\/05\/asamblea-extraordinaria.pdf?swcfpc=1\" target=\"_blank\" rel=\"noopener noreferrer\">Asamblea General Ordinaria Martes 17 de Abril&nbsp; de 2018<\/a><\/span><\/li>\n \t<li><span style=\"color: #000000;\"><a style=\"color: #000000;\" href=\"https:\/\/www.cal.org.pe\/v1\/wp-content\/uploads\/2018\/04\/asamblea.pdf?swcfpc=1\">Asamblea General Ordinaria S\u00e1bado 10 de Marzo&nbsp; de 2018<\/a><\/span><\/li>\n \t<li><span style=\"color: #000000;\"><a style=\"color: #000000;\" href=\"https:\/\/www.cal.org.pe\/v1\/wp-content\/uploads\/2018\/03\/Acta-Asamblea-Ordinaria-23.02.18.pdf?swcfpc=1\" target=\"_blank\" rel=\"noopener noreferrer\">Asamblea General Ordinaria Viernes 23 de Febrero de 2018<\/a><\/span><\/li>\n \t<li><span style=\"color: #000000;\"><a style=\"color: #000000;\" href=\"https:\/\/www.cal.org.pe\/v1\/planes-de-trabajo-2018\/?swcfpc=1\" target=\"_blank\" rel=\"noopener noreferrer\">Planes de Trabajo 2018 de todas las Direcciones<\/a><\/span><\/li>\n \t<li><span style=\"color: #000000;\"><a style=\"color: #000000;\" href=\"https:\/\/www.cal.org.pe\/v1\/wp-content\/uploads\/2018\/03\/Plan-de-Trabajo-de-Secretaria-General.pdf?swcfpc=1\" target=\"_blank\" rel=\"noopener noreferrer\">Plan de trabajo de Secretaria General 2018<\/a><\/span><\/li>\n \t<li><span style=\"color: #000000;\"><a style=\"color: #000000;\" href=\"https:\/\/www.cal.org.pe\/v1\/informes-de-gestion-2018\/?swcfpc=1\">Informes de Gesti\u00f3n 2018<\/a><\/span><\/li>\n \t<li><span style=\"color: #000000;\"><a style=\"color: #000000;\" href=\"https:\/\/www.cal.org.pe\/v1\/wp-content\/uploads\/2018\/10\/Proyecto-de-Presupuesto-Institucional.pdf?swcfpc=1\">Proyecto de Presupuesto Institucional 2019<\/a><\/span><\/li>\n \t<li><span style=\"color: #000000;\"><a style=\"color: #000000;\" href=\"https:\/\/www.cal.org.pe\/v1\/wp-content\/uploads\/2018\/12\/TUPA-CAL.pdf?swcfpc=1\" target=\"_blank\" rel=\"noopener noreferrer\">Texto \u00danico de Procedimientos Administrativos &#8211; TUPA<\/a><\/span><\/li>\n<\/ul>\n<\/p>\n<p class=\"vc_row wpb_row vc_inner vc_row-fluid\">\n<p class=\"vc_col-sm-12 wpb_column vc_column_container \">\n<p class=\"wpb_wrapper\">\n<p class=\"wpb_raw_code wpb_content_element wpb_raw_html\">\n<div class=\"wpb_wrapper\"><\/div>\n<\/p>\n<\/p>\n<\/p>\n<\/p>\n<div class=\"vc_row wpb_row vc_inner vc_row-fluid\">\n<div class=\"vc_col-sm-8 wpb_column vc_column_container \">\n<div class=\"wpb_wrapper\">\n<div class=\"wpb_raw_code wpb_content_element wpb_raw_html\">\n<div class=\"wpb_wrapper\">\n<h3><span style=\"color: #000000;\">Horario de atenci\u00f3n:<\/span><\/h3>\n<ul class=\"vineta2\">\n \t<li><span style=\"color: #000000;\">Direcci\u00f3n Secretar\u00eda General De lunes a viernes de 09:00 a.m. &#8211; 06:00 p.m. Tel\u00e9fono: 710-6627<\/span><\/li>\n \t<li><span style=\"color: #000000;\">Oficina De Registros De lunes a viernes de 08:00 a.m. &#8211; 05:00 p.m. Tel\u00e9fonos: 710-6673 y 710-6687<\/span><\/li>\n \t<li><span style=\"color: #000000;\">Mesa de Partes Virtual de lunes a viernes de 08:00 a.m. &#8211; 05:00 p.m. Tel\u00e9fono: 710-6620<\/span><\/li>\n \t<li><span style=\"color: #000000;\">Informes de lunes a viernes de 08:00 a.m. &#8211; 05:00 p.m. Tel\u00e9fono: 710-6600<\/span><\/li>\n<\/ul>\n<\/div>\n<\/div>\n<\/div>\n<\/div>\n<\/div>\n<div class=\"wpb_raw_code wpb_content_element wpb_raw_html\">\n<div class=\"wpb_wrapper\">\n<h3><span style=\"color: #000000;\">Gesti\u00f3n 2017<\/span><\/h3>\n<ul>\n \t<li><span style=\"color: #000000;\"><a style=\"color: #000000;\" href=\"https:\/\/www.cal.org.pe\/v1\/planes-de-trabajo-2017-2\/?swcfpc=1\" target=\"_blank\" rel=\"noopener noreferrer\">Planes de Trabajo 2017 de todas las Direcciones<\/a><\/span><\/li>\n \t<li><span style=\"color: #000000;\"><a style=\"color: #000000;\" href=\"https:\/\/www.cal.org.pe\/v1\/informe-de-gestion-2017\/?swcfpc=1\">Informe de Gesti\u00f3n 2017<\/a><\/span><\/li>\n \t<li><span style=\"color: #000000;\"><a style=\"font-size: inherit; color: #000000;\" href=\"https:\/\/www.cal.org.pe\/v1\/wp-content\/uploads\/2014\/08\/Presupuesto-institucional.pdf?swcfpc=1\" target=\"_blank\" rel=\"noopener noreferrer\">Presupuesto Institucional 2017<\/a><\/span><\/li>\n \t<li><span style=\"color: #000000;\"><a style=\"color: #000000;\" href=\"https:\/\/www.cal.org.pe\/v1\/actas-de-asambleas-2017\/?swcfpc=1\">Actas de Asambleas 2017<\/a><\/span><\/li>\n<\/ul>\n<h3 style=\"text-align: left;\"><span style=\"color: #000000;\">Gesti\u00f3n 2016<\/span><\/h3>\n<ul>\n \t<li><span style=\"color: #000000;\"><a style=\"color: #000000;\" href=\"https:\/\/www.cal.org.pe\/v1\/?p=9458&amp;swcfpc=1\" target=\"_blank\" rel=\"noopener noreferrer\">Planes de Trabajo 2016 de todas las Direcciones<\/a><\/span><\/li>\n \t<li><span style=\"color: #000000;\"><a style=\"color: #000000;\" href=\"https:\/\/www.cal.org.pe\/v1\/?p=13746&amp;swcfpc=1\" target=\"_blank\" rel=\"noopener noreferrer\">Informes de Gesti\u00f3n 2016<\/a><\/span><\/li>\n \t<li><span style=\"color: #000000;\"><a style=\"color: #000000;\" href=\"http:\/\/www.cal.org.pe\/archivos_oficiales\/2015\/secretaria_general\/PRESUPUESTO_2016.pdf?swcfpc=1\" target=\"_blank\" rel=\"noopener noreferrer\">Presupuesto Institucional 2016<\/a><\/span><\/li>\n \t<li><span style=\"color: #000000;\"><a style=\"color: #000000;\" href=\"https:\/\/www.cal.org.pe\/v1\/actas-de-asambleas-2016\/?swcfpc=1\">Actas de Asambleas 2016<\/a><\/span><\/li>\n<\/ul>\n<\/div>\n<h3><\/h3>\n<div class=\"wpb_wrapper\">\n<ul class=\"vineta2\">\n \t<li><span style=\"color: #000000;\"><a style=\"color: #000000;\" href=\"https:\/\/www.cal.org.pe\/v1\/secretaria-general\/actas-de-asamblea-general\/?swcfpc=1\">Actas de Asamblea General<\/a><\/span><\/li>\n \t<li><span style=\"color: #000000;\"><a style=\"color: #000000;\" href=\"https:\/\/www.cal.org.pe\/v1\/secretaria-general\/acuerdos-de-junta-directiva\/?swcfpc=1\">Acuerdos de Junta Directiva&nbsp;<\/a><\/span><\/li>\n \t<li><span style=\"color: #000000;\"><a style=\"color: #000000;\" href=\"https:\/\/www.cal.org.pe\/v1\/planes-de-trabajo\/?swcfpc=1\" target=\"_blank\" rel=\"noopener noreferrer\">Planes de Trabajo<\/a><\/span><\/li>\n \t<li><span style=\"color: #000000;\"><a style=\"color: #000000;\" href=\"https:\/\/www.cal.org.pe\/v1\/secretaria-general\/reglamentos-internos-del-cal\/?swcfpc=1\">Reglamentos Internos<\/a><\/span><\/li>\n \t<li><span style=\"color: #000000;\"><a style=\"color: #000000;\" href=\"http:\/\/www.cal.org.pe\/archivos_oficiales\/2015\/secretaria_general\/compendio_normas_institucionales.pdf?swcfpc=1\" target=\"_blank\" rel=\"noopener noreferrer\">Compendio de Normas Institucionales (Estatuto &#8211; C\u00f3digo de \u00c9tica del Abogado y su Reglamento &#8211; Reglamento de Asambleas)<\/a><\/span><\/li><\/ul><\/div><\/div><\/p>\n<\/div>\n  <!-- Imagen superpuesta -->\n  <img decoding=\"async\" src=\"https:\/\/www.cal.org.pe\/v1\/wp-content\/uploads\/2025\/07\/CONSTRU.png\"\n       alt=\"En construcci\u00f3n\"\n       style=\"position: absolute; top: 50%; left: 50%;\n              transform: translate(-50%, -50%);\n              width: 80%; max-width: 500px;\n              z-index: 10;\" \/>\n<\/div>\n\n\n<div class=\"wpb_raw_code wpb_content_element wpb_raw_html\"><div class=\"wpb_wrapper\"><div><div><\/div><\/div><ul class=\"vineta2\">\n \t<li><span style=\"color: #000000;\"><a style=\"color: #000000;\" href=\"https:\/\/www.cal.org.pe\/v1\/?p=7349&amp;swcfpc=1\" target=\"_blank\" rel=\"noopener noreferrer\">Informes De Gesti\u00f3n 2015<\/a><\/span><\/li>\n \t<li><span style=\"color: #000000;\"><a style=\"color: #000000;\" href=\"http:\/\/www.cal.org.pe\/archivos_oficiales\/2015\/secretaria_general\/plan-trabajo-direcciones-2015\/Presupuesto_2015.xls?swcfpc=1\" target=\"_blank\" rel=\"noopener noreferrer\">Presupuesto 2015<\/a><\/span><\/li>\n<\/ul>\n\n<\/div>\n\n  <!-- Imagen superpuesta -->\n  <img decoding=\"async\" src=\"https:\/\/www.cal.org.pe\/v1\/wp-content\/uploads\/2025\/07\/CONSTRU.png\" alt=\"En construcci\u00f3n\" style=\"position: absolute; top: 10%; left: 50%;\n              transform: translate(-50%, -50%);\n              width: 80%; max-width: 500px;\n              z-index: 10;\">\n<\/div>\n\n\n<div class=\"wpb_raw_code wpb_content_element wpb_raw_html\"><div class=\"wpb_wrapper\"><div><br><\/div><\/div><\/div>\n\n\n<div class=\"wpb_raw_code wpb_content_element wpb_raw_html\"><div class=\"wpb_wrapper\"><div><br><\/div><\/div><\/div>\n\n\n\n\n\n\n\n<p>Lorem Ipsum has been the industry&#8217;s standard dummy text ever since the 1500s.<\/p>\n\n\n\n\n\n\n\n\n\n\n<h4>P\u00fablicaciones relacionadas<\/h4>\n\n\n\n\n\n\n\n","protected":false},"excerpt":{"rendered":"","protected":false},"author":1,"featured_media":0,"parent":0,"menu_order":0,"comment_status":"closed","ping_status":"closed","template":"","meta":{"pagelayer_contact_templates":[],"_pagelayer_content":"","footnotes":""},"class_list":["post-327","page","type-page","status-publish","hentry"],"rttpg_featured_image_url":null,"rttpg_author":{"display_name":"Prensa","author_link":"https:\/\/www.cal.org.pe\/v1\/author\/alexsoriano1234live-com\/"},"rttpg_comment":0,"rttpg_category":null,"rttpg_excerpt":null,"_links":{"self":[{"href":"https:\/\/www.cal.org.pe\/v1\/wp-json\/wp\/v2\/pages\/327","targetHints":{"allow":["GET"]}}],"collection":[{"href":"https:\/\/www.cal.org.pe\/v1\/wp-json\/wp\/v2\/pages"}],"about":[{"href":"https:\/\/www.cal.org.pe\/v1\/wp-json\/wp\/v2\/types\/page"}],"author":[{"embeddable":true,"href":"https:\/\/www.cal.org.pe\/v1\/wp-json\/wp\/v2\/users\/1"}],"replies":[{"embeddable":true,"href":"https:\/\/www.cal.org.pe\/v1\/wp-json\/wp\/v2\/comments?post=327"}],"version-history":[{"count":78,"href":"https:\/\/www.cal.org.pe\/v1\/wp-json\/wp\/v2\/pages\/327\/revisions"}],"predecessor-version":[{"id":91421,"href":"https:\/\/www.cal.org.pe\/v1\/wp-json\/wp\/v2\/pages\/327\/revisions\/91421"}],"wp:attachment":[{"href":"https:\/\/www.cal.org.pe\/v1\/wp-json\/wp\/v2\/media?parent=327"}],"curies":[{"name":"wp","href":"https:\/\/api.w.org\/{rel}","templated":true}]}}